{"id":17803,"date":"2025-04-02T09:37:02","date_gmt":"2025-04-02T09:37:02","guid":{"rendered":"https:\/\/www.eggo.be\/?post_type=cuisines&#038;p=17803"},"modified":"2025-06-13T14:54:29","modified_gmt":"2025-06-13T14:54:29","slug":"la-cuisine-dalicia-et-eliot","status":"publish","type":"cuisines","link":"https:\/\/www.eggo.be\/fr\/cuisines\/cuisine-contemporaines\/la-cuisine-dalicia-et-eliot\/","title":{"rendered":"La cuisine d&rsquo;Alicia et Eliot"},"content":{"rendered":"","protected":false},"excerpt":{"rendered":"","protected":false},"featured_media":17807,"comment_status":"closed","ping_status":"closed","template":"","cuisines_category":[96],"cuisines_tag":[],"post_type_filter":[143],"eggo_style_tags":[],"eggo_color_tags":[140,63],"eggo_material_and_finishes_tags":[],"eggo_price_range_tags":[79],"eggo_price_range_tags_21":[236],"class_list":["post-17803","cuisines","type-cuisines","status-publish","has-post-thumbnail","hentry","cuisines_category-cuisine-contemporaines","post_type_filter-cuisine","eggo_color_tags-bois","eggo_color_tags-noir","eggo_price_range_tags-inferieur-a-6-000e","eggo_price_range_tags_21-inferieur-a-6-000e"],"yoast_head":"<!-- This site is optimized with the Yoast SEO Premium plugin v26.2 (Yoast SEO v27.4) - https:\/\/yoast.com\/product\/yoast-seo-premium-wordpress\/ -->\n<title>La cuisine d&#039;Alicia et Eliot - Eggo<\/title>\n<meta name=\"robots\" content=\"index, follow, max-snippet:-1, max-image-preview:large, max-video-preview:-1\" \/>\n<link rel=\"canonical\" href=\"https:\/\/www.eggo.be\/fr\/cuisines\/cuisine-contemporaines\/la-cuisine-dalicia-et-eliot\/\" \/>\n<meta property=\"og:locale\" content=\"fr_FR\" \/>\n<meta property=\"og:type\" content=\"article\" \/>\n<meta property=\"og:title\" content=\"La cuisine d&#039;Alicia et Eliot\" \/>\n<meta property=\"og:url\" content=\"https:\/\/www.eggo.be\/fr\/cuisines\/cuisine-contemporaines\/la-cuisine-dalicia-et-eliot\/\" \/>\n<meta property=\"og:site_name\" content=\"Eggo\" \/>\n<meta property=\"article:publisher\" content=\"https:\/\/www.facebook.com\/eggokitchen\" \/>\n<meta property=\"article:modified_time\" content=\"2025-06-13T14:54:29+00:00\" \/>\n<meta property=\"og:image\" content=\"https:\/\/www.eggo.be\/wp-content\/uploads\/2025\/04\/miysis_3d_eggo_1421_variante_wip03-scaled.jpg\" \/>\n\t<meta property=\"og:image:width\" content=\"2048\" \/>\n\t<meta property=\"og:image:height\" content=\"1152\" \/>\n\t<meta property=\"og:image:type\" content=\"image\/jpeg\" \/>\n<meta name=\"twitter:card\" content=\"summary_large_image\" \/>\n<meta name=\"twitter:label1\" content=\"Dur\u00e9e de lecture estim\u00e9e\" \/>\n\t<meta name=\"twitter:data1\" content=\"1 minute\" \/>\n<script type=\"application\/ld+json\" class=\"yoast-schema-graph\">{\"@context\":\"https:\\\/\\\/schema.org\",\"@graph\":[{\"@type\":\"WebPage\",\"@id\":\"https:\\\/\\\/www.eggo.be\\\/fr\\\/cuisines\\\/cuisine-contemporaines\\\/la-cuisine-dalicia-et-eliot\\\/\",\"url\":\"https:\\\/\\\/www.eggo.be\\\/fr\\\/cuisines\\\/cuisine-contemporaines\\\/la-cuisine-dalicia-et-eliot\\\/\",\"name\":\"La cuisine d'Alicia et Eliot - Eggo\",\"isPartOf\":{\"@id\":\"https:\\\/\\\/www.eggo.be\\\/fr\\\/#website\"},\"primaryImageOfPage\":{\"@id\":\"https:\\\/\\\/www.eggo.be\\\/fr\\\/cuisines\\\/cuisine-contemporaines\\\/la-cuisine-dalicia-et-eliot\\\/#primaryimage\"},\"image\":{\"@id\":\"https:\\\/\\\/www.eggo.be\\\/fr\\\/cuisines\\\/cuisine-contemporaines\\\/la-cuisine-dalicia-et-eliot\\\/#primaryimage\"},\"thumbnailUrl\":\"https:\\\/\\\/www.eggo.be\\\/wp-content\\\/uploads\\\/2025\\\/04\\\/miysis_3d_eggo_1421_variante_wip03-scaled.jpg\",\"datePublished\":\"2025-04-02T09:37:02+00:00\",\"dateModified\":\"2025-06-13T14:54:29+00:00\",\"breadcrumb\":{\"@id\":\"https:\\\/\\\/www.eggo.be\\\/fr\\\/cuisines\\\/cuisine-contemporaines\\\/la-cuisine-dalicia-et-eliot\\\/#breadcrumb\"},\"inLanguage\":\"fr-FR\",\"potentialAction\":[{\"@type\":\"ReadAction\",\"target\":[\"https:\\\/\\\/www.eggo.be\\\/fr\\\/cuisines\\\/cuisine-contemporaines\\\/la-cuisine-dalicia-et-eliot\\\/\"]}]},{\"@type\":\"ImageObject\",\"inLanguage\":\"fr-FR\",\"@id\":\"https:\\\/\\\/www.eggo.be\\\/fr\\\/cuisines\\\/cuisine-contemporaines\\\/la-cuisine-dalicia-et-eliot\\\/#primaryimage\",\"url\":\"https:\\\/\\\/www.eggo.be\\\/wp-content\\\/uploads\\\/2025\\\/04\\\/miysis_3d_eggo_1421_variante_wip03-scaled.jpg\",\"contentUrl\":\"https:\\\/\\\/www.eggo.be\\\/wp-content\\\/uploads\\\/2025\\\/04\\\/miysis_3d_eggo_1421_variante_wip03-scaled.jpg\",\"width\":2048,\"height\":1152,\"caption\":\"Cuisine moderne avec placards noirs et bois, four int\u00e9gr\u00e9, table avec ordinateur portable, chaise grise, escalier en arri\u00e8re-plan.\"},{\"@type\":\"BreadcrumbList\",\"@id\":\"https:\\\/\\\/www.eggo.be\\\/fr\\\/cuisines\\\/cuisine-contemporaines\\\/la-cuisine-dalicia-et-eliot\\\/#breadcrumb\",\"itemListElement\":[{\"@type\":\"ListItem\",\"position\":1,\"name\":\"Home\",\"item\":\"https:\\\/\\\/www.eggo.be\\\/fr\\\/\"},{\"@type\":\"ListItem\",\"position\":2,\"name\":\"Cuisine\",\"item\":\"https:\\\/\\\/www.eggo.be\\\/fr\\\/cuisines\\\/\"},{\"@type\":\"ListItem\",\"position\":3,\"name\":\"La cuisine d&rsquo;Alicia et Eliot\"}]},{\"@type\":\"WebSite\",\"@id\":\"https:\\\/\\\/www.eggo.be\\\/fr\\\/#website\",\"url\":\"https:\\\/\\\/www.eggo.be\\\/fr\\\/\",\"name\":\"\u00e8ggo\",\"description\":\"\",\"publisher\":{\"@id\":\"https:\\\/\\\/www.eggo.be\\\/fr\\\/#organization\"},\"potentialAction\":[{\"@type\":\"SearchAction\",\"target\":{\"@type\":\"EntryPoint\",\"urlTemplate\":\"https:\\\/\\\/www.eggo.be\\\/fr\\\/?s={search_term_string}\"},\"query-input\":{\"@type\":\"PropertyValueSpecification\",\"valueRequired\":true,\"valueName\":\"search_term_string\"}}],\"inLanguage\":\"fr-FR\"},{\"@type\":[\"Organization\",\"Place\"],\"@id\":\"https:\\\/\\\/www.eggo.be\\\/fr\\\/#organization\",\"name\":\"\u00e8ggo\",\"alternateName\":\"eggo\",\"url\":\"https:\\\/\\\/www.eggo.be\\\/fr\\\/\",\"logo\":{\"@id\":\"https:\\\/\\\/www.eggo.be\\\/fr\\\/cuisines\\\/cuisine-contemporaines\\\/la-cuisine-dalicia-et-eliot\\\/#local-main-organization-logo\"},\"image\":{\"@id\":\"https:\\\/\\\/www.eggo.be\\\/fr\\\/cuisines\\\/cuisine-contemporaines\\\/la-cuisine-dalicia-et-eliot\\\/#local-main-organization-logo\"},\"sameAs\":[\"https:\\\/\\\/www.facebook.com\\\/eggokitchen\",\"https:\\\/\\\/www.linkedin.com\\\/company\\\/eggo\\\/\"],\"description\":\"Des cuisines et meubles de rangement de qualit\u00e9 \u00e0 des prix avantageux ! D\u00e9couvrez nos mod\u00e8les et prenez rendez-vous en ligne dans votre showroom \u00e8ggo.\",\"telephone\":[],\"openingHoursSpecification\":[{\"@type\":\"OpeningHoursSpecification\",\"dayOfWeek\":[\"Monday\",\"Tuesday\",\"Wednesday\",\"Thursday\",\"Friday\",\"Saturday\",\"Sunday\"],\"opens\":\"09:00\",\"closes\":\"17:00\"}]},{\"@type\":\"ImageObject\",\"inLanguage\":\"fr-FR\",\"@id\":\"https:\\\/\\\/www.eggo.be\\\/fr\\\/cuisines\\\/cuisine-contemporaines\\\/la-cuisine-dalicia-et-eliot\\\/#local-main-organization-logo\",\"url\":\"https:\\\/\\\/www.eggo.be\\\/wp-content\\\/uploads\\\/2025\\\/01\\\/Logo.png\",\"contentUrl\":\"https:\\\/\\\/www.eggo.be\\\/wp-content\\\/uploads\\\/2025\\\/01\\\/Logo.png\",\"width\":88,\"height\":88,\"caption\":\"\u00e8ggo\"}]}<\/script>\n<!-- \/ Yoast SEO Premium plugin. -->","yoast_head_json":{"title":"La cuisine d'Alicia et Eliot - Eggo","robots":{"index":"index","follow":"follow","max-snippet":"max-snippet:-1","max-image-preview":"max-image-preview:large","max-video-preview":"max-video-preview:-1"},"canonical":"https:\/\/www.eggo.be\/fr\/cuisines\/cuisine-contemporaines\/la-cuisine-dalicia-et-eliot\/","og_locale":"fr_FR","og_type":"article","og_title":"La cuisine d'Alicia et Eliot","og_url":"https:\/\/www.eggo.be\/fr\/cuisines\/cuisine-contemporaines\/la-cuisine-dalicia-et-eliot\/","og_site_name":"Eggo","article_publisher":"https:\/\/www.facebook.com\/eggokitchen","article_modified_time":"2025-06-13T14:54:29+00:00","og_image":[{"width":2048,"height":1152,"url":"https:\/\/www.eggo.be\/wp-content\/uploads\/2025\/04\/miysis_3d_eggo_1421_variante_wip03-scaled.jpg","type":"image\/jpeg"}],"twitter_card":"summary_large_image","twitter_misc":{"Dur\u00e9e de lecture estim\u00e9e":"1 minute"},"schema":{"@context":"https:\/\/schema.org","@graph":[{"@type":"WebPage","@id":"https:\/\/www.eggo.be\/fr\/cuisines\/cuisine-contemporaines\/la-cuisine-dalicia-et-eliot\/","url":"https:\/\/www.eggo.be\/fr\/cuisines\/cuisine-contemporaines\/la-cuisine-dalicia-et-eliot\/","name":"La cuisine d'Alicia et Eliot - Eggo","isPartOf":{"@id":"https:\/\/www.eggo.be\/fr\/#website"},"primaryImageOfPage":{"@id":"https:\/\/www.eggo.be\/fr\/cuisines\/cuisine-contemporaines\/la-cuisine-dalicia-et-eliot\/#primaryimage"},"image":{"@id":"https:\/\/www.eggo.be\/fr\/cuisines\/cuisine-contemporaines\/la-cuisine-dalicia-et-eliot\/#primaryimage"},"thumbnailUrl":"https:\/\/www.eggo.be\/wp-content\/uploads\/2025\/04\/miysis_3d_eggo_1421_variante_wip03-scaled.jpg","datePublished":"2025-04-02T09:37:02+00:00","dateModified":"2025-06-13T14:54:29+00:00","breadcrumb":{"@id":"https:\/\/www.eggo.be\/fr\/cuisines\/cuisine-contemporaines\/la-cuisine-dalicia-et-eliot\/#breadcrumb"},"inLanguage":"fr-FR","potentialAction":[{"@type":"ReadAction","target":["https:\/\/www.eggo.be\/fr\/cuisines\/cuisine-contemporaines\/la-cuisine-dalicia-et-eliot\/"]}]},{"@type":"ImageObject","inLanguage":"fr-FR","@id":"https:\/\/www.eggo.be\/fr\/cuisines\/cuisine-contemporaines\/la-cuisine-dalicia-et-eliot\/#primaryimage","url":"https:\/\/www.eggo.be\/wp-content\/uploads\/2025\/04\/miysis_3d_eggo_1421_variante_wip03-scaled.jpg","contentUrl":"https:\/\/www.eggo.be\/wp-content\/uploads\/2025\/04\/miysis_3d_eggo_1421_variante_wip03-scaled.jpg","width":2048,"height":1152,"caption":"Cuisine moderne avec placards noirs et bois, four int\u00e9gr\u00e9, table avec ordinateur portable, chaise grise, escalier en arri\u00e8re-plan."},{"@type":"BreadcrumbList","@id":"https:\/\/www.eggo.be\/fr\/cuisines\/cuisine-contemporaines\/la-cuisine-dalicia-et-eliot\/#breadcrumb","itemListElement":[{"@type":"ListItem","position":1,"name":"Home","item":"https:\/\/www.eggo.be\/fr\/"},{"@type":"ListItem","position":2,"name":"Cuisine","item":"https:\/\/www.eggo.be\/fr\/cuisines\/"},{"@type":"ListItem","position":3,"name":"La cuisine d&rsquo;Alicia et Eliot"}]},{"@type":"WebSite","@id":"https:\/\/www.eggo.be\/fr\/#website","url":"https:\/\/www.eggo.be\/fr\/","name":"\u00e8ggo","description":"","publisher":{"@id":"https:\/\/www.eggo.be\/fr\/#organization"},"potentialAction":[{"@type":"SearchAction","target":{"@type":"EntryPoint","urlTemplate":"https:\/\/www.eggo.be\/fr\/?s={search_term_string}"},"query-input":{"@type":"PropertyValueSpecification","valueRequired":true,"valueName":"search_term_string"}}],"inLanguage":"fr-FR"},{"@type":["Organization","Place"],"@id":"https:\/\/www.eggo.be\/fr\/#organization","name":"\u00e8ggo","alternateName":"eggo","url":"https:\/\/www.eggo.be\/fr\/","logo":{"@id":"https:\/\/www.eggo.be\/fr\/cuisines\/cuisine-contemporaines\/la-cuisine-dalicia-et-eliot\/#local-main-organization-logo"},"image":{"@id":"https:\/\/www.eggo.be\/fr\/cuisines\/cuisine-contemporaines\/la-cuisine-dalicia-et-eliot\/#local-main-organization-logo"},"sameAs":["https:\/\/www.facebook.com\/eggokitchen","https:\/\/www.linkedin.com\/company\/eggo\/"],"description":"Des cuisines et meubles de rangement de qualit\u00e9 \u00e0 des prix avantageux ! D\u00e9couvrez nos mod\u00e8les et prenez rendez-vous en ligne dans votre showroom \u00e8ggo.","telephone":[],"openingHoursSpecification":[{"@type":"OpeningHoursSpecification","dayOfWeek":["Monday","Tuesday","Wednesday","Thursday","Friday","Saturday","Sunday"],"opens":"09:00","closes":"17:00"}]},{"@type":"ImageObject","inLanguage":"fr-FR","@id":"https:\/\/www.eggo.be\/fr\/cuisines\/cuisine-contemporaines\/la-cuisine-dalicia-et-eliot\/#local-main-organization-logo","url":"https:\/\/www.eggo.be\/wp-content\/uploads\/2025\/01\/Logo.png","contentUrl":"https:\/\/www.eggo.be\/wp-content\/uploads\/2025\/01\/Logo.png","width":88,"height":88,"caption":"\u00e8ggo"}]}},"custom_meta":{"colors":[{"color":"#000000","name":"Unnamed Color","layouts":[{"name":"Unnamed Layout","layout_style_icon":"","layout_image":"","hotspots":[{"_state":"expanded","tooltip_details":{"tooltip_image":""}}]}]}]},"meta_box":{"normal_price":"","price_tva_6":"","price_tva_21":"","discounted_price":"","discounted_price_tva_6":"4590.00","discounted_price_tva_21":"4968","text_information_side_panel":"","included_in_price_side_panel":"","included_price_items":[{"included_icon":["23002"],"included_text":"Meubles","included_price":"2.476 \u20ac","included_price_21":"2.842 \u20ac"},{"included_icon":["2043"],"included_text":"\u00c9lectrom\u00e9nagers et sanitaires  ","included_price":"2.114 \u20ac","included_price_21":"2.126 \u20ac"}],"show_secondary_items":"1","secondary_included_title":"En option - Service Qualit\u00e9 by \u00e8ggo","included_price_items_secondary":[{"included_icon_secondary":["8962"],"included_text_secondary":"Mesurage, livraison et installation: on s'occupe de tout","included_price_21_secondary":"903\u20ac"}],"banner_short_description":"<strong>Optimisation de l'espace et style ma\u00eetris\u00e9 : la cuisine \u00e8ggo d'Alicia et Eliot<\/strong><br>\r\nDans leur appartement, Alicia et Eliot avaient besoin d\u2019une cuisine compacte, mais sans renoncer \u00e0 l\u2019esth\u00e9tique. Ils voulaient un espace \u00e9pur\u00e9, bien organis\u00e9, et surtout agr\u00e9able \u00e0 vivre au quotidien. Ils ont opt\u00e9 pour un four sous le plan de travail, pratique et discret, et une hotte invisible, qui s\u2019efface pour laisser toute la place \u00e0 un design sobre et ma\u00eetris\u00e9. Pour donner du caract\u00e8re \u00e0 l\u2019ensemble, ils ont mis\u00e9 sur des fa\u00e7ades bicolores, lui apportant une vraie personnalit\u00e9. Avec \u00e8ggo et son design accessible, ils ont con\u00e7u une cuisine \u00e0 la fois styl\u00e9e et parfaitement adapt\u00e9e \u00e0 leur espace.","banner_pdf_url":"","promotion_title":"Profitez de nos promotions du mois","post_promotion_description":"\u00c8ggo la marque belge du design accessible !","promotion_discount":"","linked_promotion":[],"linked_partners":[],"linked_showroom":[],"exhibition_selected":"0","exhibition_more_information_title":"","exhibition_model_detail_title":"","your_advantage":"","promotion_toggle":"0","small_featured_promotion_toggle":"0","promotion_icon":[],"promotion_description":"","promotion_period":"","promotion_link":"","promotion_bg_color":"#ffffff","promotion_text_color":"#fe5000","custom_colors":[{"layouts":[{"hotspots":[{"_state":"expanded"}],"_state":"expanded"}],"_state":"empty"}],"featured_image_hotspots":[],"read_more_content":"","override_widget_settings":"0","show_post_expanded":"0","show_post_title":"0","show_like":"0","show_configuration":"0","show_price":"0","show_old_price":"0","show_eggo_category":"0","show_popup":"0","show_promotion":"0","show_hotspots":"0","responsive_height":"500","responsive_height_tablet":"500","responsive_height_mobile":"500","show_direction_vertical":"0","show_direction_vertical_tablet":"0","show_direction_vertical_mobile":"0","popup_title":"Une cuisine qui vous ressemble","popup_excerpt":"Il y a toujours une cuisine \u00e8ggo au design bien pens\u00e9 pour accueillir toute la famille","popup_cta_text":"D\u00e9couvrir nos cuisines","popup_cta_link":"https:\/\/www.eggo.be\/fr\/cuisine\/","post_title_position_center":"0","title_position_x":"18","title_position_y":"18","title_font_size":"18","hotspots":[{"hotspot_position_x":"50","hotspot_position_y":"50","_state":"expanded"}]},"_links":{"self":[{"href":"https:\/\/www.eggo.be\/fr\/wp-json\/wp\/v2\/cuisines\/17803","targetHints":{"allow":["GET"]}}],"collection":[{"href":"https:\/\/www.eggo.be\/fr\/wp-json\/wp\/v2\/cuisines"}],"about":[{"href":"https:\/\/www.eggo.be\/fr\/wp-json\/wp\/v2\/types\/cuisines"}],"replies":[{"embeddable":true,"href":"https:\/\/www.eggo.be\/fr\/wp-json\/wp\/v2\/comments?post=17803"}],"version-history":[{"count":1,"href":"https:\/\/www.eggo.be\/fr\/wp-json\/wp\/v2\/cuisines\/17803\/revisions"}],"predecessor-version":[{"id":17809,"href":"https:\/\/www.eggo.be\/fr\/wp-json\/wp\/v2\/cuisines\/17803\/revisions\/17809"}],"wp:featuredmedia":[{"embeddable":true,"href":"https:\/\/www.eggo.be\/fr\/wp-json\/wp\/v2\/media\/17807"}],"wp:attachment":[{"href":"https:\/\/www.eggo.be\/fr\/wp-json\/wp\/v2\/media?parent=17803"}],"wp:term":[{"taxonomy":"cuisines_category","embeddable":true,"href":"https:\/\/www.eggo.be\/fr\/wp-json\/wp\/v2\/cuisines_category?post=17803"},{"taxonomy":"cuisines_tag","embeddable":true,"href":"https:\/\/www.eggo.be\/fr\/wp-json\/wp\/v2\/cuisines_tag?post=17803"},{"taxonomy":"post_type_filter","embeddable":true,"href":"https:\/\/www.eggo.be\/fr\/wp-json\/wp\/v2\/post_type_filter?post=17803"},{"taxonomy":"eggo_style_tags","embeddable":true,"href":"https:\/\/www.eggo.be\/fr\/wp-json\/wp\/v2\/eggo_style_tags?post=17803"},{"taxonomy":"eggo_color_tags","embeddable":true,"href":"https:\/\/www.eggo.be\/fr\/wp-json\/wp\/v2\/eggo_color_tags?post=17803"},{"taxonomy":"eggo_material_and_finishes_tags","embeddable":true,"href":"https:\/\/www.eggo.be\/fr\/wp-json\/wp\/v2\/eggo_material_and_finishes_tags?post=17803"},{"taxonomy":"eggo_price_range_tags","embeddable":true,"href":"https:\/\/www.eggo.be\/fr\/wp-json\/wp\/v2\/eggo_price_range_tags?post=17803"},{"taxonomy":"eggo_price_range_tags_21","embeddable":true,"href":"https:\/\/www.eggo.be\/fr\/wp-json\/wp\/v2\/eggo_price_range_tags_21?post=17803"}],"curies":[{"name":"wp","href":"https:\/\/api.w.org\/{rel}","templated":true}]}}