{"id":45212,"date":"2026-03-05T13:47:53","date_gmt":"2026-03-05T13:47:53","guid":{"rendered":"https:\/\/www.eggo.be\/?post_type=cuisines&#038;p=45212"},"modified":"2026-03-05T13:51:48","modified_gmt":"2026-03-05T13:51:48","slug":"la-cuisine-de-sandrine-et-didier","status":"publish","type":"cuisines","link":"https:\/\/www.eggo.be\/fr\/cuisines\/cuisine-contemporaines\/la-cuisine-de-sandrine-et-didier\/","title":{"rendered":"La cuisine de Sandrine et Didier"},"content":{"rendered":"","protected":false},"excerpt":{"rendered":"","protected":false},"featured_media":45214,"comment_status":"closed","ping_status":"closed","template":"","cuisines_category":[96],"cuisines_tag":[],"post_type_filter":[143],"eggo_style_tags":[],"eggo_color_tags":[140,65],"eggo_material_and_finishes_tags":[],"eggo_price_range_tags":[80],"eggo_price_range_tags_21":[235],"class_list":["post-45212","cuisines","type-cuisines","status-publish","has-post-thumbnail","hentry","cuisines_category-cuisine-contemporaines","post_type_filter-cuisine","eggo_color_tags-bois","eggo_color_tags-vert","eggo_price_range_tags-entre-6-000e-et-8-000e","eggo_price_range_tags_21-entre-8-000e-et-10-000e"],"yoast_head":"<!-- This site is optimized with the Yoast SEO Premium plugin v26.2 (Yoast SEO v27.4) - https:\/\/yoast.com\/product\/yoast-seo-premium-wordpress\/ -->\n<title>La cuisine de Sandrine et Didier - Eggo<\/title>\n<meta name=\"description\" content=\"D\u00e9couvrez la cuisine de Barbara : un espace lumineux, moderne et fonctionnel pens\u00e9 pour conjuguer design et praticit\u00e9.\" \/>\n<meta name=\"robots\" content=\"index, follow, max-snippet:-1, max-image-preview:large, max-video-preview:-1\" \/>\n<link rel=\"canonical\" href=\"https:\/\/www.eggo.be\/fr\/cuisines\/cuisine-contemporaines\/la-cuisine-de-sandrine-et-didier\/\" \/>\n<meta property=\"og:locale\" content=\"fr_FR\" \/>\n<meta property=\"og:type\" content=\"article\" \/>\n<meta property=\"og:title\" content=\"La cuisine de Sandrine et Didier\" \/>\n<meta property=\"og:description\" content=\"D\u00e9couvrez la cuisine de Barbara : un espace lumineux, moderne et fonctionnel pens\u00e9 pour conjuguer design et praticit\u00e9.\" \/>\n<meta property=\"og:url\" content=\"https:\/\/www.eggo.be\/fr\/cuisines\/cuisine-contemporaines\/la-cuisine-de-sandrine-et-didier\/\" \/>\n<meta property=\"og:site_name\" content=\"Eggo\" \/>\n<meta property=\"article:publisher\" content=\"https:\/\/www.facebook.com\/eggokitchen\" \/>\n<meta property=\"article:modified_time\" content=\"2026-03-05T13:51:48+00:00\" \/>\n<meta property=\"og:image\" content=\"https:\/\/www.eggo.be\/wp-content\/uploads\/2026\/03\/header-life.jpg\" \/>\n\t<meta property=\"og:image:width\" content=\"2048\" \/>\n\t<meta property=\"og:image:height\" content=\"1174\" \/>\n\t<meta property=\"og:image:type\" content=\"image\/jpeg\" \/>\n<meta name=\"twitter:card\" content=\"summary_large_image\" \/>\n<meta name=\"twitter:label1\" content=\"Dur\u00e9e de lecture estim\u00e9e\" \/>\n\t<meta name=\"twitter:data1\" content=\"1 minute\" \/>\n<script type=\"application\/ld+json\" class=\"yoast-schema-graph\">{\"@context\":\"https:\\\/\\\/schema.org\",\"@graph\":[{\"@type\":\"WebPage\",\"@id\":\"https:\\\/\\\/www.eggo.be\\\/fr\\\/cuisines\\\/cuisine-contemporaines\\\/la-cuisine-de-sandrine-et-didier\\\/\",\"url\":\"https:\\\/\\\/www.eggo.be\\\/fr\\\/cuisines\\\/cuisine-contemporaines\\\/la-cuisine-de-sandrine-et-didier\\\/\",\"name\":\"La cuisine de Sandrine et Didier - Eggo\",\"isPartOf\":{\"@id\":\"https:\\\/\\\/www.eggo.be\\\/fr\\\/#website\"},\"primaryImageOfPage\":{\"@id\":\"https:\\\/\\\/www.eggo.be\\\/fr\\\/cuisines\\\/cuisine-contemporaines\\\/la-cuisine-de-sandrine-et-didier\\\/#primaryimage\"},\"image\":{\"@id\":\"https:\\\/\\\/www.eggo.be\\\/fr\\\/cuisines\\\/cuisine-contemporaines\\\/la-cuisine-de-sandrine-et-didier\\\/#primaryimage\"},\"thumbnailUrl\":\"https:\\\/\\\/www.eggo.be\\\/wp-content\\\/uploads\\\/2026\\\/03\\\/header-life.jpg\",\"datePublished\":\"2026-03-05T13:47:53+00:00\",\"dateModified\":\"2026-03-05T13:51:48+00:00\",\"description\":\"D\u00e9couvrez la cuisine de Barbara : un espace lumineux, moderne et fonctionnel pens\u00e9 pour conjuguer design et praticit\u00e9.\",\"breadcrumb\":{\"@id\":\"https:\\\/\\\/www.eggo.be\\\/fr\\\/cuisines\\\/cuisine-contemporaines\\\/la-cuisine-de-sandrine-et-didier\\\/#breadcrumb\"},\"inLanguage\":\"fr-FR\",\"potentialAction\":[{\"@type\":\"ReadAction\",\"target\":[\"https:\\\/\\\/www.eggo.be\\\/fr\\\/cuisines\\\/cuisine-contemporaines\\\/la-cuisine-de-sandrine-et-didier\\\/\"]}]},{\"@type\":\"ImageObject\",\"inLanguage\":\"fr-FR\",\"@id\":\"https:\\\/\\\/www.eggo.be\\\/fr\\\/cuisines\\\/cuisine-contemporaines\\\/la-cuisine-de-sandrine-et-didier\\\/#primaryimage\",\"url\":\"https:\\\/\\\/www.eggo.be\\\/wp-content\\\/uploads\\\/2026\\\/03\\\/header-life.jpg\",\"contentUrl\":\"https:\\\/\\\/www.eggo.be\\\/wp-content\\\/uploads\\\/2026\\\/03\\\/header-life.jpg\",\"width\":2048,\"height\":1174,\"caption\":\"Cuisine life avec fa\u00e7ades senso en mat\u00e9riaux recyclables\"},{\"@type\":\"BreadcrumbList\",\"@id\":\"https:\\\/\\\/www.eggo.be\\\/fr\\\/cuisines\\\/cuisine-contemporaines\\\/la-cuisine-de-sandrine-et-didier\\\/#breadcrumb\",\"itemListElement\":[{\"@type\":\"ListItem\",\"position\":1,\"name\":\"Home\",\"item\":\"https:\\\/\\\/www.eggo.be\\\/fr\\\/\"},{\"@type\":\"ListItem\",\"position\":2,\"name\":\"Cuisine\",\"item\":\"https:\\\/\\\/www.eggo.be\\\/fr\\\/cuisines\\\/\"},{\"@type\":\"ListItem\",\"position\":3,\"name\":\"La cuisine de Sandrine et Didier\"}]},{\"@type\":\"WebSite\",\"@id\":\"https:\\\/\\\/www.eggo.be\\\/fr\\\/#website\",\"url\":\"https:\\\/\\\/www.eggo.be\\\/fr\\\/\",\"name\":\"\u00e8ggo\",\"description\":\"\",\"publisher\":{\"@id\":\"https:\\\/\\\/www.eggo.be\\\/fr\\\/#organization\"},\"potentialAction\":[{\"@type\":\"SearchAction\",\"target\":{\"@type\":\"EntryPoint\",\"urlTemplate\":\"https:\\\/\\\/www.eggo.be\\\/fr\\\/?s={search_term_string}\"},\"query-input\":{\"@type\":\"PropertyValueSpecification\",\"valueRequired\":true,\"valueName\":\"search_term_string\"}}],\"inLanguage\":\"fr-FR\"},{\"@type\":[\"Organization\",\"Place\"],\"@id\":\"https:\\\/\\\/www.eggo.be\\\/fr\\\/#organization\",\"name\":\"\u00e8ggo\",\"alternateName\":\"eggo\",\"url\":\"https:\\\/\\\/www.eggo.be\\\/fr\\\/\",\"logo\":{\"@id\":\"https:\\\/\\\/www.eggo.be\\\/fr\\\/cuisines\\\/cuisine-contemporaines\\\/la-cuisine-de-sandrine-et-didier\\\/#local-main-organization-logo\"},\"image\":{\"@id\":\"https:\\\/\\\/www.eggo.be\\\/fr\\\/cuisines\\\/cuisine-contemporaines\\\/la-cuisine-de-sandrine-et-didier\\\/#local-main-organization-logo\"},\"sameAs\":[\"https:\\\/\\\/www.facebook.com\\\/eggokitchen\",\"https:\\\/\\\/www.linkedin.com\\\/company\\\/eggo\\\/\"],\"description\":\"Des cuisines et meubles de rangement de qualit\u00e9 \u00e0 des prix avantageux ! D\u00e9couvrez nos mod\u00e8les et prenez rendez-vous en ligne dans votre showroom \u00e8ggo.\",\"telephone\":[],\"openingHoursSpecification\":[{\"@type\":\"OpeningHoursSpecification\",\"dayOfWeek\":[\"Monday\",\"Tuesday\",\"Wednesday\",\"Thursday\",\"Friday\",\"Saturday\",\"Sunday\"],\"opens\":\"09:00\",\"closes\":\"17:00\"}]},{\"@type\":\"ImageObject\",\"inLanguage\":\"fr-FR\",\"@id\":\"https:\\\/\\\/www.eggo.be\\\/fr\\\/cuisines\\\/cuisine-contemporaines\\\/la-cuisine-de-sandrine-et-didier\\\/#local-main-organization-logo\",\"url\":\"https:\\\/\\\/www.eggo.be\\\/wp-content\\\/uploads\\\/2025\\\/01\\\/Logo.png\",\"contentUrl\":\"https:\\\/\\\/www.eggo.be\\\/wp-content\\\/uploads\\\/2025\\\/01\\\/Logo.png\",\"width\":88,\"height\":88,\"caption\":\"\u00e8ggo\"}]}<\/script>\n<!-- \/ Yoast SEO Premium plugin. -->","yoast_head_json":{"title":"La cuisine de Sandrine et Didier - Eggo","description":"D\u00e9couvrez la cuisine de Barbara : un espace lumineux, moderne et fonctionnel pens\u00e9 pour conjuguer design et praticit\u00e9.","robots":{"index":"index","follow":"follow","max-snippet":"max-snippet:-1","max-image-preview":"max-image-preview:large","max-video-preview":"max-video-preview:-1"},"canonical":"https:\/\/www.eggo.be\/fr\/cuisines\/cuisine-contemporaines\/la-cuisine-de-sandrine-et-didier\/","og_locale":"fr_FR","og_type":"article","og_title":"La cuisine de Sandrine et Didier","og_description":"D\u00e9couvrez la cuisine de Barbara : un espace lumineux, moderne et fonctionnel pens\u00e9 pour conjuguer design et praticit\u00e9.","og_url":"https:\/\/www.eggo.be\/fr\/cuisines\/cuisine-contemporaines\/la-cuisine-de-sandrine-et-didier\/","og_site_name":"Eggo","article_publisher":"https:\/\/www.facebook.com\/eggokitchen","article_modified_time":"2026-03-05T13:51:48+00:00","og_image":[{"width":2048,"height":1174,"url":"https:\/\/www.eggo.be\/wp-content\/uploads\/2026\/03\/header-life.jpg","type":"image\/jpeg"}],"twitter_card":"summary_large_image","twitter_misc":{"Dur\u00e9e de lecture estim\u00e9e":"1 minute"},"schema":{"@context":"https:\/\/schema.org","@graph":[{"@type":"WebPage","@id":"https:\/\/www.eggo.be\/fr\/cuisines\/cuisine-contemporaines\/la-cuisine-de-sandrine-et-didier\/","url":"https:\/\/www.eggo.be\/fr\/cuisines\/cuisine-contemporaines\/la-cuisine-de-sandrine-et-didier\/","name":"La cuisine de Sandrine et Didier - Eggo","isPartOf":{"@id":"https:\/\/www.eggo.be\/fr\/#website"},"primaryImageOfPage":{"@id":"https:\/\/www.eggo.be\/fr\/cuisines\/cuisine-contemporaines\/la-cuisine-de-sandrine-et-didier\/#primaryimage"},"image":{"@id":"https:\/\/www.eggo.be\/fr\/cuisines\/cuisine-contemporaines\/la-cuisine-de-sandrine-et-didier\/#primaryimage"},"thumbnailUrl":"https:\/\/www.eggo.be\/wp-content\/uploads\/2026\/03\/header-life.jpg","datePublished":"2026-03-05T13:47:53+00:00","dateModified":"2026-03-05T13:51:48+00:00","description":"D\u00e9couvrez la cuisine de Barbara : un espace lumineux, moderne et fonctionnel pens\u00e9 pour conjuguer design et praticit\u00e9.","breadcrumb":{"@id":"https:\/\/www.eggo.be\/fr\/cuisines\/cuisine-contemporaines\/la-cuisine-de-sandrine-et-didier\/#breadcrumb"},"inLanguage":"fr-FR","potentialAction":[{"@type":"ReadAction","target":["https:\/\/www.eggo.be\/fr\/cuisines\/cuisine-contemporaines\/la-cuisine-de-sandrine-et-didier\/"]}]},{"@type":"ImageObject","inLanguage":"fr-FR","@id":"https:\/\/www.eggo.be\/fr\/cuisines\/cuisine-contemporaines\/la-cuisine-de-sandrine-et-didier\/#primaryimage","url":"https:\/\/www.eggo.be\/wp-content\/uploads\/2026\/03\/header-life.jpg","contentUrl":"https:\/\/www.eggo.be\/wp-content\/uploads\/2026\/03\/header-life.jpg","width":2048,"height":1174,"caption":"Cuisine life avec fa\u00e7ades senso en mat\u00e9riaux recyclables"},{"@type":"BreadcrumbList","@id":"https:\/\/www.eggo.be\/fr\/cuisines\/cuisine-contemporaines\/la-cuisine-de-sandrine-et-didier\/#breadcrumb","itemListElement":[{"@type":"ListItem","position":1,"name":"Home","item":"https:\/\/www.eggo.be\/fr\/"},{"@type":"ListItem","position":2,"name":"Cuisine","item":"https:\/\/www.eggo.be\/fr\/cuisines\/"},{"@type":"ListItem","position":3,"name":"La cuisine de Sandrine et Didier"}]},{"@type":"WebSite","@id":"https:\/\/www.eggo.be\/fr\/#website","url":"https:\/\/www.eggo.be\/fr\/","name":"\u00e8ggo","description":"","publisher":{"@id":"https:\/\/www.eggo.be\/fr\/#organization"},"potentialAction":[{"@type":"SearchAction","target":{"@type":"EntryPoint","urlTemplate":"https:\/\/www.eggo.be\/fr\/?s={search_term_string}"},"query-input":{"@type":"PropertyValueSpecification","valueRequired":true,"valueName":"search_term_string"}}],"inLanguage":"fr-FR"},{"@type":["Organization","Place"],"@id":"https:\/\/www.eggo.be\/fr\/#organization","name":"\u00e8ggo","alternateName":"eggo","url":"https:\/\/www.eggo.be\/fr\/","logo":{"@id":"https:\/\/www.eggo.be\/fr\/cuisines\/cuisine-contemporaines\/la-cuisine-de-sandrine-et-didier\/#local-main-organization-logo"},"image":{"@id":"https:\/\/www.eggo.be\/fr\/cuisines\/cuisine-contemporaines\/la-cuisine-de-sandrine-et-didier\/#local-main-organization-logo"},"sameAs":["https:\/\/www.facebook.com\/eggokitchen","https:\/\/www.linkedin.com\/company\/eggo\/"],"description":"Des cuisines et meubles de rangement de qualit\u00e9 \u00e0 des prix avantageux ! D\u00e9couvrez nos mod\u00e8les et prenez rendez-vous en ligne dans votre showroom \u00e8ggo.","telephone":[],"openingHoursSpecification":[{"@type":"OpeningHoursSpecification","dayOfWeek":["Monday","Tuesday","Wednesday","Thursday","Friday","Saturday","Sunday"],"opens":"09:00","closes":"17:00"}]},{"@type":"ImageObject","inLanguage":"fr-FR","@id":"https:\/\/www.eggo.be\/fr\/cuisines\/cuisine-contemporaines\/la-cuisine-de-sandrine-et-didier\/#local-main-organization-logo","url":"https:\/\/www.eggo.be\/wp-content\/uploads\/2025\/01\/Logo.png","contentUrl":"https:\/\/www.eggo.be\/wp-content\/uploads\/2025\/01\/Logo.png","width":88,"height":88,"caption":"\u00e8ggo"}]}},"custom_meta":{"colors":[]},"meta_box":{"normal_price":"","price_tva_6":"","price_tva_21":"","discounted_price":"","discounted_price_tva_6":"7990","discounted_price_tva_21":"9585","text_information_side_panel":"","included_in_price_side_panel":"","included_price_items":[{"included_icon":["23575"],"included_text":"Meubles","included_price":"4.248 \u20ac","included_price_21":"4.849 \u20ac"},{"included_icon":["2043"],"included_text":"\u00c9lectrom\u00e9nager et sanitaire","included_price":"3.742 \u20ac","included_price_21":"4.736 \u20ac"}],"show_secondary_items":"1","secondary_included_title":"En option - Service Qualit\u00e9 by \u00e8ggo","included_price_items_secondary":[{"included_icon_secondary":["8962"],"included_text_secondary":"Mesurage, livraison et installation: on s'occupe de tout","included_price_21_secondary":"1.142 \u20ac"}],"banner_short_description":"<strong>La Cuisine de Sandrine &amp; Didier : L'\u00c9quilibre Naturel<\/strong><br>La cuisine de Sandrine et Didier incarne parfaitement l\u2019esprit \u00e8ggo : un lieu de vie authentique, pens\u00e9 pour le partage.\r\nLe mariage audacieux entre des fa\u00e7ades vertes et la chaleur du bois cr\u00e9e un cocon apaisant, comme une invitation \u00e0 faire entrer la nature dans la maison.\r\nCon\u00e7ue avec des mat\u00e9riaux \u00e9co-recyclables, cette cuisine prouve que l'esth\u00e9tique peut rimer avec respect de l'environnement.\r\nC\u2019est la preuve qu\u2019un design accessible est possible, sans aucun compromis sur la qualit\u00e9.","banner_pdf_url":"","promotion_title":"Profitez de nos promotions du mois","post_promotion_description":"\u00c8ggo la marque belge du design accessible !","promotion_discount":"","linked_promotion":[],"linked_partners":[],"linked_showroom":[],"exhibition_selected":"0","exhibition_more_information_title":"","exhibition_model_detail_title":"","your_advantage":"","promotion_toggle":"0","small_featured_promotion_toggle":"0","promotion_icon":[],"promotion_description":"","promotion_period":"","promotion_link":"","promotion_bg_color":"#ffffff","promotion_text_color":"#fe5000","custom_colors":[],"featured_image_hotspots":[],"read_more_content":"","override_widget_settings":"0","show_post_expanded":"0","show_post_title":"0","show_like":"0","show_configuration":"0","show_price":"0","show_old_price":"0","show_eggo_category":"0","show_popup":"0","show_promotion":"0","show_hotspots":"0","responsive_height":"500","responsive_height_tablet":"500","responsive_height_mobile":"500","show_direction_vertical":"0","show_direction_vertical_tablet":"0","show_direction_vertical_mobile":"0","popup_title":"Une cuisine qui vous ressemble","popup_excerpt":"Il y a toujours une cuisine \u00e8ggo au design bien pens\u00e9 pour accueillir toute la famille","popup_cta_text":"D\u00e9couvrir nos cuisines","popup_cta_link":"https:\/\/www.eggo.be\/fr\/cuisine\/","post_title_position_center":"0","title_position_x":"18","title_position_y":"18","title_font_size":"18","hotspots":[{"hotspot_position_x":"50","hotspot_position_y":"50","_state":"expanded"}]},"_links":{"self":[{"href":"https:\/\/www.eggo.be\/fr\/wp-json\/wp\/v2\/cuisines\/45212","targetHints":{"allow":["GET"]}}],"collection":[{"href":"https:\/\/www.eggo.be\/fr\/wp-json\/wp\/v2\/cuisines"}],"about":[{"href":"https:\/\/www.eggo.be\/fr\/wp-json\/wp\/v2\/types\/cuisines"}],"replies":[{"embeddable":true,"href":"https:\/\/www.eggo.be\/fr\/wp-json\/wp\/v2\/comments?post=45212"}],"version-history":[{"count":1,"href":"https:\/\/www.eggo.be\/fr\/wp-json\/wp\/v2\/cuisines\/45212\/revisions"}],"predecessor-version":[{"id":45217,"href":"https:\/\/www.eggo.be\/fr\/wp-json\/wp\/v2\/cuisines\/45212\/revisions\/45217"}],"wp:featuredmedia":[{"embeddable":true,"href":"https:\/\/www.eggo.be\/fr\/wp-json\/wp\/v2\/media\/45214"}],"wp:attachment":[{"href":"https:\/\/www.eggo.be\/fr\/wp-json\/wp\/v2\/media?parent=45212"}],"wp:term":[{"taxonomy":"cuisines_category","embeddable":true,"href":"https:\/\/www.eggo.be\/fr\/wp-json\/wp\/v2\/cuisines_category?post=45212"},{"taxonomy":"cuisines_tag","embeddable":true,"href":"https:\/\/www.eggo.be\/fr\/wp-json\/wp\/v2\/cuisines_tag?post=45212"},{"taxonomy":"post_type_filter","embeddable":true,"href":"https:\/\/www.eggo.be\/fr\/wp-json\/wp\/v2\/post_type_filter?post=45212"},{"taxonomy":"eggo_style_tags","embeddable":true,"href":"https:\/\/www.eggo.be\/fr\/wp-json\/wp\/v2\/eggo_style_tags?post=45212"},{"taxonomy":"eggo_color_tags","embeddable":true,"href":"https:\/\/www.eggo.be\/fr\/wp-json\/wp\/v2\/eggo_color_tags?post=45212"},{"taxonomy":"eggo_material_and_finishes_tags","embeddable":true,"href":"https:\/\/www.eggo.be\/fr\/wp-json\/wp\/v2\/eggo_material_and_finishes_tags?post=45212"},{"taxonomy":"eggo_price_range_tags","embeddable":true,"href":"https:\/\/www.eggo.be\/fr\/wp-json\/wp\/v2\/eggo_price_range_tags?post=45212"},{"taxonomy":"eggo_price_range_tags_21","embeddable":true,"href":"https:\/\/www.eggo.be\/fr\/wp-json\/wp\/v2\/eggo_price_range_tags_21?post=45212"}],"curies":[{"name":"wp","href":"https:\/\/api.w.org\/{rel}","templated":true}]}}