{"id":41940,"date":"2025-11-18T15:45:09","date_gmt":"2025-11-18T15:45:09","guid":{"rendered":"https:\/\/www.eggo.be\/?page_id=41940"},"modified":"2025-11-25T09:08:38","modified_gmt":"2025-11-25T09:08:38","slug":"eggo-soutient-viva-for-life","status":"publish","type":"page","link":"https:\/\/www.eggo.be\/fr\/a-propos\/eggo-life\/eggo-soutient-viva-for-life\/","title":{"rendered":"\u00c8ggo soutient Viva for life"},"content":{"rendered":"\t\t<div data-elementor-type=\"wp-page\" data-elementor-id=\"41940\" class=\"elementor elementor-41940\" data-elementor-post-type=\"page\">\n\t\t\t\t<div class=\"elementor-element elementor-element-9b7fdbb e-flex e-con-boxed e-con e-parent\" data-id=\"9b7fdbb\" data-element_type=\"container\" data-e-type=\"container\" data-settings=\"{&quot;background_background&quot;:&quot;classic&quot;}\">\n\t\t\t\t\t<div class=\"e-con-inner\">\n\t\t\t\t<div class=\"elementor-element elementor-element-f6024ff elementor-widget elementor-widget-shortcode\" data-id=\"f6024ff\" data-element_type=\"widget\" data-e-type=\"widget\" data-widget_type=\"shortcode.default\">\n\t\t\t\t<div class=\"elementor-widget-container\">\n\t\t\t\t\t\t\t<div class=\"elementor-shortcode\"><nav class=\"custom-breadcrumbs breadcrumb-desktop\"><\/nav><\/div>\n\t\t\t\t\t\t<\/div>\n\t\t\t\t<\/div>\n\t\t\t\t\t<\/div>\n\t\t\t\t<\/div>\n\t\t<div class=\"elementor-element elementor-element-54179cb e-flex e-con-boxed e-con e-parent\" data-id=\"54179cb\" data-element_type=\"container\" data-e-type=\"container\">\n\t\t\t\t\t<div class=\"e-con-inner\">\n\t\t\t\t<div class=\"elementor-element elementor-element-7ceb6ac elementor-widget__width-initial elementor-widget elementor-widget-heading\" data-id=\"7ceb6ac\" data-element_type=\"widget\" data-e-type=\"widget\" data-widget_type=\"heading.default\">\n\t\t\t\t<div class=\"elementor-widget-container\">\n\t\t\t\t\t<h1 class=\"elementor-heading-title elementor-size-default\">\u00c8ggo soutient Viva for life<\/h1>\t\t\t\t<\/div>\n\t\t\t\t<\/div>\n\t\t\t\t<div class=\"elementor-element elementor-element-37e65fd elementor-widget__width-initial elementor-widget elementor-widget-text-editor\" data-id=\"37e65fd\" data-element_type=\"widget\" data-e-type=\"widget\" data-widget_type=\"text-editor.default\">\n\t\t\t\t<div class=\"elementor-widget-container\">\n\t\t\t\t\t\t\t\t\t<p class=\"p1\">Chez \u00e8ggo, on ne se contente pas de concevoir des cuisines qui font battre le coeur. On met aussi du coeur dans tout ce qu\u2019on entreprend.<\/p><p><strong>\ud83d\udc9b\u00a0<\/strong><i>Du coeur dans nos cuisines, du coeur dans nos engagements.\u00a0<\/i><\/p>\t\t\t\t\t\t\t\t<\/div>\n\t\t\t\t<\/div>\n\t\t\t\t\t<\/div>\n\t\t\t\t<\/div>\n\t\t<div class=\"elementor-element elementor-element-3d0fb32 e-flex e-con-boxed e-con e-parent\" data-id=\"3d0fb32\" data-element_type=\"container\" data-e-type=\"container\">\n\t\t\t\t\t<div class=\"e-con-inner\">\n\t\t\t\t<div class=\"elementor-element elementor-element-db0661e elementor-widget elementor-widget-image\" data-id=\"db0661e\" data-element_type=\"widget\" data-e-type=\"widget\" data-widget_type=\"image.default\">\n\t\t\t\t<div class=\"elementor-widget-container\">\n\t\t\t\t\t\t\t\t\t\t\t\t\t\t\t<img loading=\"lazy\" decoding=\"async\" width=\"1024\" height=\"651\" src=\"https:\/\/www.eggo.be\/wp-content\/uploads\/2025\/11\/Capture-decran-2025-11-17-a-16.38.48-1024x651.png\" class=\"attachment-large size-large wp-image-41886\" alt=\"Groupe de personnes qui forment un coeur avec, au centre le messag e: &quot;\u00e8ggo Kitchen &amp; House soutient Viva For Life VivaCit\u00e9&quot;.\" srcset=\"https:\/\/www.eggo.be\/wp-content\/uploads\/2025\/11\/Capture-decran-2025-11-17-a-16.38.48-1024x651.png 1024w, https:\/\/www.eggo.be\/wp-content\/uploads\/2025\/11\/Capture-decran-2025-11-17-a-16.38.48-300x191.png 300w, https:\/\/www.eggo.be\/wp-content\/uploads\/2025\/11\/Capture-decran-2025-11-17-a-16.38.48-768x488.png 768w, https:\/\/www.eggo.be\/wp-content\/uploads\/2025\/11\/Capture-decran-2025-11-17-a-16.38.48-1536x976.png 1536w, https:\/\/www.eggo.be\/wp-content\/uploads\/2025\/11\/Capture-decran-2025-11-17-a-16.38.48.png 1585w\" sizes=\"auto, (max-width: 1024px) 100vw, 1024px\" \/>\t\t\t\t\t\t\t\t\t\t\t\t\t\t\t<\/div>\n\t\t\t\t<\/div>\n\t\t\t\t\t<\/div>\n\t\t\t\t<\/div>\n\t\t<div class=\"elementor-element elementor-element-4a019c8 e-flex e-con-boxed e-con e-parent\" data-id=\"4a019c8\" data-element_type=\"container\" data-e-type=\"container\">\n\t\t\t\t\t<div class=\"e-con-inner\">\n\t\t\t\t<div class=\"elementor-element elementor-element-e175916 elementor-widget elementor-widget-heading\" data-id=\"e175916\" data-element_type=\"widget\" data-e-type=\"widget\" data-widget_type=\"heading.default\">\n\t\t\t\t<div class=\"elementor-widget-container\">\n\t\t\t\t\t<h2 class=\"elementor-heading-title elementor-size-default\">Viva for Life 2025 agir reste une n\u00e9cessit\u00e9 !<\/h2>\t\t\t\t<\/div>\n\t\t\t\t<\/div>\n\t\t\t\t<div class=\"elementor-element elementor-element-8ff3aa4 elementor-widget-mobile__width-auto elementor-widget elementor-widget-text-editor\" data-id=\"8ff3aa4\" data-element_type=\"widget\" data-e-type=\"widget\" data-widget_type=\"text-editor.default\">\n\t\t\t\t<div class=\"elementor-widget-container\">\n\t\t\t\t\t\t\t\t\t<p>La pauvret\u00e9 infantile concerne 80.000 enfants en F\u00e9d\u00e9ration Wallonie-Bruxelles : 1 enfant sur 4 en Wallonie et 4 enfants sur 10 \u00e0 Bruxelles vivent dans la pauvret\u00e9. La situation g\u00e9n\u00e9rale de la pr\u00e9carit\u00e9 infantile ne s\u2019est pas am\u00e9lior\u00e9e.<\/p><p class=\"p1\">En 2025, le secteur associatif se retrouve face \u00e0 des besoins croissants et des moyens en forte diminution. Sans un soutien accru, la capacit\u00e9 d\u2019intervention des associations et services sociaux sera fortement fragilis\u00e9e. Face \u00e0 ces constats, l\u2019action de Viva for Life reste une n\u00e9cessit\u00e9 : plus t\u00f4t ces enfants sont accompagn\u00e9s, plus grandes sont leurs chances d\u2019un avenir meilleur.<\/p><p class=\"p1\">Gr\u00e2ce aux dons r\u00e9colt\u00e9s, Viva for Life finance des associations d\u00e9di\u00e9es au service des enfants et familles et renforce l\u2019action des acteurs de terrain mobilis\u00e9s \u00e0 leurs c\u00f4t\u00e9s. Et ce depuis 13 ans d\u00e9j\u00e0 !<\/p>\t\t\t\t\t\t\t\t<\/div>\n\t\t\t\t<\/div>\n\t\t\t\t<div class=\"elementor-element elementor-element-ed86290 elementor-widget elementor-widget-image\" data-id=\"ed86290\" data-element_type=\"widget\" data-e-type=\"widget\" data-widget_type=\"image.default\">\n\t\t\t\t<div class=\"elementor-widget-container\">\n\t\t\t\t\t\t\t\t\t\t\t\t\t\t\t<img loading=\"lazy\" decoding=\"async\" width=\"1024\" height=\"576\" src=\"https:\/\/www.eggo.be\/wp-content\/uploads\/2025\/11\/BANNER_ANIMATEURS_1920X1080_VFL_23-1-1024x576.jpg\" class=\"attachment-large size-large wp-image-41919\" alt=\"Animateurs Viva for Life sur fond jaune, avec papillons\" srcset=\"https:\/\/www.eggo.be\/wp-content\/uploads\/2025\/11\/BANNER_ANIMATEURS_1920X1080_VFL_23-1-1024x576.jpg 1024w, https:\/\/www.eggo.be\/wp-content\/uploads\/2025\/11\/BANNER_ANIMATEURS_1920X1080_VFL_23-1-300x169.jpg 300w, https:\/\/www.eggo.be\/wp-content\/uploads\/2025\/11\/BANNER_ANIMATEURS_1920X1080_VFL_23-1-768x432.jpg 768w, https:\/\/www.eggo.be\/wp-content\/uploads\/2025\/11\/BANNER_ANIMATEURS_1920X1080_VFL_23-1-1536x864.jpg 1536w, https:\/\/www.eggo.be\/wp-content\/uploads\/2025\/11\/BANNER_ANIMATEURS_1920X1080_VFL_23-1.jpg 1920w\" sizes=\"auto, (max-width: 1024px) 100vw, 1024px\" \/>\t\t\t\t\t\t\t\t\t\t\t\t\t\t\t<\/div>\n\t\t\t\t<\/div>\n\t\t\t\t\t<\/div>\n\t\t\t\t<\/div>\n\t\t<div class=\"elementor-element elementor-element-f25dd5c e-grid e-con-boxed e-con e-parent\" data-id=\"f25dd5c\" data-element_type=\"container\" data-e-type=\"container\" data-settings=\"{&quot;background_background&quot;:&quot;classic&quot;}\">\n\t\t\t\t\t<div class=\"e-con-inner\">\n\t\t<div class=\"elementor-element elementor-element-e93cc1b e-con-full e-flex e-con e-child\" data-id=\"e93cc1b\" data-element_type=\"container\" data-e-type=\"container\">\n\t\t\t\t<div class=\"elementor-element elementor-element-d1d6379 elementor-widget elementor-widget-heading\" data-id=\"d1d6379\" data-element_type=\"widget\" data-e-type=\"widget\" data-widget_type=\"heading.default\">\n\t\t\t\t<div class=\"elementor-widget-container\">\n\t\t\t\t\t<h2 class=\"elementor-heading-title elementor-size-default\">21.075 mercis de vous impliquer \u00e0 nos c\u00f4t\u00e9s<\/h2>\t\t\t\t<\/div>\n\t\t\t\t<\/div>\n\t\t\t\t<div class=\"elementor-element elementor-element-ec8473a elementor-widget elementor-widget-text-editor\" data-id=\"ec8473a\" data-element_type=\"widget\" data-e-type=\"widget\" data-widget_type=\"text-editor.default\">\n\t\t\t\t<div class=\"elementor-widget-container\">\n\t\t\t\t\t\t\t\t\t<p class=\"is-relative article-header__title is-size-post-title mb-2-mobile is-family-serif has-text-body \">\u00c8<span class=\"a_GcMg font-feature-liga-off font-feature-clig-off font-feature-calt-off text-decoration-none text-strikethrough-none\">ggo soutient Viva for Life depuis 5 ans pour lutter contre la pauvret\u00e9 infantile en F\u00e9d\u00e9ration Wallonie-Bruxelles.<\/span><\/p><p class=\"cvGsUA direction-ltr align-start para-style-body\"><span class=\"a_GcMg font-feature-liga-off font-feature-clig-off font-feature-calt-off text-decoration-none text-strikethrough-none\">C\u2019est une action qui nous tient particuli\u00e8rement \u00e0 c\u0153ur puisque les dons recueillis financent des associations qui soutiennent des centaines d\u2019enfants et familles en difficult\u00e9.<\/span><\/p><p class=\"cvGsUA direction-ltr align-start para-style-body\"><span class=\"a_GcMg font-feature-liga-off font-feature-clig-off font-feature-calt-off text-decoration-none text-strikethrough-none\">Cet engagement s\u2019aligne \u00e0 notre volont\u00e9 d\u2019apporter du confort aux familles et y apporte une dimension solidaire et f\u00e9d\u00e9ratrice.<\/span><\/p>\t\t\t\t\t\t\t\t<\/div>\n\t\t\t\t<\/div>\n\t\t\t\t<\/div>\n\t\t<div class=\"elementor-element elementor-element-7083c89 e-con-full e-flex e-con e-child\" data-id=\"7083c89\" data-element_type=\"container\" data-e-type=\"container\">\n\t\t\t\t<div class=\"elementor-element elementor-element-41c54a2 elementor-widget elementor-widget-video\" data-id=\"41c54a2\" data-element_type=\"widget\" data-e-type=\"widget\" data-settings=\"{&quot;youtube_url&quot;:&quot;https:\\\/\\\/youtu.be\\\/gtijcvBOOHA&quot;,&quot;autoplay&quot;:&quot;yes&quot;,&quot;play_on_mobile&quot;:&quot;yes&quot;,&quot;loop&quot;:&quot;yes&quot;,&quot;video_type&quot;:&quot;youtube&quot;,&quot;controls&quot;:&quot;yes&quot;}\" data-widget_type=\"video.default\">\n\t\t\t\t<div class=\"elementor-widget-container\">\n\t\t\t\t\t\t\t<div class=\"elementor-wrapper elementor-open-inline\">\n\t\t\t<div class=\"elementor-video\"><\/div>\t\t<\/div>\n\t\t\t\t\t\t<\/div>\n\t\t\t\t<\/div>\n\t\t\t\t<\/div>\n\t\t\t\t\t<\/div>\n\t\t\t\t<\/div>\n\t\t<div class=\"elementor-element elementor-element-155ac5a e-flex e-con-boxed e-con e-parent\" data-id=\"155ac5a\" data-element_type=\"container\" data-e-type=\"container\">\n\t\t\t\t\t<div class=\"e-con-inner\">\n\t\t\t\t<div class=\"elementor-element elementor-element-a8df141 elementor-widget__width-initial elementor-widget-tablet__width-inherit elementor-widget elementor-widget-heading\" data-id=\"a8df141\" data-element_type=\"widget\" data-e-type=\"widget\" data-widget_type=\"heading.default\">\n\t\t\t\t<div class=\"elementor-widget-container\">\n\t\t\t\t\t<h2 class=\"elementor-heading-title elementor-size-default\">Les collaborateurs \u00e8ggo se mobilise pour Viva for Life<\/h2>\t\t\t\t<\/div>\n\t\t\t\t<\/div>\n\t\t\t\t<div class=\"elementor-element elementor-element-b3a53e9 elementor-widget elementor-widget-text-editor\" data-id=\"b3a53e9\" data-element_type=\"widget\" data-e-type=\"widget\" data-widget_type=\"text-editor.default\">\n\t\t\t\t<div class=\"elementor-widget-container\">\n\t\t\t\t\t\t\t\t\t<p style=\"text-align: center;\">Pour la cinqui\u00e8me ann\u00e9e cons\u00e9cutive, nous soutenons Viva for Life, convaincus que chaque geste compte pour les enfants qui grandissent dans la pr\u00e9carit\u00e9.<\/p>\t\t\t\t\t\t\t\t<\/div>\n\t\t\t\t<\/div>\n\t\t\t\t\t<\/div>\n\t\t\t\t<\/div>\n\t\t<div class=\"elementor-element elementor-element-ac34099 e-flex e-con-boxed e-con e-parent\" data-id=\"ac34099\" data-element_type=\"container\" data-e-type=\"container\">\n\t\t\t\t\t<div class=\"e-con-inner\">\n\t\t<div class=\"elementor-element elementor-element-3130707 e-con-full e-flex e-con e-child\" data-id=\"3130707\" data-element_type=\"container\" data-e-type=\"container\" data-settings=\"{&quot;background_background&quot;:&quot;classic&quot;}\">\n\t\t\t\t<div class=\"elementor-element elementor-element-c36934b elementor-widget elementor-widget-heading\" data-id=\"c36934b\" data-element_type=\"widget\" data-e-type=\"widget\" data-widget_type=\"heading.default\">\n\t\t\t\t<div class=\"elementor-widget-container\">\n\t\t\t\t\t<h3 class=\"elementor-heading-title elementor-size-default\">Bar \u00e0 soupe\n<\/h3>\t\t\t\t<\/div>\n\t\t\t\t<\/div>\n\t\t\t\t<div class=\"elementor-element elementor-element-06ef49d elementor-widget elementor-widget-text-editor\" data-id=\"06ef49d\" data-element_type=\"widget\" data-e-type=\"widget\" data-widget_type=\"text-editor.default\">\n\t\t\t\t<div class=\"elementor-widget-container\">\n\t\t\t\t\t\t\t\t\t<p>Organisation de bars \u00e0 soupe pour se r\u00e9chauffer le midi, en collaboration avec le restaurant La Romance. L\u2019enti\u00e8ret\u00e9 de la recette est d\u00e9di\u00e9e \u00e0 Viva for Life.<\/p>\t\t\t\t\t\t\t\t<\/div>\n\t\t\t\t<\/div>\n\t\t\t\t<div class=\"elementor-element elementor-element-c20052a elementor-widget elementor-widget-image\" data-id=\"c20052a\" data-element_type=\"widget\" data-e-type=\"widget\" data-widget_type=\"image.default\">\n\t\t\t\t<div class=\"elementor-widget-container\">\n\t\t\t\t\t\t\t\t\t\t\t\t\t\t\t<img loading=\"lazy\" decoding=\"async\" width=\"1024\" height=\"755\" src=\"https:\/\/www.eggo.be\/wp-content\/uploads\/2025\/11\/soupe2-1024x755.jpg\" class=\"attachment-large size-large wp-image-41911\" alt=\"Personnes qui font la file devant une marmite lors du lunch solidaire pour Viva For Life\" srcset=\"https:\/\/www.eggo.be\/wp-content\/uploads\/2025\/11\/soupe2-1024x755.jpg 1024w, https:\/\/www.eggo.be\/wp-content\/uploads\/2025\/11\/soupe2-300x221.jpg 300w, https:\/\/www.eggo.be\/wp-content\/uploads\/2025\/11\/soupe2-768x566.jpg 768w, https:\/\/www.eggo.be\/wp-content\/uploads\/2025\/11\/soupe2.jpg 1290w\" sizes=\"auto, (max-width: 1024px) 100vw, 1024px\" \/>\t\t\t\t\t\t\t\t\t\t\t\t\t\t\t<\/div>\n\t\t\t\t<\/div>\n\t\t\t\t<\/div>\n\t\t<div class=\"elementor-element elementor-element-b58f439 e-con-full e-flex e-con e-child\" data-id=\"b58f439\" data-element_type=\"container\" data-e-type=\"container\" data-settings=\"{&quot;background_background&quot;:&quot;classic&quot;}\">\n\t\t\t\t<div class=\"elementor-element elementor-element-1535205 elementor-widget elementor-widget-heading\" data-id=\"1535205\" data-element_type=\"widget\" data-e-type=\"widget\" data-widget_type=\"heading.default\">\n\t\t\t\t<div class=\"elementor-widget-container\">\n\t\t\t\t\t<h3 class=\"elementor-heading-title elementor-size-default\">D\u00e9fi sportif<\/h3>\t\t\t\t<\/div>\n\t\t\t\t<\/div>\n\t\t\t\t<div class=\"elementor-element elementor-element-299172e elementor-widget elementor-widget-text-editor\" data-id=\"299172e\" data-element_type=\"widget\" data-e-type=\"widget\" data-widget_type=\"text-editor.default\">\n\t\t\t\t<div class=\"elementor-widget-container\">\n\t\t\t\t\t\t\t\t\t<p>Participation \u00e0 un challenge Strava pour nos collaborateurs : pour chaque kilom\u00e8tre parcouru, la cagnotte augmente ! Les kilom\u00e8tres sont financ\u00e9s par notre fournisseur Nobilia.<\/p>\t\t\t\t\t\t\t\t<\/div>\n\t\t\t\t<\/div>\n\t\t\t\t<div class=\"elementor-element elementor-element-c82533f elementor-widget elementor-widget-image\" data-id=\"c82533f\" data-element_type=\"widget\" data-e-type=\"widget\" data-widget_type=\"image.default\">\n\t\t\t\t<div class=\"elementor-widget-container\">\n\t\t\t\t\t\t\t\t\t\t\t\t\t\t\t<img loading=\"lazy\" decoding=\"async\" width=\"1024\" height=\"755\" src=\"https:\/\/www.eggo.be\/wp-content\/uploads\/2025\/11\/strava-1024x755.jpg\" class=\"attachment-large size-large wp-image-41900\" alt=\"Deux personnes qui marchent sur un chemin avec un chien, avec le logo &quot;Strava&quot;\" srcset=\"https:\/\/www.eggo.be\/wp-content\/uploads\/2025\/11\/strava-1024x755.jpg 1024w, https:\/\/www.eggo.be\/wp-content\/uploads\/2025\/11\/strava-300x221.jpg 300w, https:\/\/www.eggo.be\/wp-content\/uploads\/2025\/11\/strava-768x566.jpg 768w, https:\/\/www.eggo.be\/wp-content\/uploads\/2025\/11\/strava.jpg 1290w\" sizes=\"auto, (max-width: 1024px) 100vw, 1024px\" \/>\t\t\t\t\t\t\t\t\t\t\t\t\t\t\t<\/div>\n\t\t\t\t<\/div>\n\t\t\t\t<\/div>\n\t\t<div class=\"elementor-element elementor-element-6890f07 e-con-full e-flex e-con e-child\" data-id=\"6890f07\" data-element_type=\"container\" data-e-type=\"container\" data-settings=\"{&quot;background_background&quot;:&quot;classic&quot;}\">\n\t\t\t\t<div class=\"elementor-element elementor-element-3b17d7f elementor-widget elementor-widget-heading\" data-id=\"3b17d7f\" data-element_type=\"widget\" data-e-type=\"widget\" data-widget_type=\"heading.default\">\n\t\t\t\t<div class=\"elementor-widget-container\">\n\t\t\t\t\t<h3 class=\"elementor-heading-title elementor-size-default\">Action commerciale\n<\/h3>\t\t\t\t<\/div>\n\t\t\t\t<\/div>\n\t\t\t\t<div class=\"elementor-element elementor-element-ac4fb60 elementor-widget elementor-widget-text-editor\" data-id=\"ac4fb60\" data-element_type=\"widget\" data-e-type=\"widget\" data-widget_type=\"text-editor.default\">\n\t\t\t\t<div class=\"elementor-widget-container\">\n\t\t\t\t\t\t\t\t\t<p>Entre le 15 novembre au 15 d\u00e9cembre : pour chaque devis sign\u00e9, la cagnotte \u00c8ggo au profit de Viva for Life augmente !<\/p>\t\t\t\t\t\t\t\t<\/div>\n\t\t\t\t<\/div>\n\t\t\t\t<div class=\"elementor-element elementor-element-1d1ac8a elementor-widget elementor-widget-image\" data-id=\"1d1ac8a\" data-element_type=\"widget\" data-e-type=\"widget\" data-widget_type=\"image.default\">\n\t\t\t\t<div class=\"elementor-widget-container\">\n\t\t\t\t\t\t\t\t\t\t\t\t\t\t\t<img loading=\"lazy\" decoding=\"async\" width=\"1024\" height=\"755\" src=\"https:\/\/www.eggo.be\/wp-content\/uploads\/2025\/11\/devis-1024x755.jpg\" class=\"attachment-large size-large wp-image-41915\" alt=\"Deux femmes font une poign\u00e9e de main devant \u00e8ggo\" srcset=\"https:\/\/www.eggo.be\/wp-content\/uploads\/2025\/11\/devis-1024x755.jpg 1024w, https:\/\/www.eggo.be\/wp-content\/uploads\/2025\/11\/devis-300x221.jpg 300w, https:\/\/www.eggo.be\/wp-content\/uploads\/2025\/11\/devis-768x566.jpg 768w, https:\/\/www.eggo.be\/wp-content\/uploads\/2025\/11\/devis.jpg 1290w\" sizes=\"auto, (max-width: 1024px) 100vw, 1024px\" \/>\t\t\t\t\t\t\t\t\t\t\t\t\t\t\t<\/div>\n\t\t\t\t<\/div>\n\t\t\t\t<\/div>\n\t\t<div class=\"elementor-element elementor-element-a1a0776 e-con-full e-flex e-con e-child\" data-id=\"a1a0776\" data-element_type=\"container\" data-e-type=\"container\" data-settings=\"{&quot;background_background&quot;:&quot;classic&quot;}\">\n\t\t\t\t<div class=\"elementor-element elementor-element-55ea0a9 elementor-widget elementor-widget-heading\" data-id=\"55ea0a9\" data-element_type=\"widget\" data-e-type=\"widget\" data-widget_type=\"heading.default\">\n\t\t\t\t<div class=\"elementor-widget-container\">\n\t\t\t\t\t<h3 class=\"elementor-heading-title elementor-size-default\">Lunch solidaire\n\n<\/h3>\t\t\t\t<\/div>\n\t\t\t\t<\/div>\n\t\t\t\t<div class=\"elementor-element elementor-element-2226ffa elementor-widget elementor-widget-text-editor\" data-id=\"2226ffa\" data-element_type=\"widget\" data-e-type=\"widget\" data-widget_type=\"text-editor.default\">\n\t\t\t\t<div class=\"elementor-widget-container\">\n\t\t\t\t\t\t\t\t\t<p>D\u00e9gustation d\u2019un lunch solidaire autour des fameuses coquillettes \u00e0 la truffe de notre ambassadeur Charles Jeandrain.<\/p>\t\t\t\t\t\t\t\t<\/div>\n\t\t\t\t<\/div>\n\t\t\t\t<div class=\"elementor-element elementor-element-411f8e6 elementor-widget elementor-widget-image\" data-id=\"411f8e6\" data-element_type=\"widget\" data-e-type=\"widget\" data-widget_type=\"image.default\">\n\t\t\t\t<div class=\"elementor-widget-container\">\n\t\t\t\t\t\t\t\t\t\t\t\t\t\t\t<img loading=\"lazy\" decoding=\"async\" width=\"1024\" height=\"755\" src=\"https:\/\/www.eggo.be\/wp-content\/uploads\/2025\/11\/CHARLES-1024x755.jpg\" class=\"attachment-large size-large wp-image-41913\" alt=\"Charles Jeandrain d&#039;Attablez-vous lors du lunch solidaire d&#039;\u00e8ggo pour Viva For Life\" srcset=\"https:\/\/www.eggo.be\/wp-content\/uploads\/2025\/11\/CHARLES-1024x755.jpg 1024w, https:\/\/www.eggo.be\/wp-content\/uploads\/2025\/11\/CHARLES-300x221.jpg 300w, https:\/\/www.eggo.be\/wp-content\/uploads\/2025\/11\/CHARLES-768x566.jpg 768w, https:\/\/www.eggo.be\/wp-content\/uploads\/2025\/11\/CHARLES.jpg 1290w\" sizes=\"auto, (max-width: 1024px) 100vw, 1024px\" \/>\t\t\t\t\t\t\t\t\t\t\t\t\t\t\t<\/div>\n\t\t\t\t<\/div>\n\t\t\t\t<\/div>\n\t\t\t\t\t<\/div>\n\t\t\t\t<\/div>\n\t\t<div class=\"elementor-element elementor-element-4a191c5 left-c-padding e-flex e-con-boxed e-con e-parent\" data-id=\"4a191c5\" data-element_type=\"container\" data-e-type=\"container\" id=\"Ameliorer\" data-settings=\"{&quot;background_background&quot;:&quot;classic&quot;}\">\n\t\t\t\t\t<div class=\"e-con-inner\">\n\t\t<div class=\"elementor-element elementor-element-63b2507 e-con-full e-flex e-con e-child\" data-id=\"63b2507\" data-element_type=\"container\" data-e-type=\"container\">\n\t\t\t\t<div class=\"elementor-element elementor-element-73a52ab elementor-widget elementor-widget-image\" data-id=\"73a52ab\" data-element_type=\"widget\" data-e-type=\"widget\" data-widget_type=\"image.default\">\n\t\t\t\t<div class=\"elementor-widget-container\">\n\t\t\t\t\t\t\t\t\t\t\t\t\t\t\t<img loading=\"lazy\" decoding=\"async\" width=\"2048\" height=\"1366\" src=\"https:\/\/www.eggo.be\/wp-content\/uploads\/2025\/11\/MAGO_VFL2022_1812-6990-scaled.jpg\" class=\"attachment-full size-full wp-image-41956\" alt=\"Deux personnes parlent au chalet \u00e8ggo pour Viva For Life\" srcset=\"https:\/\/www.eggo.be\/wp-content\/uploads\/2025\/11\/MAGO_VFL2022_1812-6990-scaled.jpg 2048w, https:\/\/www.eggo.be\/wp-content\/uploads\/2025\/11\/MAGO_VFL2022_1812-6990-300x200.jpg 300w, https:\/\/www.eggo.be\/wp-content\/uploads\/2025\/11\/MAGO_VFL2022_1812-6990-1024x683.jpg 1024w, https:\/\/www.eggo.be\/wp-content\/uploads\/2025\/11\/MAGO_VFL2022_1812-6990-768x512.jpg 768w, https:\/\/www.eggo.be\/wp-content\/uploads\/2025\/11\/MAGO_VFL2022_1812-6990-1536x1025.jpg 1536w\" sizes=\"auto, (max-width: 2048px) 100vw, 2048px\" \/>\t\t\t\t\t\t\t\t\t\t\t\t\t\t\t<\/div>\n\t\t\t\t<\/div>\n\t\t\t\t<\/div>\n\t\t<div class=\"elementor-element elementor-element-49387cb e-con-full e-flex e-con e-child\" data-id=\"49387cb\" data-element_type=\"container\" data-e-type=\"container\">\n\t\t\t\t<div class=\"elementor-element elementor-element-96b243b elementor-widget__width-initial elementor-widget elementor-widget-heading\" data-id=\"96b243b\" data-element_type=\"widget\" data-e-type=\"widget\" data-widget_type=\"heading.default\">\n\t\t\t\t<div class=\"elementor-widget-container\">\n\t\t\t\t\t<h2 class=\"elementor-heading-title elementor-size-default\">Rendez-vous le 18 d\u00e9cembre \u00e0 Seraing\n<\/h2>\t\t\t\t<\/div>\n\t\t\t\t<\/div>\n\t\t\t\t<div class=\"elementor-element elementor-element-f721cf5 elementor-widget elementor-widget-text-editor\" data-id=\"f721cf5\" data-element_type=\"widget\" data-e-type=\"widget\" data-widget_type=\"text-editor.default\">\n\t\t\t\t<div class=\"elementor-widget-container\">\n\t\t\t\t\t\t\t\t\t<p>Venez soutenir les \u00e9quipes \u00e8ggo et d\u00e9guster une d\u00e9licieuse gaufre au chalet \u00e8ggo.<\/p><p class=\"p1\">Que vous passiez une heure ou l\u2019 apr\u00e8s-midi il y aura toujours une exp\u00e9rience \u00e0 vivre, une personnalit\u00e9 RTBF \u00e0 croiser et de belles surprises \u00e0 partager sur l\u2019Esplanade de l\u2019Avenir \u00e0 Seraing?<\/p>\t\t\t\t\t\t\t\t<\/div>\n\t\t\t\t<\/div>\n\t\t\t\t<\/div>\n\t\t\t\t\t<\/div>\n\t\t\t\t<\/div>\n\t\t<div class=\"elementor-element elementor-element-46bcd1d e-flex e-con-boxed e-con e-parent\" data-id=\"46bcd1d\" data-element_type=\"container\" data-e-type=\"container\">\n\t\t\t\t\t<div class=\"e-con-inner\">\n\t\t\t\t<div class=\"elementor-element elementor-element-5b96dce elementor-widget__width-initial elementor-widget-tablet__width-inherit elementor-widget elementor-widget-heading\" data-id=\"5b96dce\" data-element_type=\"widget\" data-e-type=\"widget\" data-widget_type=\"heading.default\">\n\t\t\t\t<div class=\"elementor-widget-container\">\n\t\t\t\t\t<h2 class=\"elementor-heading-title elementor-size-default\">Des collaborateurs uni autour d\u2019une m\u00eame cause\n<\/h2>\t\t\t\t<\/div>\n\t\t\t\t<\/div>\n\t\t\t\t<div class=\"elementor-element elementor-element-a7772c8 elementor--h-position-center elementor--v-position-middle elementor-pagination-position-inside elementor-widget elementor-widget-slides\" data-id=\"a7772c8\" data-element_type=\"widget\" data-e-type=\"widget\" data-settings=\"{&quot;navigation&quot;:&quot;dots&quot;,&quot;transition_speed&quot;:10,&quot;infinite&quot;:&quot;yes&quot;,&quot;transition&quot;:&quot;slide&quot;}\" data-widget_type=\"slides.default\">\n\t\t\t\t<div class=\"elementor-widget-container\">\n\t\t\t\t\t\t\t\t\t<div class=\"elementor-swiper\">\n\t\t\t\t\t<div class=\"elementor-slides-wrapper elementor-main-swiper swiper\" role=\"region\" aria-roledescription=\"carousel\" aria-label=\"Diapositives\" dir=\"ltr\" data-animation=\"fadeInLeft\">\n\t\t\t\t<div class=\"swiper-wrapper elementor-slides\">\n\t\t\t\t\t\t\t\t\t\t<div class=\"elementor-repeater-item-11254df swiper-slide\" role=\"group\" aria-roledescription=\"slide\"><div class=\"swiper-slide-bg\" role=\"img\" aria-label=\"Personnes qui font la file devant une marmite lors du lunch solidaire pour Viva For Life\"><\/div><div class=\"swiper-slide-inner\" ><div class=\"swiper-slide-contents\"><\/div><\/div><\/div><div class=\"elementor-repeater-item-abd865f swiper-slide\" role=\"group\" aria-roledescription=\"slide\"><div class=\"swiper-slide-bg\" role=\"img\" aria-label=\"Trois personnes qui parlent devant banni\u00e8re Viva For Life\"><\/div><div class=\"swiper-slide-inner\" ><div class=\"swiper-slide-contents\"><\/div><\/div><\/div><div class=\"elementor-repeater-item-f576fdb swiper-slide\" role=\"group\" aria-roledescription=\"slide\"><div class=\"swiper-slide-bg\" role=\"img\" aria-label=\"Deux personnes parlent au chalet \u00e8ggo pour Viva For Life\"><\/div><div class=\"swiper-slide-inner\" ><div class=\"swiper-slide-contents\"><\/div><\/div><\/div><div class=\"elementor-repeater-item-3149f33 swiper-slide\" role=\"group\" aria-roledescription=\"slide\"><div class=\"swiper-slide-bg\" role=\"img\" aria-label=\"Famille qui pose avec un sac \u00e8ggo devant le chalet \u00e8ggo pour Viva For Life\"><\/div><div class=\"swiper-slide-inner\" ><div class=\"swiper-slide-contents\"><\/div><\/div><\/div><div class=\"elementor-repeater-item-f5a6bed swiper-slide\" role=\"group\" aria-roledescription=\"slide\"><div class=\"swiper-slide-bg\" role=\"img\" aria-label=\"Chalet \u00e8ggo pour Viva for Life\"><\/div><div class=\"swiper-slide-inner\" ><div class=\"swiper-slide-contents\"><\/div><\/div><\/div><div class=\"elementor-repeater-item-894e947 swiper-slide\" role=\"group\" aria-roledescription=\"slide\"><div class=\"swiper-slide-bg\" role=\"img\" aria-label=\"Groupe de personnes dans une salle de r\u00e9union lors du lunch solidaire pour Viva For Life\"><\/div><div class=\"swiper-slide-inner\" ><div class=\"swiper-slide-contents\"><\/div><\/div><\/div>\t\t\t\t<\/div>\n\t\t\t\t\t\t\t\t\t\t\t\t\t\t\t\t\t\t\t\t<div class=\"swiper-pagination\"><\/div>\n\t\t\t\t\t\t\t\t\t\t\t\t<\/div>\n\t\t\t\t<\/div>\n\t\t\t\t\t\t\t\t<\/div>\n\t\t\t\t<\/div>\n\t\t\t\t<div class=\"elementor-element elementor-element-90dface elementor-widget elementor-widget-spacer\" data-id=\"90dface\" data-element_type=\"widget\" data-e-type=\"widget\" data-widget_type=\"spacer.default\">\n\t\t\t\t<div class=\"elementor-widget-container\">\n\t\t\t\t\t\t\t<div class=\"elementor-spacer\">\n\t\t\t<div class=\"elementor-spacer-inner\"><\/div>\n\t\t<\/div>\n\t\t\t\t\t\t<\/div>\n\t\t\t\t<\/div>\n\t\t\t\t\t<\/div>\n\t\t\t\t<\/div>\n\t\t\t\t<\/div>\n\t\t","protected":false},"excerpt":{"rendered":"<p>\u00c8ggo soutient Viva for life Chez \u00e8ggo, on ne se contente pas de concevoir des cuisines qui font battre le coeur. On met aussi du coeur dans tout ce qu\u2019on entreprend. \ud83d\udc9b\u00a0Du coeur dans nos cuisines, du coeur dans nos engagements.\u00a0 Viva for Life 2025 agir reste une n\u00e9cessit\u00e9 ! La pauvret\u00e9 infantile concerne 80.000 [&hellip;]<\/p>\n","protected":false},"author":5,"featured_media":41886,"parent":9181,"menu_order":0,"comment_status":"closed","ping_status":"closed","template":"","meta":{"footnotes":""},"class_list":["post-41940","page","type-page","status-publish","has-post-thumbnail","hentry"],"yoast_head":"<!-- This site is optimized with the Yoast SEO Premium plugin v26.2 (Yoast SEO v27.4) - https:\/\/yoast.com\/product\/yoast-seo-premium-wordpress\/ -->\n<title>\u00c8ggo Life : notre engagement pour la soci\u00e9t\u00e9 et l&#039;environnement<\/title>\n<meta name=\"description\" content=\"D\u00e9couvrez nos engagements RSE : durabilit\u00e9, protection de la nature, r\u00e9duction de notre empreinte carbone et engagements sociaux.\" \/>\n<meta name=\"robots\" content=\"index, follow, max-snippet:-1, max-image-preview:large, max-video-preview:-1\" \/>\n<link rel=\"canonical\" href=\"https:\/\/www.eggo.be\/fr\/a-propos\/eggo-life\/eggo-soutient-viva-for-life\/\" \/>\n<meta property=\"og:locale\" content=\"fr_FR\" \/>\n<meta property=\"og:type\" content=\"article\" \/>\n<meta property=\"og:title\" content=\"\u00c8ggo soutient Viva for life\" \/>\n<meta property=\"og:description\" content=\"D\u00e9couvrez nos engagements RSE : durabilit\u00e9, protection de la nature, r\u00e9duction de notre empreinte carbone et engagements sociaux.\" \/>\n<meta property=\"og:url\" content=\"https:\/\/www.eggo.be\/fr\/a-propos\/eggo-life\/eggo-soutient-viva-for-life\/\" \/>\n<meta property=\"og:site_name\" content=\"Eggo\" \/>\n<meta property=\"article:publisher\" content=\"https:\/\/www.facebook.com\/eggokitchen\" \/>\n<meta property=\"article:modified_time\" content=\"2025-11-25T09:08:38+00:00\" \/>\n<meta property=\"og:image\" content=\"https:\/\/www.eggo.be\/wp-content\/uploads\/2025\/11\/Capture-decran-2025-11-17-a-16.38.48-1024x651.png\" \/>\n\t<meta property=\"og:image:width\" content=\"1024\" \/>\n\t<meta property=\"og:image:height\" content=\"651\" \/>\n\t<meta property=\"og:image:type\" content=\"image\/png\" \/>\n<meta name=\"twitter:card\" content=\"summary_large_image\" \/>\n<meta name=\"twitter:label1\" content=\"Dur\u00e9e de lecture estim\u00e9e\" \/>\n\t<meta name=\"twitter:data1\" content=\"4 minutes\" \/>\n<script type=\"application\/ld+json\" class=\"yoast-schema-graph\">{\"@context\":\"https:\\\/\\\/schema.org\",\"@graph\":[{\"@type\":\"WebPage\",\"@id\":\"https:\\\/\\\/www.eggo.be\\\/fr\\\/a-propos\\\/eggo-life\\\/eggo-soutient-viva-for-life\\\/\",\"url\":\"https:\\\/\\\/www.eggo.be\\\/fr\\\/a-propos\\\/eggo-life\\\/eggo-soutient-viva-for-life\\\/\",\"name\":\"\u00c8ggo Life : notre engagement pour la soci\u00e9t\u00e9 et l'environnement\",\"isPartOf\":{\"@id\":\"https:\\\/\\\/www.eggo.be\\\/fr\\\/#website\"},\"primaryImageOfPage\":{\"@id\":\"https:\\\/\\\/www.eggo.be\\\/fr\\\/a-propos\\\/eggo-life\\\/eggo-soutient-viva-for-life\\\/#primaryimage\"},\"image\":{\"@id\":\"https:\\\/\\\/www.eggo.be\\\/fr\\\/a-propos\\\/eggo-life\\\/eggo-soutient-viva-for-life\\\/#primaryimage\"},\"thumbnailUrl\":\"https:\\\/\\\/www.eggo.be\\\/wp-content\\\/uploads\\\/2025\\\/11\\\/Capture-decran-2025-11-17-a-16.38.48.png\",\"datePublished\":\"2025-11-18T15:45:09+00:00\",\"dateModified\":\"2025-11-25T09:08:38+00:00\",\"description\":\"D\u00e9couvrez nos engagements RSE : durabilit\u00e9, protection de la nature, r\u00e9duction de notre empreinte carbone et engagements sociaux.\",\"breadcrumb\":{\"@id\":\"https:\\\/\\\/www.eggo.be\\\/fr\\\/a-propos\\\/eggo-life\\\/eggo-soutient-viva-for-life\\\/#breadcrumb\"},\"inLanguage\":\"fr-FR\",\"potentialAction\":[{\"@type\":\"ReadAction\",\"target\":[\"https:\\\/\\\/www.eggo.be\\\/fr\\\/a-propos\\\/eggo-life\\\/eggo-soutient-viva-for-life\\\/\"]}]},{\"@type\":\"ImageObject\",\"inLanguage\":\"fr-FR\",\"@id\":\"https:\\\/\\\/www.eggo.be\\\/fr\\\/a-propos\\\/eggo-life\\\/eggo-soutient-viva-for-life\\\/#primaryimage\",\"url\":\"https:\\\/\\\/www.eggo.be\\\/wp-content\\\/uploads\\\/2025\\\/11\\\/Capture-decran-2025-11-17-a-16.38.48.png\",\"contentUrl\":\"https:\\\/\\\/www.eggo.be\\\/wp-content\\\/uploads\\\/2025\\\/11\\\/Capture-decran-2025-11-17-a-16.38.48.png\",\"width\":1585,\"height\":1007,\"caption\":\"Groupe de personnes qui forment un coeur avec, au centre le messag e: \\\"\u00e8ggo Kitchen & House soutient Viva For Life VivaCit\u00e9\\\".\"},{\"@type\":\"BreadcrumbList\",\"@id\":\"https:\\\/\\\/www.eggo.be\\\/fr\\\/a-propos\\\/eggo-life\\\/eggo-soutient-viva-for-life\\\/#breadcrumb\",\"itemListElement\":[{\"@type\":\"ListItem\",\"position\":1,\"name\":\"Home\",\"item\":\"https:\\\/\\\/www.eggo.be\\\/fr\\\/\"},{\"@type\":\"ListItem\",\"position\":2,\"name\":\"\u00c0 propos\",\"item\":\"https:\\\/\\\/www.eggo.be\\\/fr\\\/a-propos\\\/\"},{\"@type\":\"ListItem\",\"position\":3,\"name\":\"\u00c8ggo Life\",\"item\":\"https:\\\/\\\/www.eggo.be\\\/fr\\\/a-propos\\\/eggo-life\\\/\"},{\"@type\":\"ListItem\",\"position\":4,\"name\":\"\u00c8ggo soutient Viva for life\"}]},{\"@type\":\"WebSite\",\"@id\":\"https:\\\/\\\/www.eggo.be\\\/fr\\\/#website\",\"url\":\"https:\\\/\\\/www.eggo.be\\\/fr\\\/\",\"name\":\"\u00e8ggo\",\"description\":\"\",\"publisher\":{\"@id\":\"https:\\\/\\\/www.eggo.be\\\/fr\\\/#organization\"},\"potentialAction\":[{\"@type\":\"SearchAction\",\"target\":{\"@type\":\"EntryPoint\",\"urlTemplate\":\"https:\\\/\\\/www.eggo.be\\\/fr\\\/?s={search_term_string}\"},\"query-input\":{\"@type\":\"PropertyValueSpecification\",\"valueRequired\":true,\"valueName\":\"search_term_string\"}}],\"inLanguage\":\"fr-FR\"},{\"@type\":[\"Organization\",\"Place\"],\"@id\":\"https:\\\/\\\/www.eggo.be\\\/fr\\\/#organization\",\"name\":\"\u00e8ggo\",\"alternateName\":\"eggo\",\"url\":\"https:\\\/\\\/www.eggo.be\\\/fr\\\/\",\"logo\":{\"@id\":\"https:\\\/\\\/www.eggo.be\\\/fr\\\/a-propos\\\/eggo-life\\\/eggo-soutient-viva-for-life\\\/#local-main-organization-logo\"},\"image\":{\"@id\":\"https:\\\/\\\/www.eggo.be\\\/fr\\\/a-propos\\\/eggo-life\\\/eggo-soutient-viva-for-life\\\/#local-main-organization-logo\"},\"sameAs\":[\"https:\\\/\\\/www.facebook.com\\\/eggokitchen\",\"https:\\\/\\\/www.linkedin.com\\\/company\\\/eggo\\\/\"],\"description\":\"Des cuisines et meubles de rangement de qualit\u00e9 \u00e0 des prix avantageux ! D\u00e9couvrez nos mod\u00e8les et prenez rendez-vous en ligne dans votre showroom \u00e8ggo.\",\"telephone\":[],\"openingHoursSpecification\":[{\"@type\":\"OpeningHoursSpecification\",\"dayOfWeek\":[\"Monday\",\"Tuesday\",\"Wednesday\",\"Thursday\",\"Friday\",\"Saturday\",\"Sunday\"],\"opens\":\"09:00\",\"closes\":\"17:00\"}]},{\"@type\":\"ImageObject\",\"inLanguage\":\"fr-FR\",\"@id\":\"https:\\\/\\\/www.eggo.be\\\/fr\\\/a-propos\\\/eggo-life\\\/eggo-soutient-viva-for-life\\\/#local-main-organization-logo\",\"url\":\"https:\\\/\\\/www.eggo.be\\\/wp-content\\\/uploads\\\/2025\\\/01\\\/Logo.png\",\"contentUrl\":\"https:\\\/\\\/www.eggo.be\\\/wp-content\\\/uploads\\\/2025\\\/01\\\/Logo.png\",\"width\":88,\"height\":88,\"caption\":\"\u00e8ggo\"}]}<\/script>\n<meta property=\"og:video\" content=\"https:\/\/www.youtube.com\/embed\/gtijcvBOOHA\" \/>\n<meta property=\"og:video:type\" content=\"text\/html\" \/>\n<meta property=\"og:video:duration\" content=\"175\" \/>\n<meta property=\"og:video:width\" content=\"480\" \/>\n<meta property=\"og:video:height\" content=\"270\" \/>\n<meta property=\"ya:ovs:adult\" content=\"false\" \/>\n<meta property=\"ya:ovs:upload_date\" content=\"2025-11-18T15:45:09+00:00\" \/>\n<meta property=\"ya:ovs:allow_embed\" content=\"true\" \/>\n<!-- \/ Yoast SEO Premium plugin. -->","yoast_head_json":{"title":"\u00c8ggo Life : notre engagement pour la soci\u00e9t\u00e9 et l'environnement","description":"D\u00e9couvrez nos engagements RSE : durabilit\u00e9, protection de la nature, r\u00e9duction de notre empreinte carbone et engagements sociaux.","robots":{"index":"index","follow":"follow","max-snippet":"max-snippet:-1","max-image-preview":"max-image-preview:large","max-video-preview":"max-video-preview:-1"},"canonical":"https:\/\/www.eggo.be\/fr\/a-propos\/eggo-life\/eggo-soutient-viva-for-life\/","og_locale":"fr_FR","og_type":"article","og_title":"\u00c8ggo soutient Viva for life","og_description":"D\u00e9couvrez nos engagements RSE : durabilit\u00e9, protection de la nature, r\u00e9duction de notre empreinte carbone et engagements sociaux.","og_url":"https:\/\/www.eggo.be\/fr\/a-propos\/eggo-life\/eggo-soutient-viva-for-life\/","og_site_name":"Eggo","article_publisher":"https:\/\/www.facebook.com\/eggokitchen","article_modified_time":"2025-11-25T09:08:38+00:00","og_image":[{"width":1024,"height":651,"url":"https:\/\/www.eggo.be\/wp-content\/uploads\/2025\/11\/Capture-decran-2025-11-17-a-16.38.48-1024x651.png","type":"image\/png"}],"twitter_card":"summary_large_image","twitter_misc":{"Dur\u00e9e de lecture estim\u00e9e":"4 minutes"},"schema":{"@context":"https:\/\/schema.org","@graph":[{"@type":"WebPage","@id":"https:\/\/www.eggo.be\/fr\/a-propos\/eggo-life\/eggo-soutient-viva-for-life\/","url":"https:\/\/www.eggo.be\/fr\/a-propos\/eggo-life\/eggo-soutient-viva-for-life\/","name":"\u00c8ggo Life : notre engagement pour la soci\u00e9t\u00e9 et l'environnement","isPartOf":{"@id":"https:\/\/www.eggo.be\/fr\/#website"},"primaryImageOfPage":{"@id":"https:\/\/www.eggo.be\/fr\/a-propos\/eggo-life\/eggo-soutient-viva-for-life\/#primaryimage"},"image":{"@id":"https:\/\/www.eggo.be\/fr\/a-propos\/eggo-life\/eggo-soutient-viva-for-life\/#primaryimage"},"thumbnailUrl":"https:\/\/www.eggo.be\/wp-content\/uploads\/2025\/11\/Capture-decran-2025-11-17-a-16.38.48.png","datePublished":"2025-11-18T15:45:09+00:00","dateModified":"2025-11-25T09:08:38+00:00","description":"D\u00e9couvrez nos engagements RSE : durabilit\u00e9, protection de la nature, r\u00e9duction de notre empreinte carbone et engagements sociaux.","breadcrumb":{"@id":"https:\/\/www.eggo.be\/fr\/a-propos\/eggo-life\/eggo-soutient-viva-for-life\/#breadcrumb"},"inLanguage":"fr-FR","potentialAction":[{"@type":"ReadAction","target":["https:\/\/www.eggo.be\/fr\/a-propos\/eggo-life\/eggo-soutient-viva-for-life\/"]}]},{"@type":"ImageObject","inLanguage":"fr-FR","@id":"https:\/\/www.eggo.be\/fr\/a-propos\/eggo-life\/eggo-soutient-viva-for-life\/#primaryimage","url":"https:\/\/www.eggo.be\/wp-content\/uploads\/2025\/11\/Capture-decran-2025-11-17-a-16.38.48.png","contentUrl":"https:\/\/www.eggo.be\/wp-content\/uploads\/2025\/11\/Capture-decran-2025-11-17-a-16.38.48.png","width":1585,"height":1007,"caption":"Groupe de personnes qui forment un coeur avec, au centre le messag e: \"\u00e8ggo Kitchen & House soutient Viva For Life VivaCit\u00e9\"."},{"@type":"BreadcrumbList","@id":"https:\/\/www.eggo.be\/fr\/a-propos\/eggo-life\/eggo-soutient-viva-for-life\/#breadcrumb","itemListElement":[{"@type":"ListItem","position":1,"name":"Home","item":"https:\/\/www.eggo.be\/fr\/"},{"@type":"ListItem","position":2,"name":"\u00c0 propos","item":"https:\/\/www.eggo.be\/fr\/a-propos\/"},{"@type":"ListItem","position":3,"name":"\u00c8ggo Life","item":"https:\/\/www.eggo.be\/fr\/a-propos\/eggo-life\/"},{"@type":"ListItem","position":4,"name":"\u00c8ggo soutient Viva for life"}]},{"@type":"WebSite","@id":"https:\/\/www.eggo.be\/fr\/#website","url":"https:\/\/www.eggo.be\/fr\/","name":"\u00e8ggo","description":"","publisher":{"@id":"https:\/\/www.eggo.be\/fr\/#organization"},"potentialAction":[{"@type":"SearchAction","target":{"@type":"EntryPoint","urlTemplate":"https:\/\/www.eggo.be\/fr\/?s={search_term_string}"},"query-input":{"@type":"PropertyValueSpecification","valueRequired":true,"valueName":"search_term_string"}}],"inLanguage":"fr-FR"},{"@type":["Organization","Place"],"@id":"https:\/\/www.eggo.be\/fr\/#organization","name":"\u00e8ggo","alternateName":"eggo","url":"https:\/\/www.eggo.be\/fr\/","logo":{"@id":"https:\/\/www.eggo.be\/fr\/a-propos\/eggo-life\/eggo-soutient-viva-for-life\/#local-main-organization-logo"},"image":{"@id":"https:\/\/www.eggo.be\/fr\/a-propos\/eggo-life\/eggo-soutient-viva-for-life\/#local-main-organization-logo"},"sameAs":["https:\/\/www.facebook.com\/eggokitchen","https:\/\/www.linkedin.com\/company\/eggo\/"],"description":"Des cuisines et meubles de rangement de qualit\u00e9 \u00e0 des prix avantageux ! D\u00e9couvrez nos mod\u00e8les et prenez rendez-vous en ligne dans votre showroom \u00e8ggo.","telephone":[],"openingHoursSpecification":[{"@type":"OpeningHoursSpecification","dayOfWeek":["Monday","Tuesday","Wednesday","Thursday","Friday","Saturday","Sunday"],"opens":"09:00","closes":"17:00"}]},{"@type":"ImageObject","inLanguage":"fr-FR","@id":"https:\/\/www.eggo.be\/fr\/a-propos\/eggo-life\/eggo-soutient-viva-for-life\/#local-main-organization-logo","url":"https:\/\/www.eggo.be\/wp-content\/uploads\/2025\/01\/Logo.png","contentUrl":"https:\/\/www.eggo.be\/wp-content\/uploads\/2025\/01\/Logo.png","width":88,"height":88,"caption":"\u00e8ggo"}]},"og_video":"https:\/\/www.youtube.com\/embed\/gtijcvBOOHA","og_video_type":"text\/html","og_video_duration":"175","og_video_width":"480","og_video_height":"270","ya_ovs_adult":"false","ya_ovs_upload_date":"2025-11-18T15:45:09+00:00","ya_ovs_allow_embed":"true"},"meta_box":{"promotion_toggle":"0","small_featured_promotion_toggle":"0","promotion_icon":[],"promotion_description":"","promotion_period":"","promotion_link":"","promotion_bg_color":"#ffffff","promotion_text_color":"#fe5000","read_more_content":"","catalog_pdf":[]},"_links":{"self":[{"href":"https:\/\/www.eggo.be\/fr\/wp-json\/wp\/v2\/pages\/41940","targetHints":{"allow":["GET"]}}],"collection":[{"href":"https:\/\/www.eggo.be\/fr\/wp-json\/wp\/v2\/pages"}],"about":[{"href":"https:\/\/www.eggo.be\/fr\/wp-json\/wp\/v2\/types\/page"}],"author":[{"embeddable":true,"href":"https:\/\/www.eggo.be\/fr\/wp-json\/wp\/v2\/users\/5"}],"replies":[{"embeddable":true,"href":"https:\/\/www.eggo.be\/fr\/wp-json\/wp\/v2\/comments?post=41940"}],"version-history":[{"count":45,"href":"https:\/\/www.eggo.be\/fr\/wp-json\/wp\/v2\/pages\/41940\/revisions"}],"predecessor-version":[{"id":42427,"href":"https:\/\/www.eggo.be\/fr\/wp-json\/wp\/v2\/pages\/41940\/revisions\/42427"}],"up":[{"embeddable":true,"href":"https:\/\/www.eggo.be\/fr\/wp-json\/wp\/v2\/pages\/9181"}],"wp:featuredmedia":[{"embeddable":true,"href":"https:\/\/www.eggo.be\/fr\/wp-json\/wp\/v2\/media\/41886"}],"wp:attachment":[{"href":"https:\/\/www.eggo.be\/fr\/wp-json\/wp\/v2\/media?parent=41940"}],"curies":[{"name":"wp","href":"https:\/\/api.w.org\/{rel}","templated":true}]}}