{"id":15462,"date":"2025-03-30T20:14:07","date_gmt":"2025-03-30T20:14:07","guid":{"rendered":"https:\/\/www.eggo.be\/?post_type=testimonials&#038;p=15462"},"modified":"2025-04-22T08:28:26","modified_gmt":"2025-04-22T08:28:26","slug":"la-cuisine-atelier-de-charles-jeandrain-un-espace-d-echange","status":"publish","type":"testimonials","link":"https:\/\/www.eggo.be\/fr\/temoignages\/la-cuisine-atelier-de-charles-jeandrain-un-espace-d-echange\/","title":{"rendered":"La cuisine\u00ab atelier \u00bb de\u00a0Charles Jeandrain\u00a0: un\u00a0espace d\u2019\u00e9change"},"content":{"rendered":"\t\t<div data-elementor-type=\"wp-post\" data-elementor-id=\"15462\" class=\"elementor elementor-15462\" data-elementor-post-type=\"testimonials\">\n\t\t\t\t<div class=\"elementor-element elementor-element-4a0aa56 e-flex e-con-boxed e-con e-parent\" data-id=\"4a0aa56\" data-element_type=\"container\" data-e-type=\"container\" data-settings=\"{&quot;background_background&quot;:&quot;classic&quot;}\">\n\t\t\t\t\t<div class=\"e-con-inner\">\n\t\t<div class=\"elementor-element elementor-element-d23e394 e-con-full e-flex e-con e-child\" data-id=\"d23e394\" data-element_type=\"container\" data-e-type=\"container\" data-settings=\"{&quot;background_background&quot;:&quot;classic&quot;,&quot;background_motion_fx_motion_fx_scrolling&quot;:&quot;yes&quot;,&quot;background_motion_fx_translateX_effect&quot;:&quot;yes&quot;,&quot;background_motion_fx_translateX_direction&quot;:&quot;negative&quot;,&quot;background_motion_fx_translateX_speed&quot;:{&quot;unit&quot;:&quot;px&quot;,&quot;size&quot;:4,&quot;sizes&quot;:[]},&quot;background_motion_fx_translateX_affectedRange&quot;:{&quot;unit&quot;:&quot;%&quot;,&quot;size&quot;:&quot;&quot;,&quot;sizes&quot;:{&quot;start&quot;:0,&quot;end&quot;:100}},&quot;background_motion_fx_devices&quot;:[&quot;desktop&quot;,&quot;tablet&quot;,&quot;mobile&quot;]}\">\n\t\t\t\t<\/div>\n\t\t<div class=\"elementor-element elementor-element-ac33675 e-con-full e-flex e-con e-child\" data-id=\"ac33675\" data-element_type=\"container\" data-e-type=\"container\">\n\t\t\t\t<div class=\"elementor-element elementor-element-bdd19eb elementor-widget elementor-widget-heading\" data-id=\"bdd19eb\" data-element_type=\"widget\" data-e-type=\"widget\" data-widget_type=\"heading.default\">\n\t\t\t\t<div class=\"elementor-widget-container\">\n\t\t\t\t\t<h2 class=\"elementor-heading-title elementor-size-default\">Des <b>ateliers culinaires<\/b> : une id\u00e9e commune\n<\/h2>\t\t\t\t<\/div>\n\t\t\t\t<\/div>\n\t\t\t\t<div class=\"elementor-element elementor-element-cb2687b elementor-widget elementor-widget-text-editor\" data-id=\"cb2687b\" data-element_type=\"widget\" data-e-type=\"widget\" data-widget_type=\"text-editor.default\">\n\t\t\t\t<div class=\"elementor-widget-container\">\n\t\t\t\t\t\t\t\t\t<p>Margaux et moi avons eu l\u2019id\u00e9e d\u2019am\u00e9nager un espace avec une\u00a0<strong>grande cuisine pour animer des showcookings<\/strong>.\u00a0 Nous le voulions suffisamment\u00a0<strong>ouvert et ergonomique\u00a0<\/strong>pour accueillir aussi bien des groupes priv\u00e9s que des groupes professionnels lors d\u2019incentives ou de r\u00e9unions.<\/p>\n<p>\u00a0<\/p>\n<p>Quand nous avons d\u00e9cid\u00e9 de cr\u00e9er cet espace cuisine pour l\u2019organisation d\u2019ateliers culinaires, nous n\u2019avons pas h\u00e9sit\u00e9 une seconde \u00e0 faire appel \u00e0 \u00e8ggo. \u00a0\u00a0<\/p>\t\t\t\t\t\t\t\t<\/div>\n\t\t\t\t<\/div>\n\t\t\t\t<\/div>\n\t\t\t\t\t<\/div>\n\t\t\t\t<\/div>\n\t\t<div class=\"elementor-element elementor-element-b0c2613 e-flex e-con-boxed e-con e-parent\" data-id=\"b0c2613\" data-element_type=\"container\" data-e-type=\"container\">\n\t\t\t\t\t<div class=\"e-con-inner\">\n\t\t<div class=\"elementor-element elementor-element-e3a8c98 e-con-full e-flex e-con e-child\" data-id=\"e3a8c98\" data-element_type=\"container\" data-e-type=\"container\" data-settings=\"{&quot;background_background&quot;:&quot;classic&quot;,&quot;background_motion_fx_motion_fx_scrolling&quot;:&quot;yes&quot;,&quot;background_motion_fx_translateX_effect&quot;:&quot;yes&quot;,&quot;background_motion_fx_translateX_direction&quot;:&quot;negative&quot;,&quot;background_motion_fx_translateX_speed&quot;:{&quot;unit&quot;:&quot;px&quot;,&quot;size&quot;:4,&quot;sizes&quot;:[]},&quot;background_motion_fx_translateX_affectedRange&quot;:{&quot;unit&quot;:&quot;%&quot;,&quot;size&quot;:&quot;&quot;,&quot;sizes&quot;:{&quot;start&quot;:0,&quot;end&quot;:100}},&quot;background_motion_fx_devices&quot;:[&quot;desktop&quot;,&quot;tablet&quot;,&quot;mobile&quot;]}\">\n\t\t\t\t<div class=\"elementor-element elementor-element-43553c6 elementor-widget elementor-widget-heading\" data-id=\"43553c6\" data-element_type=\"widget\" data-e-type=\"widget\" data-widget_type=\"heading.default\">\n\t\t\t\t<div class=\"elementor-widget-container\">\n\t\t\t\t\t<h2 class=\"elementor-heading-title elementor-size-default\">Pourquoi avoir <b>choisi \u00e8ggo<\/b>?\n<\/h2>\t\t\t\t<\/div>\n\t\t\t\t<\/div>\n\t\t\t\t<div class=\"elementor-element elementor-element-feadd4b elementor-widget elementor-widget-text-editor\" data-id=\"feadd4b\" data-element_type=\"widget\" data-e-type=\"widget\" data-widget_type=\"text-editor.default\">\n\t\t\t\t<div class=\"elementor-widget-container\">\n\t\t\t\t\t\t\t\t\t<section>\n<div class=\"container container--small typeset\">\n<p>Nous avons un lien particulier avec son directeur, Fr\u00e9d\u00e9ric Taminiaux. Nous sommes tous les deux de jeunes entrepreneurs namurois et nous partageons les valeurs du travail bien fait et du respect de nos clients.\u00a0 Nous sommes fiers de notre ville et nous adorons les challenges!<\/p>\n<\/div>\n<\/section>\t\t\t\t\t\t\t\t<\/div>\n\t\t\t\t<\/div>\n\t\t\t\t<\/div>\n\t\t<div class=\"elementor-element elementor-element-94b7a37 e-con-full e-flex e-con e-child\" data-id=\"94b7a37\" data-element_type=\"container\" data-e-type=\"container\" data-settings=\"{&quot;background_motion_fx_translateX_effect&quot;:&quot;yes&quot;,&quot;background_motion_fx_translateX_direction&quot;:&quot;negative&quot;,&quot;background_motion_fx_translateX_speed&quot;:{&quot;unit&quot;:&quot;px&quot;,&quot;size&quot;:4,&quot;sizes&quot;:[]},&quot;background_motion_fx_translateX_affectedRange&quot;:{&quot;unit&quot;:&quot;%&quot;,&quot;size&quot;:&quot;&quot;,&quot;sizes&quot;:{&quot;start&quot;:0,&quot;end&quot;:100}},&quot;background_motion_fx_devices&quot;:[&quot;desktop&quot;,&quot;tablet&quot;,&quot;mobile&quot;]}\">\n\t\t\t\t<div class=\"elementor-element elementor-element-a468a11 elementor-widget__width-inherit elementor-widget elementor-widget-video\" data-id=\"a468a11\" data-element_type=\"widget\" data-e-type=\"widget\" data-settings=\"{&quot;youtube_url&quot;:&quot;https:\\\/\\\/youtu.be\\\/yHQ_Bty3c9E&quot;,&quot;video_type&quot;:&quot;youtube&quot;,&quot;controls&quot;:&quot;yes&quot;}\" data-widget_type=\"video.default\">\n\t\t\t\t<div class=\"elementor-widget-container\">\n\t\t\t\t\t\t\t<div class=\"elementor-wrapper elementor-open-inline\">\n\t\t\t<div class=\"elementor-video\"><\/div>\t\t<\/div>\n\t\t\t\t\t\t<\/div>\n\t\t\t\t<\/div>\n\t\t\t\t<\/div>\n\t\t\t\t\t<\/div>\n\t\t\t\t<\/div>\n\t\t<div class=\"elementor-element elementor-element-ce4793c e-flex e-con-boxed e-con e-parent\" data-id=\"ce4793c\" data-element_type=\"container\" data-e-type=\"container\" data-settings=\"{&quot;background_background&quot;:&quot;classic&quot;}\">\n\t\t\t\t\t<div class=\"e-con-inner\">\n\t\t<div class=\"elementor-element elementor-element-72f1879 e-con-full e-flex e-con e-child\" data-id=\"72f1879\" data-element_type=\"container\" data-e-type=\"container\">\n\t\t\t\t<div class=\"elementor-element elementor-element-b3264a8 elementor-widget elementor-widget-heading\" data-id=\"b3264a8\" data-element_type=\"widget\" data-e-type=\"widget\" data-widget_type=\"heading.default\">\n\t\t\t\t<div class=\"elementor-widget-container\">\n\t\t\t\t\t<h2 class=\"elementor-heading-title elementor-size-default\">Comment s\u2019est d\u00e9roul\u00e9 ton projet ?\n<\/h2>\t\t\t\t<\/div>\n\t\t\t\t<\/div>\n\t\t\t\t<div class=\"elementor-element elementor-element-7295f4b elementor-widget elementor-widget-text-editor\" data-id=\"7295f4b\" data-element_type=\"widget\" data-e-type=\"widget\" data-widget_type=\"text-editor.default\">\n\t\t\t\t<div class=\"elementor-widget-container\">\n\t\t\t\t\t\t\t\t\t<section>\n<div class=\"container container--small typeset\">\n<section>\n<div class=\"container container--small typeset\">\n<p>Nous n\u2019avions\u00a0<strong>pas d\u2019architecte<\/strong>\u00a0pour ce projet d\u2019am\u00e9nagement, nous nous sommes rendus chez \u00e8ggo Erpent avec quelques id\u00e9es, sans plus &#8230; \u00a0<strong>Notre conseiller, Olivier,<\/strong>\u00a0est donc parti d\u2019une page blanche et a \u00e9t\u00e9<strong>\u00a0tr\u00e8s \u00e0 l\u2019\u00e9coute de nos d\u00e9sirs.\u00a0<\/strong><\/p>\n<p>\u00a0<\/p>\n<p>J\u2019ai \u00e9t\u00e9<strong>\u00a0impressionn\u00e9 par sa capacit\u00e9 de r\u00e9action<\/strong>, il a\u00a0<strong>cern\u00e9 nos attentes imm\u00e9diatement<\/strong>\u00a0pour ce projet qui requiert un rangement optimal et des appareils \u00e9lectrom\u00e9nagers sp\u00e9cifiques.\u00a0<\/p>\n<center>\n<p>\u00a0<\/p>\n<p>\u00ab\u00a0Nous avons re\u00e7u un\u00a0<strong>projet en un temps record\u00a0<\/strong>et r<strong>\u00e9pondant \u00e0 toutes nos exigences\u00a0<\/strong>!\u00a0\u00bb<\/p>\n<\/center>\n<p>\u00a0<\/p>\n<p>De plus, La\u00a0<strong>personne en charge du montage<\/strong>\u00a0de notre cuisine est\u00a0<strong>exceptionnelle<\/strong>: S\u00e9bastien a \u00e9t\u00e9 \u00e0 l\u2019\u00e9coute de nos demandes sur le chantier,\u00a0<strong>les finitions \u00e9taient parfaites<\/strong>\u00a0et le\u00a0<strong>montage a \u00e9t\u00e9 effectu\u00e9 dans les d\u00e9lais<\/strong>. S\u2019il \u00e9tait cuisinier, je l\u2019engagerais tout de suite dans ma brigade!\u00a0\ud83d\ude42<\/p>\n<\/div>\n<\/section>\n<section>\n<div class=\"container\">\u00a0<\/div>\n<\/section>\n<\/div>\n<\/section>\t\t\t\t\t\t\t\t<\/div>\n\t\t\t\t<\/div>\n\t\t\t\t<\/div>\n\t\t<div class=\"elementor-element elementor-element-7465c50 e-con-full e-flex e-con e-child\" data-id=\"7465c50\" data-element_type=\"container\" data-e-type=\"container\" data-settings=\"{&quot;background_motion_fx_motion_fx_scrolling&quot;:&quot;yes&quot;,&quot;background_motion_fx_translateX_effect&quot;:&quot;yes&quot;,&quot;background_motion_fx_translateX_direction&quot;:&quot;negative&quot;,&quot;background_background&quot;:&quot;classic&quot;,&quot;background_motion_fx_translateX_speed&quot;:{&quot;unit&quot;:&quot;px&quot;,&quot;size&quot;:4,&quot;sizes&quot;:[]},&quot;background_motion_fx_translateX_affectedRange&quot;:{&quot;unit&quot;:&quot;%&quot;,&quot;size&quot;:&quot;&quot;,&quot;sizes&quot;:{&quot;start&quot;:0,&quot;end&quot;:100}},&quot;background_motion_fx_devices&quot;:[&quot;desktop&quot;,&quot;tablet&quot;,&quot;mobile&quot;]}\">\n\t\t\t\t<div class=\"elementor-element elementor-element-5d8a52b elementor-widget elementor-widget-heading\" data-id=\"5d8a52b\" data-element_type=\"widget\" data-e-type=\"widget\" data-widget_type=\"heading.default\">\n\t\t\t\t<div class=\"elementor-widget-container\">\n\t\t\t\t\t<h2 class=\"elementor-heading-title elementor-size-default\">\u201cJe recommande \u00e8ggo pour son professionnalisme, le respect des id\u00e9es et les finitions parfaites!\u201d\n\n<\/h2>\t\t\t\t<\/div>\n\t\t\t\t<\/div>\n\t\t\t\t<div class=\"elementor-element elementor-element-e0283a8 elementor-widget elementor-widget-text-editor\" data-id=\"e0283a8\" data-element_type=\"widget\" data-e-type=\"widget\" data-widget_type=\"text-editor.default\">\n\t\t\t\t<div class=\"elementor-widget-container\">\n\t\t\t\t\t\t\t\t\t<section>\n<div class=\"container container--small typeset\">\n<section>\n<div class=\"container container--small typeset\">\n<p style=\"text-align: center;\">Charles Jeandrain<\/p>\n<\/div>\n<\/section>\n<\/div>\n<\/section>\t\t\t\t\t\t\t\t<\/div>\n\t\t\t\t<\/div>\n\t\t\t\t<\/div>\n\t\t\t\t\t<\/div>\n\t\t\t\t<\/div>\n\t\t<div class=\"elementor-element elementor-element-3ca7067 e-flex e-con-boxed e-con e-parent\" data-id=\"3ca7067\" data-element_type=\"container\" data-e-type=\"container\">\n\t\t\t\t\t<div class=\"e-con-inner\">\n\t\t<div class=\"elementor-element elementor-element-9a7db3e e-con-full e-flex e-con e-child\" data-id=\"9a7db3e\" data-element_type=\"container\" data-e-type=\"container\">\n\t\t\t\t<div class=\"elementor-element elementor-element-b11c282 elementor-widget elementor-widget-heading\" data-id=\"b11c282\" data-element_type=\"widget\" data-e-type=\"widget\" data-widget_type=\"heading.default\">\n\t\t\t\t<div class=\"elementor-widget-container\">\n\t\t\t\t\t<h2 class=\"elementor-heading-title elementor-size-default\">Quel est VOTRE <b>coup de c\u0153ur<\/b> dans cette <b>cuisine<\/b>?\n<\/h2>\t\t\t\t<\/div>\n\t\t\t\t<\/div>\n\t\t\t\t<div class=\"elementor-element elementor-element-3037623 elementor-widget elementor-widget-text-editor\" data-id=\"3037623\" data-element_type=\"widget\" data-e-type=\"widget\" data-widget_type=\"text-editor.default\">\n\t\t\t\t<div class=\"elementor-widget-container\">\n\t\t\t\t\t\t\t\t\t<section>\n<div class=\"container container--small typeset\">\n<p>Il s\u2019agit tr\u00e8s certainement des\u00a0<strong>mat\u00e9riaux recommand\u00e9s par \u00e8ggo.<\/strong><\/p>\n<p>\u00a0<\/p>\n<p>Je suis fan du\u00a0<strong>bois\u00a0<\/strong>et de la<strong>\u00a0pierre naturelle<\/strong>, notre restaurant \u201cAttablez-vous\u201d est d\u2019ailleurs d\u00e9j\u00e0 d\u00e9cor\u00e9 de ces mat\u00e9riaux qui ont l\u2019avantage d\u2019avoir de la\u00a0<strong>personnalit\u00e9 et de tr\u00e8s bien vieillir.\u00a0<\/strong><\/p>\n<p>\u00a0<\/p>\n<p>J\u2019adore les\u00a0<strong>portes noires mates, anti-traces<\/strong>. Mis \u00e0 part le fait que ce mat\u00e9riau est tr\u00e8s classe, il a \u00e9galement une<strong>\u00a0facilit\u00e9 d\u2019entretien<\/strong>\u00a0d\u00e9concertante. Et \u00e7a, les professionnels adorent\u00a0!<\/p>\n<\/div>\n<\/section>\n<div>\n<div class=\"container\">\n<div class=\"slider js-slider\">\n<div class=\"swiper-container js-swiper-container swiper-container-horizontal\">\n<div class=\"swiper-wrapper\">\n<figure class=\"slide swiper-slide swiper-slide-duplicate\" data-swiper-slide-index=\"0\">\n<div class=\"img-container\">\u00a0<\/div>\n<\/figure>\n<\/div>\n<\/div>\n<\/div>\n<\/div>\n<\/div>\t\t\t\t\t\t\t\t<\/div>\n\t\t\t\t<\/div>\n\t\t\t\t<\/div>\n\t\t<div class=\"elementor-element elementor-element-b837647 e-con-full e-flex e-con e-child\" data-id=\"b837647\" data-element_type=\"container\" data-e-type=\"container\" data-settings=\"{&quot;background_motion_fx_mouseTrack_effect&quot;:&quot;yes&quot;,&quot;background_motion_fx_mouseTrack_speed&quot;:{&quot;unit&quot;:&quot;px&quot;,&quot;size&quot;:0.9,&quot;sizes&quot;:[]}}\">\n\t\t\t\t<div class=\"elementor-element elementor-element-797d5ef elementor-arrows-position-outside large-custom-arrows elementor-widget elementor-widget-image-carousel\" data-id=\"797d5ef\" data-element_type=\"widget\" data-e-type=\"widget\" data-settings=\"{&quot;slides_to_show&quot;:&quot;3&quot;,&quot;slides_to_show_tablet&quot;:&quot;2&quot;,&quot;slides_to_show_mobile&quot;:&quot;1&quot;,&quot;slides_to_scroll&quot;:&quot;1&quot;,&quot;navigation&quot;:&quot;arrows&quot;,&quot;image_spacing_custom&quot;:{&quot;unit&quot;:&quot;px&quot;,&quot;size&quot;:16,&quot;sizes&quot;:[]},&quot;autoplay&quot;:&quot;yes&quot;,&quot;pause_on_hover&quot;:&quot;yes&quot;,&quot;pause_on_interaction&quot;:&quot;yes&quot;,&quot;autoplay_speed&quot;:5000,&quot;infinite&quot;:&quot;yes&quot;,&quot;speed&quot;:500,&quot;image_spacing_custom_tablet&quot;:{&quot;unit&quot;:&quot;px&quot;,&quot;size&quot;:&quot;&quot;,&quot;sizes&quot;:[]}}\" data-widget_type=\"image-carousel.default\">\n\t\t\t\t<div class=\"elementor-widget-container\">\n\t\t\t\t\t\t\t<div class=\"elementor-image-carousel-wrapper swiper\" role=\"region\" aria-roledescription=\"carousel\" aria-label=\"Carrousel d\u2019images\" dir=\"ltr\">\n\t\t\t<div class=\"elementor-image-carousel swiper-wrapper swiper-image-stretch\" aria-live=\"off\">\n\t\t\t\t\t\t\t\t<div class=\"swiper-slide\" role=\"group\" aria-roledescription=\"slide\" aria-label=\"1 sur 6\"><figure class=\"swiper-slide-inner\"><img decoding=\"async\" class=\"swiper-slide-image\" src=\"https:\/\/www.eggo.be\/wp-content\/uploads\/2025\/03\/Grand-format-15-960x500-1.jpg\" alt=\"Un homme en chemise blanche touche une table en bois clair, avec des bouteilles d&#039;huile et de vinaigre en arri\u00e8re-plan.\" \/><\/figure><\/div><div class=\"swiper-slide\" role=\"group\" aria-roledescription=\"slide\" aria-label=\"2 sur 6\"><figure class=\"swiper-slide-inner\"><img decoding=\"async\" class=\"swiper-slide-image\" src=\"https:\/\/www.eggo.be\/wp-content\/uploads\/2025\/03\/Grand-format-23-960x500-1.jpg\" alt=\"Un homme en chemise blanche utilise un four encastr\u00e9 dans une cuisine moderne aux armoires noires et plan de travail clair.\" \/><\/figure><\/div><div class=\"swiper-slide\" role=\"group\" aria-roledescription=\"slide\" aria-label=\"3 sur 6\"><figure class=\"swiper-slide-inner\"><img decoding=\"async\" class=\"swiper-slide-image\" src=\"https:\/\/www.eggo.be\/wp-content\/uploads\/2025\/03\/Grand-format-46-960x500-1.jpg\" alt=\"Cuisine moderne avec des armoires noires, un plan de travail en bois clair, des appareils en acier inoxydable, et une grande fen\u00eatre donnant sur l&#039;ext\u00e9rieur.\" \/><\/figure><\/div><div class=\"swiper-slide\" role=\"group\" aria-roledescription=\"slide\" aria-label=\"4 sur 6\"><figure class=\"swiper-slide-inner\"><img decoding=\"async\" class=\"swiper-slide-image\" src=\"https:\/\/www.eggo.be\/wp-content\/uploads\/2025\/03\/Grand-format-55-960x500-1.jpg\" alt=\"Cuisine moderne avec un \u00eelot central en bois clair, chaises noires, et cr\u00e9dence en carreaux noirs brillants, \u00e9quip\u00e9e d&#039;appareils \u00e9lectrom\u00e9nagers int\u00e9gr\u00e9s.\" \/><\/figure><\/div><div class=\"swiper-slide\" role=\"group\" aria-roledescription=\"slide\" aria-label=\"5 sur 6\"><figure class=\"swiper-slide-inner\"><img decoding=\"async\" class=\"swiper-slide-image\" src=\"https:\/\/www.eggo.be\/wp-content\/uploads\/2025\/03\/Grand-format-58-960x500-1.jpg\" alt=\"Deux brochures bleues avec des bandes color\u00e9es sont pos\u00e9es sur un meuble noir, \u00e9clair\u00e9es par une lumi\u00e8re douce en arri\u00e8re-plan.\" \/><\/figure><\/div><div class=\"swiper-slide\" role=\"group\" aria-roledescription=\"slide\" aria-label=\"6 sur 6\"><figure class=\"swiper-slide-inner\"><img decoding=\"async\" class=\"swiper-slide-image\" src=\"https:\/\/www.eggo.be\/wp-content\/uploads\/2025\/03\/Grand-format-87-960x500-1.jpg\" alt=\"Une main portant une bague en or repose sur le bord d&#039;une surface noire avec une bordure m\u00e9tallique.\" \/><\/figure><\/div>\t\t\t<\/div>\n\t\t\t\t\t\t\t\t\t\t\t\t<div class=\"elementor-swiper-button elementor-swiper-button-prev\" role=\"button\" tabindex=\"0\">\n\t\t\t\t\t\t<svg xmlns=\"http:\/\/www.w3.org\/2000\/svg\" width=\"30\" height=\"30\" viewBox=\"0 0 30 30\" fill=\"none\"><path d=\"M7.35205 13.167L17.1861 3.33295L14.5934 0.740234L0.333323 15.0003L14.5934 29.2602L17.1861 26.6675L7.35205 16.8336H29.6667V13.167H7.35205Z\" fill=\"#6E6809\"><\/path><\/svg>\t\t\t\t\t<\/div>\n\t\t\t\t\t<div class=\"elementor-swiper-button elementor-swiper-button-next\" role=\"button\" tabindex=\"0\">\n\t\t\t\t\t\t<svg xmlns=\"http:\/\/www.w3.org\/2000\/svg\" width=\"30\" height=\"30\" viewBox=\"0 0 30 30\" fill=\"none\"><path d=\"M22.648 13.167L12.814 3.33295L15.4067 0.740234L29.6667 15.0003L15.4067 29.2602L12.814 26.6675L22.648 16.8336H0.333374V13.167H22.648Z\" fill=\"#6E6809\"><\/path><\/svg>\t\t\t\t\t<\/div>\n\t\t\t\t\n\t\t\t\t\t\t\t\t\t<\/div>\n\t\t\t\t\t\t<\/div>\n\t\t\t\t<\/div>\n\t\t\t\t<\/div>\n\t\t\t\t\t<\/div>\n\t\t\t\t<\/div>\n\t\t<div class=\"elementor-element elementor-element-892c9a8 e-flex e-con-boxed e-con e-parent\" data-id=\"892c9a8\" data-element_type=\"container\" data-e-type=\"container\" data-settings=\"{&quot;background_background&quot;:&quot;classic&quot;}\">\n\t\t\t\t\t<div class=\"e-con-inner\">\n\t\t<div class=\"elementor-element elementor-element-c94e33e e-con-full e-flex e-con e-child\" data-id=\"c94e33e\" data-element_type=\"container\" data-e-type=\"container\">\n\t\t\t\t<div class=\"elementor-element elementor-element-9b3297b elementor-widget elementor-widget-heading\" data-id=\"9b3297b\" data-element_type=\"widget\" data-e-type=\"widget\" data-widget_type=\"heading.default\">\n\t\t\t\t<div class=\"elementor-widget-container\">\n\t\t\t\t\t<h2 class=\"elementor-heading-title elementor-size-default\">Que pensent vos clients de ce <b>nouvel espace cuisine<\/b> ?\n<\/h2>\t\t\t\t<\/div>\n\t\t\t\t<\/div>\n\t\t\t\t<div class=\"elementor-element elementor-element-564c2e0 elementor-widget elementor-widget-text-editor\" data-id=\"564c2e0\" data-element_type=\"widget\" data-e-type=\"widget\" data-widget_type=\"text-editor.default\">\n\t\t\t\t<div class=\"elementor-widget-container\">\n\t\t\t\t\t\t\t\t\t<section><div class=\"container container--small typeset\"><section><div class=\"container container--small typeset\"><p>Nos clients sont sous le charme, l\u2019espace est chaleureux et invite au partage&#8230;\u00a0\u00a0 le confinement nous prive de rassemblements dans notre tout nouvel espace cuisine depuis plusieurs mois et nous avons h\u00e2te de pouvoir ouvrir \u00e0 nouveau nos portes.<\/p><p>N\u2019h\u00e9sitez pas \u00e0\u00a0<strong>suivre les conseils culinaires de Charles\u00a0<\/strong>via son compte\u00a0<span style=\"color: #ffffff;\"><a style=\"color: #ffffff;\" href=\"https:\/\/www.instagram.com\/attablezvous\/\">instagram<\/a><\/span>\u00a0ou d\u2019ouvrir vos papilles en commandant l\u2019un de ces d\u00e9licieux plats via son site\u00a0:\u00a0<span style=\"color: #ffffff;\"><a style=\"color: #ffffff;\" href=\"https:\/\/www.attablezvous.be\/\" target=\"_blank\" rel=\"noopener\">Attablez-vous<\/a><\/span><\/p><\/div><\/section><\/div><\/section>\t\t\t\t\t\t\t\t<\/div>\n\t\t\t\t<\/div>\n\t\t\t\t<\/div>\n\t\t\t\t\t<\/div>\n\t\t\t\t<\/div>\n\t\t\t\t<\/div>\n\t\t","protected":false},"excerpt":{"rendered":"<p>Des ateliers culinaires : une id\u00e9e commune Margaux et moi avons eu l\u2019id\u00e9e d\u2019am\u00e9nager un espace avec une\u00a0grande cuisine pour animer des showcookings.\u00a0 Nous le voulions suffisamment\u00a0ouvert et ergonomique\u00a0pour accueillir aussi bien des groupes priv\u00e9s que des groupes professionnels lors d\u2019incentives ou de r\u00e9unions. \u00a0 Quand nous avons d\u00e9cid\u00e9 de cr\u00e9er cet espace cuisine pour [&hellip;]<\/p>\n","protected":false},"featured_media":15463,"comment_status":"open","ping_status":"closed","template":"","testimonials_category":[88],"testimonials_tag":[],"class_list":["post-15462","testimonials","type-testimonials","status-publish","has-post-thumbnail","hentry","testimonials_category-cuisine"],"yoast_head":"<!-- This site is optimized with the Yoast SEO Premium plugin v26.2 (Yoast SEO v27.4) - https:\/\/yoast.com\/product\/yoast-seo-premium-wordpress\/ -->\n<title>La cuisine\u00ab atelier \u00bb de\u00a0Charles Jeandrain\u00a0: un\u00a0espace d\u2019\u00e9change - Eggo<\/title>\n<meta name=\"robots\" content=\"index, follow, max-snippet:-1, max-image-preview:large, max-video-preview:-1\" \/>\n<link rel=\"canonical\" href=\"https:\/\/www.eggo.be\/fr\/temoignages\/la-cuisine-atelier-de-charles-jeandrain-un-espace-d-echange\/\" \/>\n<meta property=\"og:locale\" content=\"fr_FR\" \/>\n<meta property=\"og:type\" content=\"article\" \/>\n<meta property=\"og:title\" content=\"La cuisine\u00ab atelier \u00bb de\u00a0Charles Jeandrain\u00a0: un\u00a0espace d\u2019\u00e9change\" \/>\n<meta property=\"og:description\" content=\"Des ateliers culinaires : une id\u00e9e commune Margaux et moi avons eu l\u2019id\u00e9e d\u2019am\u00e9nager un espace avec une\u00a0grande cuisine pour animer des showcookings.\u00a0 Nous le voulions suffisamment\u00a0ouvert et ergonomique\u00a0pour accueillir aussi bien des groupes priv\u00e9s que des groupes professionnels lors d\u2019incentives ou de r\u00e9unions. \u00a0 Quand nous avons d\u00e9cid\u00e9 de cr\u00e9er cet espace cuisine pour [&hellip;]\" \/>\n<meta property=\"og:url\" content=\"https:\/\/www.eggo.be\/fr\/temoignages\/la-cuisine-atelier-de-charles-jeandrain-un-espace-d-echange\/\" \/>\n<meta property=\"og:site_name\" content=\"Eggo\" \/>\n<meta property=\"article:publisher\" content=\"https:\/\/www.facebook.com\/eggokitchen\" \/>\n<meta property=\"article:modified_time\" content=\"2025-04-22T08:28:26+00:00\" \/>\n<meta property=\"og:image\" content=\"https:\/\/www.eggo.be\/wp-content\/uploads\/2025\/03\/Header-4-760x521-1.jpg\" \/>\n\t<meta property=\"og:image:width\" content=\"760\" \/>\n\t<meta property=\"og:image:height\" content=\"521\" \/>\n\t<meta property=\"og:image:type\" content=\"image\/jpeg\" \/>\n<meta name=\"twitter:card\" content=\"summary_large_image\" \/>\n<meta name=\"twitter:label1\" content=\"Dur\u00e9e de lecture estim\u00e9e\" \/>\n\t<meta name=\"twitter:data1\" content=\"5 minutes\" \/>\n<script type=\"application\/ld+json\" class=\"yoast-schema-graph\">{\"@context\":\"https:\\\/\\\/schema.org\",\"@graph\":[{\"@type\":\"WebPage\",\"@id\":\"https:\\\/\\\/www.eggo.be\\\/fr\\\/temoignages\\\/la-cuisine-atelier-de-charles-jeandrain-un-espace-d-echange\\\/\",\"url\":\"https:\\\/\\\/www.eggo.be\\\/fr\\\/temoignages\\\/la-cuisine-atelier-de-charles-jeandrain-un-espace-d-echange\\\/\",\"name\":\"La cuisine\u00ab atelier \u00bb de\u00a0Charles Jeandrain\u00a0: un\u00a0espace d\u2019\u00e9change - Eggo\",\"isPartOf\":{\"@id\":\"https:\\\/\\\/www.eggo.be\\\/fr\\\/#website\"},\"primaryImageOfPage\":{\"@id\":\"https:\\\/\\\/www.eggo.be\\\/fr\\\/temoignages\\\/la-cuisine-atelier-de-charles-jeandrain-un-espace-d-echange\\\/#primaryimage\"},\"image\":{\"@id\":\"https:\\\/\\\/www.eggo.be\\\/fr\\\/temoignages\\\/la-cuisine-atelier-de-charles-jeandrain-un-espace-d-echange\\\/#primaryimage\"},\"thumbnailUrl\":\"https:\\\/\\\/www.eggo.be\\\/wp-content\\\/uploads\\\/2025\\\/03\\\/Header-4-760x521-1.jpg\",\"datePublished\":\"2025-03-30T20:14:07+00:00\",\"dateModified\":\"2025-04-22T08:28:26+00:00\",\"breadcrumb\":{\"@id\":\"https:\\\/\\\/www.eggo.be\\\/fr\\\/temoignages\\\/la-cuisine-atelier-de-charles-jeandrain-un-espace-d-echange\\\/#breadcrumb\"},\"inLanguage\":\"fr-FR\",\"potentialAction\":[{\"@type\":\"ReadAction\",\"target\":[\"https:\\\/\\\/www.eggo.be\\\/fr\\\/temoignages\\\/la-cuisine-atelier-de-charles-jeandrain-un-espace-d-echange\\\/\"]}]},{\"@type\":\"ImageObject\",\"inLanguage\":\"fr-FR\",\"@id\":\"https:\\\/\\\/www.eggo.be\\\/fr\\\/temoignages\\\/la-cuisine-atelier-de-charles-jeandrain-un-espace-d-echange\\\/#primaryimage\",\"url\":\"https:\\\/\\\/www.eggo.be\\\/wp-content\\\/uploads\\\/2025\\\/03\\\/Header-4-760x521-1.jpg\",\"contentUrl\":\"https:\\\/\\\/www.eggo.be\\\/wp-content\\\/uploads\\\/2025\\\/03\\\/Header-4-760x521-1.jpg\",\"width\":760,\"height\":521,\"caption\":\"Un cuisinier en veste blanche se tient dans une cuisine moderne avec un plan de travail en bois et un mur de carreaux noirs.\"},{\"@type\":\"BreadcrumbList\",\"@id\":\"https:\\\/\\\/www.eggo.be\\\/fr\\\/temoignages\\\/la-cuisine-atelier-de-charles-jeandrain-un-espace-d-echange\\\/#breadcrumb\",\"itemListElement\":[{\"@type\":\"ListItem\",\"position\":1,\"name\":\"Home\",\"item\":\"https:\\\/\\\/www.eggo.be\\\/fr\\\/\"},{\"@type\":\"ListItem\",\"position\":2,\"name\":\"Testimonials\",\"item\":\"https:\\\/\\\/www.eggo.be\\\/fr\\\/temoignages\\\/\"},{\"@type\":\"ListItem\",\"position\":3,\"name\":\"La cuisine\u00ab atelier \u00bb de\u00a0Charles Jeandrain\u00a0: un\u00a0espace d\u2019\u00e9change\"}]},{\"@type\":\"WebSite\",\"@id\":\"https:\\\/\\\/www.eggo.be\\\/fr\\\/#website\",\"url\":\"https:\\\/\\\/www.eggo.be\\\/fr\\\/\",\"name\":\"\u00e8ggo\",\"description\":\"\",\"publisher\":{\"@id\":\"https:\\\/\\\/www.eggo.be\\\/fr\\\/#organization\"},\"potentialAction\":[{\"@type\":\"SearchAction\",\"target\":{\"@type\":\"EntryPoint\",\"urlTemplate\":\"https:\\\/\\\/www.eggo.be\\\/fr\\\/?s={search_term_string}\"},\"query-input\":{\"@type\":\"PropertyValueSpecification\",\"valueRequired\":true,\"valueName\":\"search_term_string\"}}],\"inLanguage\":\"fr-FR\"},{\"@type\":[\"Organization\",\"Place\"],\"@id\":\"https:\\\/\\\/www.eggo.be\\\/fr\\\/#organization\",\"name\":\"\u00e8ggo\",\"alternateName\":\"eggo\",\"url\":\"https:\\\/\\\/www.eggo.be\\\/fr\\\/\",\"logo\":{\"@id\":\"https:\\\/\\\/www.eggo.be\\\/fr\\\/temoignages\\\/la-cuisine-atelier-de-charles-jeandrain-un-espace-d-echange\\\/#local-main-organization-logo\"},\"image\":{\"@id\":\"https:\\\/\\\/www.eggo.be\\\/fr\\\/temoignages\\\/la-cuisine-atelier-de-charles-jeandrain-un-espace-d-echange\\\/#local-main-organization-logo\"},\"sameAs\":[\"https:\\\/\\\/www.facebook.com\\\/eggokitchen\",\"https:\\\/\\\/www.linkedin.com\\\/company\\\/eggo\\\/\"],\"description\":\"Des cuisines et meubles de rangement de qualit\u00e9 \u00e0 des prix avantageux ! D\u00e9couvrez nos mod\u00e8les et prenez rendez-vous en ligne dans votre showroom \u00e8ggo.\",\"telephone\":[],\"openingHoursSpecification\":[{\"@type\":\"OpeningHoursSpecification\",\"dayOfWeek\":[\"Monday\",\"Tuesday\",\"Wednesday\",\"Thursday\",\"Friday\",\"Saturday\",\"Sunday\"],\"opens\":\"09:00\",\"closes\":\"17:00\"}]},{\"@type\":\"ImageObject\",\"inLanguage\":\"fr-FR\",\"@id\":\"https:\\\/\\\/www.eggo.be\\\/fr\\\/temoignages\\\/la-cuisine-atelier-de-charles-jeandrain-un-espace-d-echange\\\/#local-main-organization-logo\",\"url\":\"https:\\\/\\\/www.eggo.be\\\/wp-content\\\/uploads\\\/2025\\\/01\\\/Logo.png\",\"contentUrl\":\"https:\\\/\\\/www.eggo.be\\\/wp-content\\\/uploads\\\/2025\\\/01\\\/Logo.png\",\"width\":88,\"height\":88,\"caption\":\"\u00e8ggo\"}]}<\/script>\n<meta property=\"og:video\" content=\"https:\/\/www.youtube.com\/embed\/yHQ_Bty3c9E\" \/>\n<meta property=\"og:video:type\" content=\"text\/html\" \/>\n<meta property=\"og:video:duration\" content=\"46\" \/>\n<meta property=\"og:video:width\" content=\"480\" \/>\n<meta property=\"og:video:height\" content=\"360\" \/>\n<meta property=\"ya:ovs:adult\" content=\"false\" \/>\n<meta property=\"ya:ovs:upload_date\" content=\"2025-03-30T20:14:07+00:00\" \/>\n<meta property=\"ya:ovs:allow_embed\" content=\"true\" \/>\n<!-- \/ Yoast SEO Premium plugin. -->","yoast_head_json":{"title":"La cuisine\u00ab atelier \u00bb de\u00a0Charles Jeandrain\u00a0: un\u00a0espace d\u2019\u00e9change - Eggo","robots":{"index":"index","follow":"follow","max-snippet":"max-snippet:-1","max-image-preview":"max-image-preview:large","max-video-preview":"max-video-preview:-1"},"canonical":"https:\/\/www.eggo.be\/fr\/temoignages\/la-cuisine-atelier-de-charles-jeandrain-un-espace-d-echange\/","og_locale":"fr_FR","og_type":"article","og_title":"La cuisine\u00ab atelier \u00bb de\u00a0Charles Jeandrain\u00a0: un\u00a0espace d\u2019\u00e9change","og_description":"Des ateliers culinaires : une id\u00e9e commune Margaux et moi avons eu l\u2019id\u00e9e d\u2019am\u00e9nager un espace avec une\u00a0grande cuisine pour animer des showcookings.\u00a0 Nous le voulions suffisamment\u00a0ouvert et ergonomique\u00a0pour accueillir aussi bien des groupes priv\u00e9s que des groupes professionnels lors d\u2019incentives ou de r\u00e9unions. \u00a0 Quand nous avons d\u00e9cid\u00e9 de cr\u00e9er cet espace cuisine pour [&hellip;]","og_url":"https:\/\/www.eggo.be\/fr\/temoignages\/la-cuisine-atelier-de-charles-jeandrain-un-espace-d-echange\/","og_site_name":"Eggo","article_publisher":"https:\/\/www.facebook.com\/eggokitchen","article_modified_time":"2025-04-22T08:28:26+00:00","og_image":[{"width":760,"height":521,"url":"https:\/\/www.eggo.be\/wp-content\/uploads\/2025\/03\/Header-4-760x521-1.jpg","type":"image\/jpeg"}],"twitter_card":"summary_large_image","twitter_misc":{"Dur\u00e9e de lecture estim\u00e9e":"5 minutes"},"schema":{"@context":"https:\/\/schema.org","@graph":[{"@type":"WebPage","@id":"https:\/\/www.eggo.be\/fr\/temoignages\/la-cuisine-atelier-de-charles-jeandrain-un-espace-d-echange\/","url":"https:\/\/www.eggo.be\/fr\/temoignages\/la-cuisine-atelier-de-charles-jeandrain-un-espace-d-echange\/","name":"La cuisine\u00ab atelier \u00bb de\u00a0Charles Jeandrain\u00a0: un\u00a0espace d\u2019\u00e9change - Eggo","isPartOf":{"@id":"https:\/\/www.eggo.be\/fr\/#website"},"primaryImageOfPage":{"@id":"https:\/\/www.eggo.be\/fr\/temoignages\/la-cuisine-atelier-de-charles-jeandrain-un-espace-d-echange\/#primaryimage"},"image":{"@id":"https:\/\/www.eggo.be\/fr\/temoignages\/la-cuisine-atelier-de-charles-jeandrain-un-espace-d-echange\/#primaryimage"},"thumbnailUrl":"https:\/\/www.eggo.be\/wp-content\/uploads\/2025\/03\/Header-4-760x521-1.jpg","datePublished":"2025-03-30T20:14:07+00:00","dateModified":"2025-04-22T08:28:26+00:00","breadcrumb":{"@id":"https:\/\/www.eggo.be\/fr\/temoignages\/la-cuisine-atelier-de-charles-jeandrain-un-espace-d-echange\/#breadcrumb"},"inLanguage":"fr-FR","potentialAction":[{"@type":"ReadAction","target":["https:\/\/www.eggo.be\/fr\/temoignages\/la-cuisine-atelier-de-charles-jeandrain-un-espace-d-echange\/"]}]},{"@type":"ImageObject","inLanguage":"fr-FR","@id":"https:\/\/www.eggo.be\/fr\/temoignages\/la-cuisine-atelier-de-charles-jeandrain-un-espace-d-echange\/#primaryimage","url":"https:\/\/www.eggo.be\/wp-content\/uploads\/2025\/03\/Header-4-760x521-1.jpg","contentUrl":"https:\/\/www.eggo.be\/wp-content\/uploads\/2025\/03\/Header-4-760x521-1.jpg","width":760,"height":521,"caption":"Un cuisinier en veste blanche se tient dans une cuisine moderne avec un plan de travail en bois et un mur de carreaux noirs."},{"@type":"BreadcrumbList","@id":"https:\/\/www.eggo.be\/fr\/temoignages\/la-cuisine-atelier-de-charles-jeandrain-un-espace-d-echange\/#breadcrumb","itemListElement":[{"@type":"ListItem","position":1,"name":"Home","item":"https:\/\/www.eggo.be\/fr\/"},{"@type":"ListItem","position":2,"name":"Testimonials","item":"https:\/\/www.eggo.be\/fr\/temoignages\/"},{"@type":"ListItem","position":3,"name":"La cuisine\u00ab atelier \u00bb de\u00a0Charles Jeandrain\u00a0: un\u00a0espace d\u2019\u00e9change"}]},{"@type":"WebSite","@id":"https:\/\/www.eggo.be\/fr\/#website","url":"https:\/\/www.eggo.be\/fr\/","name":"\u00e8ggo","description":"","publisher":{"@id":"https:\/\/www.eggo.be\/fr\/#organization"},"potentialAction":[{"@type":"SearchAction","target":{"@type":"EntryPoint","urlTemplate":"https:\/\/www.eggo.be\/fr\/?s={search_term_string}"},"query-input":{"@type":"PropertyValueSpecification","valueRequired":true,"valueName":"search_term_string"}}],"inLanguage":"fr-FR"},{"@type":["Organization","Place"],"@id":"https:\/\/www.eggo.be\/fr\/#organization","name":"\u00e8ggo","alternateName":"eggo","url":"https:\/\/www.eggo.be\/fr\/","logo":{"@id":"https:\/\/www.eggo.be\/fr\/temoignages\/la-cuisine-atelier-de-charles-jeandrain-un-espace-d-echange\/#local-main-organization-logo"},"image":{"@id":"https:\/\/www.eggo.be\/fr\/temoignages\/la-cuisine-atelier-de-charles-jeandrain-un-espace-d-echange\/#local-main-organization-logo"},"sameAs":["https:\/\/www.facebook.com\/eggokitchen","https:\/\/www.linkedin.com\/company\/eggo\/"],"description":"Des cuisines et meubles de rangement de qualit\u00e9 \u00e0 des prix avantageux ! D\u00e9couvrez nos mod\u00e8les et prenez rendez-vous en ligne dans votre showroom \u00e8ggo.","telephone":[],"openingHoursSpecification":[{"@type":"OpeningHoursSpecification","dayOfWeek":["Monday","Tuesday","Wednesday","Thursday","Friday","Saturday","Sunday"],"opens":"09:00","closes":"17:00"}]},{"@type":"ImageObject","inLanguage":"fr-FR","@id":"https:\/\/www.eggo.be\/fr\/temoignages\/la-cuisine-atelier-de-charles-jeandrain-un-espace-d-echange\/#local-main-organization-logo","url":"https:\/\/www.eggo.be\/wp-content\/uploads\/2025\/01\/Logo.png","contentUrl":"https:\/\/www.eggo.be\/wp-content\/uploads\/2025\/01\/Logo.png","width":88,"height":88,"caption":"\u00e8ggo"}]},"og_video":"https:\/\/www.youtube.com\/embed\/yHQ_Bty3c9E","og_video_type":"text\/html","og_video_duration":"46","og_video_width":"480","og_video_height":"360","ya_ovs_adult":"false","ya_ovs_upload_date":"2025-03-30T20:14:07+00:00","ya_ovs_allow_embed":"true"},"meta_box":{"newly_labeled":"0","promotion_toggle":"0","small_featured_promotion_toggle":"0","promotion_icon":[],"promotion_description":"","promotion_period":"","promotion_link":"","promotion_bg_color":"#ffffff","promotion_text_color":"#fe5000","read_more_content":"","testimonial_text":"Visite chez notre <b>partenaire et ami, Charles Jeandrain<\/b>. Patron et <b>chef \u00e9toil\u00e9<\/b> du restaurant \u00ab <b>Attablez-vous<\/b> \u00bb - en <b>r\u00e9gion namuroise<\/b>, il nous parle de sa nouvelle cuisine \u2013 atelier et des projets qu\u2019il aimerait r\u00e9aliser autour de cette table.\r\n\r\n","author_name":"","testimonial_text_box_toggle":"0","testimonial_promotion_toggle":"0"},"_links":{"self":[{"href":"https:\/\/www.eggo.be\/fr\/wp-json\/wp\/v2\/testimonials\/15462","targetHints":{"allow":["GET"]}}],"collection":[{"href":"https:\/\/www.eggo.be\/fr\/wp-json\/wp\/v2\/testimonials"}],"about":[{"href":"https:\/\/www.eggo.be\/fr\/wp-json\/wp\/v2\/types\/testimonials"}],"replies":[{"embeddable":true,"href":"https:\/\/www.eggo.be\/fr\/wp-json\/wp\/v2\/comments?post=15462"}],"version-history":[{"count":23,"href":"https:\/\/www.eggo.be\/fr\/wp-json\/wp\/v2\/testimonials\/15462\/revisions"}],"predecessor-version":[{"id":32855,"href":"https:\/\/www.eggo.be\/fr\/wp-json\/wp\/v2\/testimonials\/15462\/revisions\/32855"}],"wp:featuredmedia":[{"embeddable":true,"href":"https:\/\/www.eggo.be\/fr\/wp-json\/wp\/v2\/media\/15463"}],"wp:attachment":[{"href":"https:\/\/www.eggo.be\/fr\/wp-json\/wp\/v2\/media?parent=15462"}],"wp:term":[{"taxonomy":"testimonials_category","embeddable":true,"href":"https:\/\/www.eggo.be\/fr\/wp-json\/wp\/v2\/testimonials_category?post=15462"},{"taxonomy":"testimonials_tag","embeddable":true,"href":"https:\/\/www.eggo.be\/fr\/wp-json\/wp\/v2\/testimonials_tag?post=15462"}],"curies":[{"name":"wp","href":"https:\/\/api.w.org\/{rel}","templated":true}]}}