{"id":15709,"date":"2025-03-30T22:30:56","date_gmt":"2025-03-30T22:30:56","guid":{"rendered":"https:\/\/www.eggo.be\/?post_type=testimonials&#038;p=15709"},"modified":"2025-04-15T21:56:38","modified_gmt":"2025-04-15T21:56:38","slug":"la-bibliotheque-de-stephanie-et-simon","status":"publish","type":"testimonials","link":"https:\/\/www.eggo.be\/fr\/temoignages\/la-bibliotheque-de-stephanie-et-simon\/","title":{"rendered":"La biblioth\u00e8que\u00a0de St\u00e9phanie et Simon"},"content":{"rendered":"\t\t<div data-elementor-type=\"wp-post\" data-elementor-id=\"15709\" class=\"elementor elementor-15709\" data-elementor-post-type=\"testimonials\">\n\t\t\t\t<div class=\"elementor-element elementor-element-b0c2613 e-flex e-con-boxed e-con e-parent\" data-id=\"b0c2613\" data-element_type=\"container\" data-e-type=\"container\" data-settings=\"{&quot;background_background&quot;:&quot;classic&quot;}\">\n\t\t\t\t\t<div class=\"e-con-inner\">\n\t\t<div class=\"elementor-element elementor-element-e3a8c98 e-con-full e-flex e-con e-child\" data-id=\"e3a8c98\" data-element_type=\"container\" data-e-type=\"container\" data-settings=\"{&quot;background_background&quot;:&quot;classic&quot;,&quot;background_motion_fx_motion_fx_scrolling&quot;:&quot;yes&quot;,&quot;background_motion_fx_translateX_effect&quot;:&quot;yes&quot;,&quot;background_motion_fx_translateX_direction&quot;:&quot;negative&quot;,&quot;background_motion_fx_translateX_speed&quot;:{&quot;unit&quot;:&quot;px&quot;,&quot;size&quot;:4,&quot;sizes&quot;:[]},&quot;background_motion_fx_translateX_affectedRange&quot;:{&quot;unit&quot;:&quot;%&quot;,&quot;size&quot;:&quot;&quot;,&quot;sizes&quot;:{&quot;start&quot;:0,&quot;end&quot;:100}},&quot;background_motion_fx_devices&quot;:[&quot;desktop&quot;,&quot;tablet&quot;,&quot;mobile&quot;]}\">\n\t\t\t\t<div class=\"elementor-element elementor-element-43553c6 elementor-widget elementor-widget-heading\" data-id=\"43553c6\" data-element_type=\"widget\" data-e-type=\"widget\" data-widget_type=\"heading.default\">\n\t\t\t\t<div class=\"elementor-widget-container\">\n\t\t\t\t\t<h2 class=\"elementor-heading-title elementor-size-default\">Quels \u00e9taient leurs d\u00e9sirs ?\n<\/h2>\t\t\t\t<\/div>\n\t\t\t\t<\/div>\n\t\t\t\t<div class=\"elementor-element elementor-element-feadd4b elementor-widget elementor-widget-text-editor\" data-id=\"feadd4b\" data-element_type=\"widget\" data-e-type=\"widget\" data-widget_type=\"text-editor.default\">\n\t\t\t\t<div class=\"elementor-widget-container\">\n\t\t\t\t\t\t\t\t\t<section><div class=\"container container--small typeset\"><section><div class=\"container container--small typeset\"><p>Pour ce jeune couple d\u2019ing\u00e9nieurs, qui habitait dans une caravane au fond de leur jardin en attendant que les travaux de r\u00e9novation de leur maison se terminent, retrouver le confort d\u2019un chez-soi commen\u00e7ait \u00e0 devenir urgent\u00a0!<\/p><p>Ce dont ils r\u00eavaient pour leur int\u00e9rieur ? Un style industriel et brut dans lequel aurait pris place la belle biblioth\u00e8que qui faisait envie \u00e0 St\u00e9phanie depuis si longtemps. En effet, elle adore lire et poss\u00e8de une grande collection de livres. Mais cette biblioth\u00e8que devait aussi pouvoir accueillir toute une s\u00e9rie de choses que le jeune couple souhaitait exposer dans cette pi\u00e8ce de vie\u00a0: souvenir de famille et de vacances, objets sentimentaux, \u2026<\/p><\/div><\/section><\/div><\/section>\t\t\t\t\t\t\t\t<\/div>\n\t\t\t\t<\/div>\n\t\t\t\t<\/div>\n\t\t<div class=\"elementor-element elementor-element-94b7a37 e-con-full e-flex e-con e-child\" data-id=\"94b7a37\" data-element_type=\"container\" data-e-type=\"container\" data-settings=\"{&quot;background_motion_fx_translateX_effect&quot;:&quot;yes&quot;,&quot;background_motion_fx_translateX_direction&quot;:&quot;negative&quot;,&quot;background_motion_fx_translateX_speed&quot;:{&quot;unit&quot;:&quot;px&quot;,&quot;size&quot;:4,&quot;sizes&quot;:[]},&quot;background_motion_fx_translateX_affectedRange&quot;:{&quot;unit&quot;:&quot;%&quot;,&quot;size&quot;:&quot;&quot;,&quot;sizes&quot;:{&quot;start&quot;:0,&quot;end&quot;:100}},&quot;background_motion_fx_devices&quot;:[&quot;desktop&quot;,&quot;tablet&quot;,&quot;mobile&quot;]}\">\n\t\t\t\t<div class=\"elementor-element elementor-element-a634875 elementor-arrows-position-outside large-custom-arrows elementor-widget elementor-widget-image-carousel\" data-id=\"a634875\" data-element_type=\"widget\" data-e-type=\"widget\" data-settings=\"{&quot;slides_to_show&quot;:&quot;1&quot;,&quot;slides_to_show_tablet&quot;:&quot;2&quot;,&quot;slides_to_show_mobile&quot;:&quot;1&quot;,&quot;navigation&quot;:&quot;arrows&quot;,&quot;autoplay&quot;:&quot;yes&quot;,&quot;pause_on_hover&quot;:&quot;yes&quot;,&quot;pause_on_interaction&quot;:&quot;yes&quot;,&quot;autoplay_speed&quot;:5000,&quot;infinite&quot;:&quot;yes&quot;,&quot;effect&quot;:&quot;slide&quot;,&quot;speed&quot;:500,&quot;image_spacing_custom_tablet&quot;:{&quot;unit&quot;:&quot;px&quot;,&quot;size&quot;:&quot;&quot;,&quot;sizes&quot;:[]}}\" data-widget_type=\"image-carousel.default\">\n\t\t\t\t<div class=\"elementor-widget-container\">\n\t\t\t\t\t\t\t<div class=\"elementor-image-carousel-wrapper swiper\" role=\"region\" aria-roledescription=\"carousel\" aria-label=\"Carrousel d\u2019images\" dir=\"ltr\">\n\t\t\t<div class=\"elementor-image-carousel swiper-wrapper\" aria-live=\"off\">\n\t\t\t\t\t\t\t\t<div class=\"swiper-slide\" role=\"group\" aria-roledescription=\"slide\" aria-label=\"1 sur 4\"><figure class=\"swiper-slide-inner\"><img decoding=\"async\" class=\"swiper-slide-image\" src=\"https:\/\/www.eggo.be\/wp-content\/uploads\/2025\/03\/011.jpg\" alt=\"Une applique murale noire \u00e9claire un mur gris \u00e0 c\u00f4t\u00e9 d&#039;une biblioth\u00e8que contenant des livres, des vases et une radio vintage.\" \/><\/figure><\/div><div class=\"swiper-slide\" role=\"group\" aria-roledescription=\"slide\" aria-label=\"2 sur 4\"><figure class=\"swiper-slide-inner\"><img decoding=\"async\" class=\"swiper-slide-image\" src=\"https:\/\/www.eggo.be\/wp-content\/uploads\/2025\/03\/021.jpg\" alt=\"Une biblioth\u00e8que grise remplie de livres color\u00e9s, objets d\u00e9coratifs vari\u00e9s et une lampe sur pied noire allum\u00e9e \u00e0 droite.\" \/><\/figure><\/div><div class=\"swiper-slide\" role=\"group\" aria-roledescription=\"slide\" aria-label=\"3 sur 4\"><figure class=\"swiper-slide-inner\"><img decoding=\"async\" class=\"swiper-slide-image\" src=\"https:\/\/www.eggo.be\/wp-content\/uploads\/2025\/03\/031.jpg\" alt=\"\u00c9tag\u00e8re grise avec livres color\u00e9s et vieille radio en bois, lampadaire noir \u00e0 tr\u00e9pied \u00e0 droite, canap\u00e9 gris en avant-plan.\" \/><\/figure><\/div><div class=\"swiper-slide\" role=\"group\" aria-roledescription=\"slide\" aria-label=\"4 sur 4\"><figure class=\"swiper-slide-inner\"><img decoding=\"async\" class=\"swiper-slide-image\" src=\"https:\/\/www.eggo.be\/wp-content\/uploads\/2025\/03\/041.jpg\" alt=\"Un canap\u00e9 vert avec des coussins color\u00e9s est plac\u00e9 devant une \u00e9tag\u00e8re grise remplie de livres et d&#039;objets d\u00e9coratifs.\" \/><\/figure><\/div>\t\t\t<\/div>\n\t\t\t\t\t\t\t\t\t\t\t\t<div class=\"elementor-swiper-button elementor-swiper-button-prev\" role=\"button\" tabindex=\"0\">\n\t\t\t\t\t\t<svg xmlns=\"http:\/\/www.w3.org\/2000\/svg\" width=\"30\" height=\"30\" viewBox=\"0 0 30 30\" fill=\"none\"><path d=\"M7.35205 13.167L17.1861 3.33295L14.5934 0.740234L0.333323 15.0003L14.5934 29.2602L17.1861 26.6675L7.35205 16.8336H29.6667V13.167H7.35205Z\" fill=\"#6E6809\"><\/path><\/svg>\t\t\t\t\t<\/div>\n\t\t\t\t\t<div class=\"elementor-swiper-button elementor-swiper-button-next\" role=\"button\" tabindex=\"0\">\n\t\t\t\t\t\t<svg xmlns=\"http:\/\/www.w3.org\/2000\/svg\" width=\"30\" height=\"30\" viewBox=\"0 0 30 30\" fill=\"none\"><path d=\"M22.648 13.167L12.814 3.33295L15.4067 0.740234L29.6667 15.0003L15.4067 29.2602L12.814 26.6675L22.648 16.8336H0.333374V13.167H22.648Z\" fill=\"#6E6809\"><\/path><\/svg>\t\t\t\t\t<\/div>\n\t\t\t\t\n\t\t\t\t\t\t\t\t\t<\/div>\n\t\t\t\t\t\t<\/div>\n\t\t\t\t<\/div>\n\t\t\t\t<\/div>\n\t\t\t\t\t<\/div>\n\t\t\t\t<\/div>\n\t\t<div class=\"elementor-element elementor-element-ce4793c e-flex e-con-boxed e-con e-parent\" data-id=\"ce4793c\" data-element_type=\"container\" data-e-type=\"container\">\n\t\t\t\t\t<div class=\"e-con-inner\">\n\t\t<div class=\"elementor-element elementor-element-72f1879 e-con-full e-flex e-con e-child\" data-id=\"72f1879\" data-element_type=\"container\" data-e-type=\"container\">\n\t\t\t\t<div class=\"elementor-element elementor-element-b3264a8 elementor-widget elementor-widget-heading\" data-id=\"b3264a8\" data-element_type=\"widget\" data-e-type=\"widget\" data-widget_type=\"heading.default\">\n\t\t\t\t<div class=\"elementor-widget-container\">\n\t\t\t\t\t<h2 class=\"elementor-heading-title elementor-size-default\">Le r\u00e9sultat ?\n<\/h2>\t\t\t\t<\/div>\n\t\t\t\t<\/div>\n\t\t\t\t<div class=\"elementor-element elementor-element-7295f4b elementor-widget elementor-widget-text-editor\" data-id=\"7295f4b\" data-element_type=\"widget\" data-e-type=\"widget\" data-widget_type=\"text-editor.default\">\n\t\t\t\t<div class=\"elementor-widget-container\">\n\t\t\t\t\t\t\t\t\t<section>\n<div class=\"container container--small typeset\">\n<section>\n<div class=\"container container--small typeset\">\n<section>\n<div class=\"container container--small typeset\">\n<section>\n<div class=\"container container--small typeset\">\n<p>Le r\u00e9sultat, c\u2019est\u00a0<strong>une biblioth\u00e8que \u00e8ggo sur mesure<\/strong>\u00a0qui s\u2019int\u00e8gre \u00e0 la perfection dans l\u2019ambiance industrielle du salon, malgr\u00e9 des angles hors norme. Avec les meubles \u00e8ggo, tout est possible, quelle que soit la configuration de la pi\u00e8ce. D\u00e9sormais, la biblioth\u00e8que est\u00a0<strong>LA pi\u00e8ce maitresse du salon<\/strong>. Chaque livre, chaque objet de valeur, comme le casque de mineur et des min\u00e9raux du grand-p\u00e8re de Simon, tr\u00f4nent fi\u00e8rement dans ce bel espace de rangement.<\/p>\n<\/div>\n<\/section>\n<section>\n<div class=\"container\">\u00a0<\/div>\n<\/section>\n<\/div>\n<\/section>\n<\/div>\n<\/section>\n<\/div>\n<\/section>\t\t\t\t\t\t\t\t<\/div>\n\t\t\t\t<\/div>\n\t\t\t\t<\/div>\n\t\t<div class=\"elementor-element elementor-element-7465c50 e-con-full e-flex e-con e-child\" data-id=\"7465c50\" data-element_type=\"container\" data-e-type=\"container\" data-settings=\"{&quot;background_motion_fx_motion_fx_scrolling&quot;:&quot;yes&quot;,&quot;background_motion_fx_translateX_effect&quot;:&quot;yes&quot;,&quot;background_motion_fx_translateX_direction&quot;:&quot;negative&quot;,&quot;background_background&quot;:&quot;classic&quot;,&quot;background_motion_fx_translateX_speed&quot;:{&quot;unit&quot;:&quot;px&quot;,&quot;size&quot;:4,&quot;sizes&quot;:[]},&quot;background_motion_fx_translateX_affectedRange&quot;:{&quot;unit&quot;:&quot;%&quot;,&quot;size&quot;:&quot;&quot;,&quot;sizes&quot;:{&quot;start&quot;:0,&quot;end&quot;:100}},&quot;background_motion_fx_devices&quot;:[&quot;desktop&quot;,&quot;tablet&quot;,&quot;mobile&quot;]}\">\n\t\t\t\t<div class=\"elementor-element elementor-element-c2d2029 elementor-widget elementor-widget-heading\" data-id=\"c2d2029\" data-element_type=\"widget\" data-e-type=\"widget\" data-widget_type=\"heading.default\">\n\t\t\t\t<div class=\"elementor-widget-container\">\n\t\t\t\t\t<h2 class=\"elementor-heading-title elementor-size-default\">\u201cC'est exactement ce que<br> j\u2019avais \u00e0 l\u2019esprit, c\u2019est une si<br> belle biblioth\u00e8que.\u201d<\/h2>\t\t\t\t<\/div>\n\t\t\t\t<\/div>\n\t\t\t\t<div class=\"elementor-element elementor-element-2cb0451 elementor-widget elementor-widget-text-editor\" data-id=\"2cb0451\" data-element_type=\"widget\" data-e-type=\"widget\" data-widget_type=\"text-editor.default\">\n\t\t\t\t<div class=\"elementor-widget-container\">\n\t\t\t\t\t\t\t\t\t<section><div class=\"container container--small typeset\"><section><div class=\"container container--small typeset\"><section><div class=\"container container--small typeset\"><section><div class=\"container container--small typeset\"><section><div class=\"container\"><p class=\"author\" style=\"text-align: center;\">St\u00e9phanie<\/p><\/div><\/section><\/div><\/section><\/div><\/section><\/div><\/section><\/div><\/section>\t\t\t\t\t\t\t\t<\/div>\n\t\t\t\t<\/div>\n\t\t\t\t<\/div>\n\t\t\t\t\t<\/div>\n\t\t\t\t<\/div>\n\t\t\t\t<\/div>\n\t\t","protected":false},"excerpt":{"rendered":"<p>Quels \u00e9taient leurs d\u00e9sirs ? Pour ce jeune couple d\u2019ing\u00e9nieurs, qui habitait dans une caravane au fond de leur jardin en attendant que les travaux de r\u00e9novation de leur maison se terminent, retrouver le confort d\u2019un chez-soi commen\u00e7ait \u00e0 devenir urgent\u00a0! Ce dont ils r\u00eavaient pour leur int\u00e9rieur ? Un style industriel et brut dans [&hellip;]<\/p>\n","protected":false},"featured_media":15710,"comment_status":"open","ping_status":"closed","template":"","testimonials_category":[89,125],"testimonials_tag":[],"class_list":["post-15709","testimonials","type-testimonials","status-publish","has-post-thumbnail","hentry","testimonials_category-dressing","testimonials_category-placards"],"yoast_head":"<!-- This site is optimized with the Yoast SEO Premium plugin v26.2 (Yoast SEO v27.4) - https:\/\/yoast.com\/product\/yoast-seo-premium-wordpress\/ -->\n<title>La biblioth\u00e8que\u00a0de St\u00e9phanie et Simon - Eggo<\/title>\n<meta name=\"robots\" content=\"index, follow, max-snippet:-1, max-image-preview:large, max-video-preview:-1\" \/>\n<link rel=\"canonical\" href=\"https:\/\/www.eggo.be\/fr\/temoignages\/la-bibliotheque-de-stephanie-et-simon\/\" \/>\n<meta property=\"og:locale\" content=\"fr_FR\" \/>\n<meta property=\"og:type\" content=\"article\" \/>\n<meta property=\"og:title\" content=\"La biblioth\u00e8que\u00a0de St\u00e9phanie et Simon\" \/>\n<meta property=\"og:description\" content=\"Quels \u00e9taient leurs d\u00e9sirs ? Pour ce jeune couple d\u2019ing\u00e9nieurs, qui habitait dans une caravane au fond de leur jardin en attendant que les travaux de r\u00e9novation de leur maison se terminent, retrouver le confort d\u2019un chez-soi commen\u00e7ait \u00e0 devenir urgent\u00a0! Ce dont ils r\u00eavaient pour leur int\u00e9rieur ? Un style industriel et brut dans [&hellip;]\" \/>\n<meta property=\"og:url\" content=\"https:\/\/www.eggo.be\/fr\/temoignages\/la-bibliotheque-de-stephanie-et-simon\/\" \/>\n<meta property=\"og:site_name\" content=\"Eggo\" \/>\n<meta property=\"article:publisher\" content=\"https:\/\/www.facebook.com\/eggokitchen\" \/>\n<meta property=\"article:modified_time\" content=\"2025-04-15T21:56:38+00:00\" \/>\n<meta property=\"og:image\" content=\"https:\/\/www.eggo.be\/wp-content\/uploads\/2025\/03\/header_v2-1.jpg\" \/>\n\t<meta property=\"og:image:width\" content=\"760\" \/>\n\t<meta property=\"og:image:height\" content=\"521\" \/>\n\t<meta property=\"og:image:type\" content=\"image\/jpeg\" \/>\n<meta name=\"twitter:card\" content=\"summary_large_image\" \/>\n<meta name=\"twitter:label1\" content=\"Dur\u00e9e de lecture estim\u00e9e\" \/>\n\t<meta name=\"twitter:data1\" content=\"3 minutes\" \/>\n<script type=\"application\/ld+json\" class=\"yoast-schema-graph\">{\"@context\":\"https:\\\/\\\/schema.org\",\"@graph\":[{\"@type\":\"WebPage\",\"@id\":\"https:\\\/\\\/www.eggo.be\\\/fr\\\/temoignages\\\/la-bibliotheque-de-stephanie-et-simon\\\/\",\"url\":\"https:\\\/\\\/www.eggo.be\\\/fr\\\/temoignages\\\/la-bibliotheque-de-stephanie-et-simon\\\/\",\"name\":\"La biblioth\u00e8que\u00a0de St\u00e9phanie et Simon - Eggo\",\"isPartOf\":{\"@id\":\"https:\\\/\\\/www.eggo.be\\\/fr\\\/#website\"},\"primaryImageOfPage\":{\"@id\":\"https:\\\/\\\/www.eggo.be\\\/fr\\\/temoignages\\\/la-bibliotheque-de-stephanie-et-simon\\\/#primaryimage\"},\"image\":{\"@id\":\"https:\\\/\\\/www.eggo.be\\\/fr\\\/temoignages\\\/la-bibliotheque-de-stephanie-et-simon\\\/#primaryimage\"},\"thumbnailUrl\":\"https:\\\/\\\/www.eggo.be\\\/wp-content\\\/uploads\\\/2025\\\/03\\\/header_v2-1.jpg\",\"datePublished\":\"2025-03-30T22:30:56+00:00\",\"dateModified\":\"2025-04-15T21:56:38+00:00\",\"breadcrumb\":{\"@id\":\"https:\\\/\\\/www.eggo.be\\\/fr\\\/temoignages\\\/la-bibliotheque-de-stephanie-et-simon\\\/#breadcrumb\"},\"inLanguage\":\"fr-FR\",\"potentialAction\":[{\"@type\":\"ReadAction\",\"target\":[\"https:\\\/\\\/www.eggo.be\\\/fr\\\/temoignages\\\/la-bibliotheque-de-stephanie-et-simon\\\/\"]}]},{\"@type\":\"ImageObject\",\"inLanguage\":\"fr-FR\",\"@id\":\"https:\\\/\\\/www.eggo.be\\\/fr\\\/temoignages\\\/la-bibliotheque-de-stephanie-et-simon\\\/#primaryimage\",\"url\":\"https:\\\/\\\/www.eggo.be\\\/wp-content\\\/uploads\\\/2025\\\/03\\\/header_v2-1.jpg\",\"contentUrl\":\"https:\\\/\\\/www.eggo.be\\\/wp-content\\\/uploads\\\/2025\\\/03\\\/header_v2-1.jpg\",\"width\":760,\"height\":521,\"caption\":\"Un salon avec un canap\u00e9 vert, coussins color\u00e9s, une biblioth\u00e8que grise remplie de livres et objets d\u00e9coratifs, et deux tables basses rondes.\"},{\"@type\":\"BreadcrumbList\",\"@id\":\"https:\\\/\\\/www.eggo.be\\\/fr\\\/temoignages\\\/la-bibliotheque-de-stephanie-et-simon\\\/#breadcrumb\",\"itemListElement\":[{\"@type\":\"ListItem\",\"position\":1,\"name\":\"Home\",\"item\":\"https:\\\/\\\/www.eggo.be\\\/fr\\\/\"},{\"@type\":\"ListItem\",\"position\":2,\"name\":\"Testimonials\",\"item\":\"https:\\\/\\\/www.eggo.be\\\/fr\\\/temoignages\\\/\"},{\"@type\":\"ListItem\",\"position\":3,\"name\":\"La biblioth\u00e8que\u00a0de St\u00e9phanie et Simon\"}]},{\"@type\":\"WebSite\",\"@id\":\"https:\\\/\\\/www.eggo.be\\\/fr\\\/#website\",\"url\":\"https:\\\/\\\/www.eggo.be\\\/fr\\\/\",\"name\":\"\u00e8ggo\",\"description\":\"\",\"publisher\":{\"@id\":\"https:\\\/\\\/www.eggo.be\\\/fr\\\/#organization\"},\"potentialAction\":[{\"@type\":\"SearchAction\",\"target\":{\"@type\":\"EntryPoint\",\"urlTemplate\":\"https:\\\/\\\/www.eggo.be\\\/fr\\\/?s={search_term_string}\"},\"query-input\":{\"@type\":\"PropertyValueSpecification\",\"valueRequired\":true,\"valueName\":\"search_term_string\"}}],\"inLanguage\":\"fr-FR\"},{\"@type\":[\"Organization\",\"Place\"],\"@id\":\"https:\\\/\\\/www.eggo.be\\\/fr\\\/#organization\",\"name\":\"\u00e8ggo\",\"alternateName\":\"eggo\",\"url\":\"https:\\\/\\\/www.eggo.be\\\/fr\\\/\",\"logo\":{\"@id\":\"https:\\\/\\\/www.eggo.be\\\/fr\\\/temoignages\\\/la-bibliotheque-de-stephanie-et-simon\\\/#local-main-organization-logo\"},\"image\":{\"@id\":\"https:\\\/\\\/www.eggo.be\\\/fr\\\/temoignages\\\/la-bibliotheque-de-stephanie-et-simon\\\/#local-main-organization-logo\"},\"sameAs\":[\"https:\\\/\\\/www.facebook.com\\\/eggokitchen\",\"https:\\\/\\\/www.linkedin.com\\\/company\\\/eggo\\\/\"],\"description\":\"Des cuisines et meubles de rangement de qualit\u00e9 \u00e0 des prix avantageux ! D\u00e9couvrez nos mod\u00e8les et prenez rendez-vous en ligne dans votre showroom \u00e8ggo.\",\"telephone\":[],\"openingHoursSpecification\":[{\"@type\":\"OpeningHoursSpecification\",\"dayOfWeek\":[\"Monday\",\"Tuesday\",\"Wednesday\",\"Thursday\",\"Friday\",\"Saturday\",\"Sunday\"],\"opens\":\"09:00\",\"closes\":\"17:00\"}]},{\"@type\":\"ImageObject\",\"inLanguage\":\"fr-FR\",\"@id\":\"https:\\\/\\\/www.eggo.be\\\/fr\\\/temoignages\\\/la-bibliotheque-de-stephanie-et-simon\\\/#local-main-organization-logo\",\"url\":\"https:\\\/\\\/www.eggo.be\\\/wp-content\\\/uploads\\\/2025\\\/01\\\/Logo.png\",\"contentUrl\":\"https:\\\/\\\/www.eggo.be\\\/wp-content\\\/uploads\\\/2025\\\/01\\\/Logo.png\",\"width\":88,\"height\":88,\"caption\":\"\u00e8ggo\"}]}<\/script>\n<!-- \/ Yoast SEO Premium plugin. -->","yoast_head_json":{"title":"La biblioth\u00e8que\u00a0de St\u00e9phanie et Simon - Eggo","robots":{"index":"index","follow":"follow","max-snippet":"max-snippet:-1","max-image-preview":"max-image-preview:large","max-video-preview":"max-video-preview:-1"},"canonical":"https:\/\/www.eggo.be\/fr\/temoignages\/la-bibliotheque-de-stephanie-et-simon\/","og_locale":"fr_FR","og_type":"article","og_title":"La biblioth\u00e8que\u00a0de St\u00e9phanie et Simon","og_description":"Quels \u00e9taient leurs d\u00e9sirs ? Pour ce jeune couple d\u2019ing\u00e9nieurs, qui habitait dans une caravane au fond de leur jardin en attendant que les travaux de r\u00e9novation de leur maison se terminent, retrouver le confort d\u2019un chez-soi commen\u00e7ait \u00e0 devenir urgent\u00a0! Ce dont ils r\u00eavaient pour leur int\u00e9rieur ? Un style industriel et brut dans [&hellip;]","og_url":"https:\/\/www.eggo.be\/fr\/temoignages\/la-bibliotheque-de-stephanie-et-simon\/","og_site_name":"Eggo","article_publisher":"https:\/\/www.facebook.com\/eggokitchen","article_modified_time":"2025-04-15T21:56:38+00:00","og_image":[{"width":760,"height":521,"url":"https:\/\/www.eggo.be\/wp-content\/uploads\/2025\/03\/header_v2-1.jpg","type":"image\/jpeg"}],"twitter_card":"summary_large_image","twitter_misc":{"Dur\u00e9e de lecture estim\u00e9e":"3 minutes"},"schema":{"@context":"https:\/\/schema.org","@graph":[{"@type":"WebPage","@id":"https:\/\/www.eggo.be\/fr\/temoignages\/la-bibliotheque-de-stephanie-et-simon\/","url":"https:\/\/www.eggo.be\/fr\/temoignages\/la-bibliotheque-de-stephanie-et-simon\/","name":"La biblioth\u00e8que\u00a0de St\u00e9phanie et Simon - Eggo","isPartOf":{"@id":"https:\/\/www.eggo.be\/fr\/#website"},"primaryImageOfPage":{"@id":"https:\/\/www.eggo.be\/fr\/temoignages\/la-bibliotheque-de-stephanie-et-simon\/#primaryimage"},"image":{"@id":"https:\/\/www.eggo.be\/fr\/temoignages\/la-bibliotheque-de-stephanie-et-simon\/#primaryimage"},"thumbnailUrl":"https:\/\/www.eggo.be\/wp-content\/uploads\/2025\/03\/header_v2-1.jpg","datePublished":"2025-03-30T22:30:56+00:00","dateModified":"2025-04-15T21:56:38+00:00","breadcrumb":{"@id":"https:\/\/www.eggo.be\/fr\/temoignages\/la-bibliotheque-de-stephanie-et-simon\/#breadcrumb"},"inLanguage":"fr-FR","potentialAction":[{"@type":"ReadAction","target":["https:\/\/www.eggo.be\/fr\/temoignages\/la-bibliotheque-de-stephanie-et-simon\/"]}]},{"@type":"ImageObject","inLanguage":"fr-FR","@id":"https:\/\/www.eggo.be\/fr\/temoignages\/la-bibliotheque-de-stephanie-et-simon\/#primaryimage","url":"https:\/\/www.eggo.be\/wp-content\/uploads\/2025\/03\/header_v2-1.jpg","contentUrl":"https:\/\/www.eggo.be\/wp-content\/uploads\/2025\/03\/header_v2-1.jpg","width":760,"height":521,"caption":"Un salon avec un canap\u00e9 vert, coussins color\u00e9s, une biblioth\u00e8que grise remplie de livres et objets d\u00e9coratifs, et deux tables basses rondes."},{"@type":"BreadcrumbList","@id":"https:\/\/www.eggo.be\/fr\/temoignages\/la-bibliotheque-de-stephanie-et-simon\/#breadcrumb","itemListElement":[{"@type":"ListItem","position":1,"name":"Home","item":"https:\/\/www.eggo.be\/fr\/"},{"@type":"ListItem","position":2,"name":"Testimonials","item":"https:\/\/www.eggo.be\/fr\/temoignages\/"},{"@type":"ListItem","position":3,"name":"La biblioth\u00e8que\u00a0de St\u00e9phanie et Simon"}]},{"@type":"WebSite","@id":"https:\/\/www.eggo.be\/fr\/#website","url":"https:\/\/www.eggo.be\/fr\/","name":"\u00e8ggo","description":"","publisher":{"@id":"https:\/\/www.eggo.be\/fr\/#organization"},"potentialAction":[{"@type":"SearchAction","target":{"@type":"EntryPoint","urlTemplate":"https:\/\/www.eggo.be\/fr\/?s={search_term_string}"},"query-input":{"@type":"PropertyValueSpecification","valueRequired":true,"valueName":"search_term_string"}}],"inLanguage":"fr-FR"},{"@type":["Organization","Place"],"@id":"https:\/\/www.eggo.be\/fr\/#organization","name":"\u00e8ggo","alternateName":"eggo","url":"https:\/\/www.eggo.be\/fr\/","logo":{"@id":"https:\/\/www.eggo.be\/fr\/temoignages\/la-bibliotheque-de-stephanie-et-simon\/#local-main-organization-logo"},"image":{"@id":"https:\/\/www.eggo.be\/fr\/temoignages\/la-bibliotheque-de-stephanie-et-simon\/#local-main-organization-logo"},"sameAs":["https:\/\/www.facebook.com\/eggokitchen","https:\/\/www.linkedin.com\/company\/eggo\/"],"description":"Des cuisines et meubles de rangement de qualit\u00e9 \u00e0 des prix avantageux ! D\u00e9couvrez nos mod\u00e8les et prenez rendez-vous en ligne dans votre showroom \u00e8ggo.","telephone":[],"openingHoursSpecification":[{"@type":"OpeningHoursSpecification","dayOfWeek":["Monday","Tuesday","Wednesday","Thursday","Friday","Saturday","Sunday"],"opens":"09:00","closes":"17:00"}]},{"@type":"ImageObject","inLanguage":"fr-FR","@id":"https:\/\/www.eggo.be\/fr\/temoignages\/la-bibliotheque-de-stephanie-et-simon\/#local-main-organization-logo","url":"https:\/\/www.eggo.be\/wp-content\/uploads\/2025\/01\/Logo.png","contentUrl":"https:\/\/www.eggo.be\/wp-content\/uploads\/2025\/01\/Logo.png","width":88,"height":88,"caption":"\u00e8ggo"}]}},"meta_box":{"newly_labeled":"0","promotion_toggle":"0","small_featured_promotion_toggle":"0","promotion_icon":[],"promotion_description":"","promotion_period":"","promotion_link":"","promotion_bg_color":"#ffffff","promotion_text_color":"#fe5000","read_more_content":"","testimonial_text":"C\u2019est gr\u00e2ce \u00e0 l\u2019\u00e9mission \u00ab Een frisse start met vtwonen \u00bb sur Vitaya, dont \u00e8ggo est partenaire, que <b>St\u00e9phanie et Simon<\/b> ont pu finir la r\u00e9novation de leur nouvelle maison ! D\u00e9couvrez ci-dessous comment leur <b>biblioth\u00e8que \u00e8ggo<\/b> a pris vie dans leur salon.\r\n\r\n","author_name":"","testimonial_text_box_toggle":"0","testimonial_promotion_toggle":"0"},"_links":{"self":[{"href":"https:\/\/www.eggo.be\/fr\/wp-json\/wp\/v2\/testimonials\/15709","targetHints":{"allow":["GET"]}}],"collection":[{"href":"https:\/\/www.eggo.be\/fr\/wp-json\/wp\/v2\/testimonials"}],"about":[{"href":"https:\/\/www.eggo.be\/fr\/wp-json\/wp\/v2\/types\/testimonials"}],"replies":[{"embeddable":true,"href":"https:\/\/www.eggo.be\/fr\/wp-json\/wp\/v2\/comments?post=15709"}],"version-history":[{"count":10,"href":"https:\/\/www.eggo.be\/fr\/wp-json\/wp\/v2\/testimonials\/15709\/revisions"}],"predecessor-version":[{"id":29337,"href":"https:\/\/www.eggo.be\/fr\/wp-json\/wp\/v2\/testimonials\/15709\/revisions\/29337"}],"wp:featuredmedia":[{"embeddable":true,"href":"https:\/\/www.eggo.be\/fr\/wp-json\/wp\/v2\/media\/15710"}],"wp:attachment":[{"href":"https:\/\/www.eggo.be\/fr\/wp-json\/wp\/v2\/media?parent=15709"}],"wp:term":[{"taxonomy":"testimonials_category","embeddable":true,"href":"https:\/\/www.eggo.be\/fr\/wp-json\/wp\/v2\/testimonials_category?post=15709"},{"taxonomy":"testimonials_tag","embeddable":true,"href":"https:\/\/www.eggo.be\/fr\/wp-json\/wp\/v2\/testimonials_tag?post=15709"}],"curies":[{"name":"wp","href":"https:\/\/api.w.org\/{rel}","templated":true}]}}