{"id":29080,"date":"2025-04-02T09:50:56","date_gmt":"2025-04-02T09:50:56","guid":{"rendered":"https:\/\/www.eggo.be\/cuisines\/de-keuken-van-alexane-en-corentin\/"},"modified":"2025-06-27T07:53:57","modified_gmt":"2025-06-27T07:53:57","slug":"de-keuken-van-aline-en-koen","status":"publish","type":"cuisines","link":"https:\/\/www.eggo.be\/nl\/keuken\/moderne-keuken\/de-keuken-van-aline-en-koen\/","title":{"rendered":"De keuken van Aline en Koen"},"content":{"rendered":"","protected":false},"excerpt":{"rendered":"","protected":false},"featured_media":37876,"comment_status":"closed","ping_status":"closed","template":"","cuisines_category":[160],"cuisines_tag":[],"post_type_filter":[162],"eggo_style_tags":[],"eggo_color_tags":[219,218],"eggo_material_and_finishes_tags":[],"eggo_price_range_tags":[215],"eggo_price_range_tags_21":[241],"class_list":["post-29080","cuisines","type-cuisines","status-publish","has-post-thumbnail","hentry","cuisines_category-moderne-keuken","post_type_filter-keuken","eggo_color_tags-hout","eggo_color_tags-wit","eggo_price_range_tags-minder-dan-e6-000","eggo_price_range_tags_21-minder-dan-e6-000"],"yoast_head":"<!-- This site is optimized with the Yoast SEO Premium plugin v26.2 (Yoast SEO v27.4) - https:\/\/yoast.com\/product\/yoast-seo-premium-wordpress\/ -->\n<title>De keuken van Aline en Koen - Eggo<\/title>\n<meta name=\"robots\" content=\"index, follow, max-snippet:-1, max-image-preview:large, max-video-preview:-1\" \/>\n<link rel=\"canonical\" href=\"https:\/\/www.eggo.be\/nl\/keuken\/moderne-keuken\/de-keuken-van-aline-en-koen\/\" \/>\n<meta property=\"og:locale\" content=\"nl_NL\" \/>\n<meta property=\"og:type\" content=\"article\" \/>\n<meta property=\"og:title\" content=\"De keuken van Aline en Koen\" \/>\n<meta property=\"og:url\" content=\"https:\/\/www.eggo.be\/nl\/keuken\/moderne-keuken\/de-keuken-van-aline-en-koen\/\" \/>\n<meta property=\"og:site_name\" content=\"Eggo\" \/>\n<meta property=\"article:publisher\" content=\"https:\/\/www.facebook.com\/eggokitchen\" \/>\n<meta property=\"article:modified_time\" content=\"2025-06-27T07:53:57+00:00\" \/>\n<meta property=\"og:image\" content=\"https:\/\/www.eggo.be\/wp-content\/uploads\/2025\/04\/miysis_3d_eggo_modification-1414-update-finition_wip04-scaled.jpg\" \/>\n\t<meta property=\"og:image:width\" content=\"2048\" \/>\n\t<meta property=\"og:image:height\" content=\"1152\" \/>\n\t<meta property=\"og:image:type\" content=\"image\/jpeg\" \/>\n<meta name=\"twitter:card\" content=\"summary_large_image\" \/>\n<meta name=\"twitter:label1\" content=\"Geschatte leestijd\" \/>\n\t<meta name=\"twitter:data1\" content=\"1 minuut\" \/>\n<script type=\"application\/ld+json\" class=\"yoast-schema-graph\">{\"@context\":\"https:\\\/\\\/schema.org\",\"@graph\":[{\"@type\":\"WebPage\",\"@id\":\"https:\\\/\\\/www.eggo.be\\\/nl\\\/keuken\\\/moderne-keuken\\\/de-keuken-van-aline-en-koen\\\/\",\"url\":\"https:\\\/\\\/www.eggo.be\\\/nl\\\/keuken\\\/moderne-keuken\\\/de-keuken-van-aline-en-koen\\\/\",\"name\":\"De keuken van Aline en Koen - Eggo\",\"isPartOf\":{\"@id\":\"https:\\\/\\\/www.eggo.be\\\/nl\\\/#website\"},\"primaryImageOfPage\":{\"@id\":\"https:\\\/\\\/www.eggo.be\\\/nl\\\/keuken\\\/moderne-keuken\\\/de-keuken-van-aline-en-koen\\\/#primaryimage\"},\"image\":{\"@id\":\"https:\\\/\\\/www.eggo.be\\\/nl\\\/keuken\\\/moderne-keuken\\\/de-keuken-van-aline-en-koen\\\/#primaryimage\"},\"thumbnailUrl\":\"https:\\\/\\\/www.eggo.be\\\/wp-content\\\/uploads\\\/2025\\\/04\\\/miysis_3d_eggo_modification-1414-update-finition_wip04-scaled.jpg\",\"datePublished\":\"2025-04-02T09:50:56+00:00\",\"dateModified\":\"2025-06-27T07:53:57+00:00\",\"breadcrumb\":{\"@id\":\"https:\\\/\\\/www.eggo.be\\\/nl\\\/keuken\\\/moderne-keuken\\\/de-keuken-van-aline-en-koen\\\/#breadcrumb\"},\"inLanguage\":\"nl-NL\",\"potentialAction\":[{\"@type\":\"ReadAction\",\"target\":[\"https:\\\/\\\/www.eggo.be\\\/nl\\\/keuken\\\/moderne-keuken\\\/de-keuken-van-aline-en-koen\\\/\"]}]},{\"@type\":\"ImageObject\",\"inLanguage\":\"nl-NL\",\"@id\":\"https:\\\/\\\/www.eggo.be\\\/nl\\\/keuken\\\/moderne-keuken\\\/de-keuken-van-aline-en-koen\\\/#primaryimage\",\"url\":\"https:\\\/\\\/www.eggo.be\\\/wp-content\\\/uploads\\\/2025\\\/04\\\/miysis_3d_eggo_modification-1414-update-finition_wip04-scaled.jpg\",\"contentUrl\":\"https:\\\/\\\/www.eggo.be\\\/wp-content\\\/uploads\\\/2025\\\/04\\\/miysis_3d_eggo_modification-1414-update-finition_wip04-scaled.jpg\",\"width\":2048,\"height\":1152},{\"@type\":\"BreadcrumbList\",\"@id\":\"https:\\\/\\\/www.eggo.be\\\/nl\\\/keuken\\\/moderne-keuken\\\/de-keuken-van-aline-en-koen\\\/#breadcrumb\",\"itemListElement\":[{\"@type\":\"ListItem\",\"position\":1,\"name\":\"Home\",\"item\":\"https:\\\/\\\/www.eggo.be\\\/nl\\\/\"},{\"@type\":\"ListItem\",\"position\":2,\"name\":\"Keuken\",\"item\":\"https:\\\/\\\/www.eggo.be\\\/nl\\\/keuken\\\/\"},{\"@type\":\"ListItem\",\"position\":3,\"name\":\"De keuken van Aline en Koen\"}]},{\"@type\":\"WebSite\",\"@id\":\"https:\\\/\\\/www.eggo.be\\\/nl\\\/#website\",\"url\":\"https:\\\/\\\/www.eggo.be\\\/nl\\\/\",\"name\":\"\u00e8ggo\",\"description\":\"\",\"publisher\":{\"@id\":\"https:\\\/\\\/www.eggo.be\\\/nl\\\/#organization\"},\"potentialAction\":[{\"@type\":\"SearchAction\",\"target\":{\"@type\":\"EntryPoint\",\"urlTemplate\":\"https:\\\/\\\/www.eggo.be\\\/nl\\\/?s={search_term_string}\"},\"query-input\":{\"@type\":\"PropertyValueSpecification\",\"valueRequired\":true,\"valueName\":\"search_term_string\"}}],\"inLanguage\":\"nl-NL\"},{\"@type\":[\"Organization\",\"Place\"],\"@id\":\"https:\\\/\\\/www.eggo.be\\\/nl\\\/#organization\",\"name\":\"\u00e8ggo\",\"alternateName\":\"eggo\",\"url\":\"https:\\\/\\\/www.eggo.be\\\/nl\\\/\",\"logo\":{\"@id\":\"https:\\\/\\\/www.eggo.be\\\/nl\\\/keuken\\\/moderne-keuken\\\/de-keuken-van-aline-en-koen\\\/#local-main-organization-logo\"},\"image\":{\"@id\":\"https:\\\/\\\/www.eggo.be\\\/nl\\\/keuken\\\/moderne-keuken\\\/de-keuken-van-aline-en-koen\\\/#local-main-organization-logo\"},\"sameAs\":[\"https:\\\/\\\/www.facebook.com\\\/eggokitchen\",\"https:\\\/\\\/www.linkedin.com\\\/company\\\/eggo\\\/\"],\"description\":\"Des cuisines et meubles de rangement de qualit\u00e9 \u00e0 des prix avantageux ! D\u00e9couvrez nos mod\u00e8les et prenez rendez-vous en ligne dans votre showroom \u00e8ggo.\",\"telephone\":[],\"openingHoursSpecification\":[{\"@type\":\"OpeningHoursSpecification\",\"dayOfWeek\":[\"Monday\",\"Tuesday\",\"Wednesday\",\"Thursday\",\"Friday\",\"Saturday\",\"Sunday\"],\"opens\":\"09:00\",\"closes\":\"17:00\"}]},{\"@type\":\"ImageObject\",\"inLanguage\":\"nl-NL\",\"@id\":\"https:\\\/\\\/www.eggo.be\\\/nl\\\/keuken\\\/moderne-keuken\\\/de-keuken-van-aline-en-koen\\\/#local-main-organization-logo\",\"url\":\"https:\\\/\\\/www.eggo.be\\\/wp-content\\\/uploads\\\/2025\\\/01\\\/Logo.png\",\"contentUrl\":\"https:\\\/\\\/www.eggo.be\\\/wp-content\\\/uploads\\\/2025\\\/01\\\/Logo.png\",\"width\":88,\"height\":88,\"caption\":\"\u00e8ggo\"}]}<\/script>\n<!-- \/ Yoast SEO Premium plugin. -->","yoast_head_json":{"title":"De keuken van Aline en Koen - Eggo","robots":{"index":"index","follow":"follow","max-snippet":"max-snippet:-1","max-image-preview":"max-image-preview:large","max-video-preview":"max-video-preview:-1"},"canonical":"https:\/\/www.eggo.be\/nl\/keuken\/moderne-keuken\/de-keuken-van-aline-en-koen\/","og_locale":"nl_NL","og_type":"article","og_title":"De keuken van Aline en Koen","og_url":"https:\/\/www.eggo.be\/nl\/keuken\/moderne-keuken\/de-keuken-van-aline-en-koen\/","og_site_name":"Eggo","article_publisher":"https:\/\/www.facebook.com\/eggokitchen","article_modified_time":"2025-06-27T07:53:57+00:00","og_image":[{"width":2048,"height":1152,"url":"https:\/\/www.eggo.be\/wp-content\/uploads\/2025\/04\/miysis_3d_eggo_modification-1414-update-finition_wip04-scaled.jpg","type":"image\/jpeg"}],"twitter_card":"summary_large_image","twitter_misc":{"Geschatte leestijd":"1 minuut"},"schema":{"@context":"https:\/\/schema.org","@graph":[{"@type":"WebPage","@id":"https:\/\/www.eggo.be\/nl\/keuken\/moderne-keuken\/de-keuken-van-aline-en-koen\/","url":"https:\/\/www.eggo.be\/nl\/keuken\/moderne-keuken\/de-keuken-van-aline-en-koen\/","name":"De keuken van Aline en Koen - Eggo","isPartOf":{"@id":"https:\/\/www.eggo.be\/nl\/#website"},"primaryImageOfPage":{"@id":"https:\/\/www.eggo.be\/nl\/keuken\/moderne-keuken\/de-keuken-van-aline-en-koen\/#primaryimage"},"image":{"@id":"https:\/\/www.eggo.be\/nl\/keuken\/moderne-keuken\/de-keuken-van-aline-en-koen\/#primaryimage"},"thumbnailUrl":"https:\/\/www.eggo.be\/wp-content\/uploads\/2025\/04\/miysis_3d_eggo_modification-1414-update-finition_wip04-scaled.jpg","datePublished":"2025-04-02T09:50:56+00:00","dateModified":"2025-06-27T07:53:57+00:00","breadcrumb":{"@id":"https:\/\/www.eggo.be\/nl\/keuken\/moderne-keuken\/de-keuken-van-aline-en-koen\/#breadcrumb"},"inLanguage":"nl-NL","potentialAction":[{"@type":"ReadAction","target":["https:\/\/www.eggo.be\/nl\/keuken\/moderne-keuken\/de-keuken-van-aline-en-koen\/"]}]},{"@type":"ImageObject","inLanguage":"nl-NL","@id":"https:\/\/www.eggo.be\/nl\/keuken\/moderne-keuken\/de-keuken-van-aline-en-koen\/#primaryimage","url":"https:\/\/www.eggo.be\/wp-content\/uploads\/2025\/04\/miysis_3d_eggo_modification-1414-update-finition_wip04-scaled.jpg","contentUrl":"https:\/\/www.eggo.be\/wp-content\/uploads\/2025\/04\/miysis_3d_eggo_modification-1414-update-finition_wip04-scaled.jpg","width":2048,"height":1152},{"@type":"BreadcrumbList","@id":"https:\/\/www.eggo.be\/nl\/keuken\/moderne-keuken\/de-keuken-van-aline-en-koen\/#breadcrumb","itemListElement":[{"@type":"ListItem","position":1,"name":"Home","item":"https:\/\/www.eggo.be\/nl\/"},{"@type":"ListItem","position":2,"name":"Keuken","item":"https:\/\/www.eggo.be\/nl\/keuken\/"},{"@type":"ListItem","position":3,"name":"De keuken van Aline en Koen"}]},{"@type":"WebSite","@id":"https:\/\/www.eggo.be\/nl\/#website","url":"https:\/\/www.eggo.be\/nl\/","name":"\u00e8ggo","description":"","publisher":{"@id":"https:\/\/www.eggo.be\/nl\/#organization"},"potentialAction":[{"@type":"SearchAction","target":{"@type":"EntryPoint","urlTemplate":"https:\/\/www.eggo.be\/nl\/?s={search_term_string}"},"query-input":{"@type":"PropertyValueSpecification","valueRequired":true,"valueName":"search_term_string"}}],"inLanguage":"nl-NL"},{"@type":["Organization","Place"],"@id":"https:\/\/www.eggo.be\/nl\/#organization","name":"\u00e8ggo","alternateName":"eggo","url":"https:\/\/www.eggo.be\/nl\/","logo":{"@id":"https:\/\/www.eggo.be\/nl\/keuken\/moderne-keuken\/de-keuken-van-aline-en-koen\/#local-main-organization-logo"},"image":{"@id":"https:\/\/www.eggo.be\/nl\/keuken\/moderne-keuken\/de-keuken-van-aline-en-koen\/#local-main-organization-logo"},"sameAs":["https:\/\/www.facebook.com\/eggokitchen","https:\/\/www.linkedin.com\/company\/eggo\/"],"description":"Des cuisines et meubles de rangement de qualit\u00e9 \u00e0 des prix avantageux ! D\u00e9couvrez nos mod\u00e8les et prenez rendez-vous en ligne dans votre showroom \u00e8ggo.","telephone":[],"openingHoursSpecification":[{"@type":"OpeningHoursSpecification","dayOfWeek":["Monday","Tuesday","Wednesday","Thursday","Friday","Saturday","Sunday"],"opens":"09:00","closes":"17:00"}]},{"@type":"ImageObject","inLanguage":"nl-NL","@id":"https:\/\/www.eggo.be\/nl\/keuken\/moderne-keuken\/de-keuken-van-aline-en-koen\/#local-main-organization-logo","url":"https:\/\/www.eggo.be\/wp-content\/uploads\/2025\/01\/Logo.png","contentUrl":"https:\/\/www.eggo.be\/wp-content\/uploads\/2025\/01\/Logo.png","width":88,"height":88,"caption":"\u00e8ggo"}]}},"custom_meta":{"colors":[{"color":"#000000","name":"Unnamed Color","layouts":[{"name":"Unnamed Layout","layout_style_icon":"","layout_image":"","hotspots":[{"_state":"expanded","tooltip_details":{"tooltip_image":""}}]}]}]},"meta_box":{"normal_price":"","price_tva_6":"","price_tva_21":"","discounted_price":"","discounted_price_tva_6":"4990.00","discounted_price_tva_21":"5531","text_information_side_panel":"","included_in_price_side_panel":"","included_price_items":[{"included_icon":["23576"],"included_text":"Meubels","included_price":"3.096 \u20ac","included_price_21":"3.624 \u20ac"},{"included_icon":["2044"],"included_text":"Toestellen en sanitair","included_price":"1.894 \u20ac","included_price_21":"1.907 \u20ac"}],"show_secondary_items":"1","secondary_included_title":"Optioneel - Kwaliteitsservice van \u00e8ggo","included_price_items_secondary":[{"included_icon_secondary":["8961"],"included_text_secondary":"Opmeting, levering en installatie: wij zorgen voor alles ","included_price_21_secondary":"1.026\u20ac"}],"banner_short_description":"<strong>De keuken van Aline en Koen: een ruimte waar stijlvol en budgetvriendelijk samenkomen<\/strong><br>Het jonge stadskoppel Alexane en Corentin heeft een goedgevuld leven: een drukke baan en veel etentjes met vrienden. Ze wilden een keuken die bij hen past: eenvoudig, knus en makkelijk om alle dagen in te leven. Daarom opteerden ze voor een eetblad, ideaal voor een snelle hap, een ge\u00efmproviseerd aperitiefje of zelfs \u2018s ochtends samen gezellig een kopje koffie. Ze hebben oog voor detail en kozen dan ook voor dezelfde afwerking van de meubelen, de legplanken en het werkblad, zodat het aangenaam toeven is in de keuken. Het is dankzij het betaalbare design van \u00e8ggo dat Alexane en Corentin een keuken konden realiseren die bij hen past, zonder compromissen wat stijl, gemak en budget betreft.","banner_pdf_url":"","promotion_title":"Profiteer van onze condities","post_promotion_description":"\u00c8ggo, het Belgische merk voor betaalbaar design !","promotion_discount":"","linked_promotion":[],"linked_partners":[],"linked_showroom":[],"exhibition_selected":"0","exhibition_more_information_title":"","exhibition_model_detail_title":"","your_advantage":"","promotion_toggle":"0","small_featured_promotion_toggle":"0","promotion_icon":[],"promotion_description":"","promotion_period":"","promotion_link":"","promotion_bg_color":"#ffffff","promotion_text_color":"#fe5000","custom_colors":[{"layouts":[{"hotspots":[{"_state":"expanded"}],"_state":"expanded"}],"_state":"empty"}],"featured_image_hotspots":[],"read_more_content":"","override_widget_settings":"0","show_post_expanded":"0","show_post_title":"0","show_like":"0","show_configuration":"0","show_price":"0","show_old_price":"0","show_eggo_category":"0","show_popup":"0","show_promotion":"0","show_hotspots":"0","responsive_height":"500","responsive_height_tablet":"500","responsive_height_mobile":"500","show_direction_vertical":"0","show_direction_vertical_tablet":"0","show_direction_vertical_mobile":"0","popup_title":"Une cuisine qui vous ressemble","popup_excerpt":"Il y a toujours une cuisine \u00e8ggo au design bien pens\u00e9 pour accueillir toute la famille","popup_cta_text":"D\u00e9couvrir nos cuisines","popup_cta_link":"https:\/\/www.eggo.be\/fr\/cuisine\/","post_title_position_center":"0","title_position_x":"18","title_position_y":"18","title_font_size":"18","hotspots":[{"hotspot_position_x":"50","hotspot_position_y":"50","_state":"expanded"}]},"_links":{"self":[{"href":"https:\/\/www.eggo.be\/nl\/wp-json\/wp\/v2\/cuisines\/29080","targetHints":{"allow":["GET"]}}],"collection":[{"href":"https:\/\/www.eggo.be\/nl\/wp-json\/wp\/v2\/cuisines"}],"about":[{"href":"https:\/\/www.eggo.be\/nl\/wp-json\/wp\/v2\/types\/cuisines"}],"replies":[{"embeddable":true,"href":"https:\/\/www.eggo.be\/nl\/wp-json\/wp\/v2\/comments?post=29080"}],"version-history":[{"count":3,"href":"https:\/\/www.eggo.be\/nl\/wp-json\/wp\/v2\/cuisines\/29080\/revisions"}],"predecessor-version":[{"id":38759,"href":"https:\/\/www.eggo.be\/nl\/wp-json\/wp\/v2\/cuisines\/29080\/revisions\/38759"}],"wp:featuredmedia":[{"embeddable":true,"href":"https:\/\/www.eggo.be\/nl\/wp-json\/wp\/v2\/media\/37876"}],"wp:attachment":[{"href":"https:\/\/www.eggo.be\/nl\/wp-json\/wp\/v2\/media?parent=29080"}],"wp:term":[{"taxonomy":"cuisines_category","embeddable":true,"href":"https:\/\/www.eggo.be\/nl\/wp-json\/wp\/v2\/cuisines_category?post=29080"},{"taxonomy":"cuisines_tag","embeddable":true,"href":"https:\/\/www.eggo.be\/nl\/wp-json\/wp\/v2\/cuisines_tag?post=29080"},{"taxonomy":"post_type_filter","embeddable":true,"href":"https:\/\/www.eggo.be\/nl\/wp-json\/wp\/v2\/post_type_filter?post=29080"},{"taxonomy":"eggo_style_tags","embeddable":true,"href":"https:\/\/www.eggo.be\/nl\/wp-json\/wp\/v2\/eggo_style_tags?post=29080"},{"taxonomy":"eggo_color_tags","embeddable":true,"href":"https:\/\/www.eggo.be\/nl\/wp-json\/wp\/v2\/eggo_color_tags?post=29080"},{"taxonomy":"eggo_material_and_finishes_tags","embeddable":true,"href":"https:\/\/www.eggo.be\/nl\/wp-json\/wp\/v2\/eggo_material_and_finishes_tags?post=29080"},{"taxonomy":"eggo_price_range_tags","embeddable":true,"href":"https:\/\/www.eggo.be\/nl\/wp-json\/wp\/v2\/eggo_price_range_tags?post=29080"},{"taxonomy":"eggo_price_range_tags_21","embeddable":true,"href":"https:\/\/www.eggo.be\/nl\/wp-json\/wp\/v2\/eggo_price_range_tags_21?post=29080"}],"curies":[{"name":"wp","href":"https:\/\/api.w.org\/{rel}","templated":true}]}}