{"id":29108,"date":"2025-04-02T19:27:10","date_gmt":"2025-04-02T19:27:10","guid":{"rendered":"https:\/\/www.eggo.be\/cuisines\/de-keuken-van-laure-en-bram\/"},"modified":"2025-06-05T12:54:38","modified_gmt":"2025-06-05T12:54:38","slug":"de-keuken-van-laura-en-bram","status":"publish","type":"cuisines","link":"https:\/\/www.eggo.be\/nl\/keuken\/landelijke-keukens\/de-keuken-van-laura-en-bram\/","title":{"rendered":"De keuken van Laura en Bram"},"content":{"rendered":"","protected":false},"excerpt":{"rendered":"","protected":false},"featured_media":18577,"comment_status":"closed","ping_status":"closed","template":"","cuisines_category":[171],"cuisines_tag":[],"post_type_filter":[162],"eggo_style_tags":[],"eggo_color_tags":[195,219],"eggo_material_and_finishes_tags":[],"eggo_price_range_tags":[83],"eggo_price_range_tags_21":[237],"class_list":["post-29108","cuisines","type-cuisines","status-publish","has-post-thumbnail","hentry","cuisines_category-landelijke-keukens","post_type_filter-keuken","eggo_color_tags-blauw","eggo_color_tags-hout","eggo_price_range_tags-superieur-a-15-000e","eggo_price_range_tags_21-superieur-a-15-000e"],"yoast_head":"<!-- This site is optimized with the Yoast SEO Premium plugin v26.2 (Yoast SEO v27.4) - https:\/\/yoast.com\/product\/yoast-seo-premium-wordpress\/ -->\n<title>De keuken van Laura en Bram - Eggo<\/title>\n<meta name=\"robots\" content=\"index, follow, max-snippet:-1, max-image-preview:large, max-video-preview:-1\" \/>\n<link rel=\"canonical\" href=\"https:\/\/www.eggo.be\/nl\/keuken\/landelijke-keukens\/de-keuken-van-laura-en-bram\/\" \/>\n<meta property=\"og:locale\" content=\"nl_NL\" \/>\n<meta property=\"og:type\" content=\"article\" \/>\n<meta property=\"og:title\" content=\"De keuken van Laura en Bram\" \/>\n<meta property=\"og:url\" content=\"https:\/\/www.eggo.be\/nl\/keuken\/landelijke-keukens\/de-keuken-van-laura-en-bram\/\" \/>\n<meta property=\"og:site_name\" content=\"Eggo\" \/>\n<meta property=\"article:publisher\" content=\"https:\/\/www.facebook.com\/eggokitchen\" \/>\n<meta property=\"article:modified_time\" content=\"2025-06-05T12:54:38+00:00\" \/>\n<meta property=\"og:image\" content=\"https:\/\/www.eggo.be\/wp-content\/uploads\/2025\/04\/miysis_3d_Eggo_1402_final-scaled.jpg\" \/>\n\t<meta property=\"og:image:width\" content=\"2048\" \/>\n\t<meta property=\"og:image:height\" content=\"1152\" \/>\n\t<meta property=\"og:image:type\" content=\"image\/jpeg\" \/>\n<meta name=\"twitter:card\" content=\"summary_large_image\" \/>\n<meta name=\"twitter:label1\" content=\"Geschatte leestijd\" \/>\n\t<meta name=\"twitter:data1\" content=\"1 minuut\" \/>\n<script type=\"application\/ld+json\" class=\"yoast-schema-graph\">{\"@context\":\"https:\\\/\\\/schema.org\",\"@graph\":[{\"@type\":\"WebPage\",\"@id\":\"https:\\\/\\\/www.eggo.be\\\/nl\\\/keuken\\\/landelijke-keukens\\\/de-keuken-van-laura-en-bram\\\/\",\"url\":\"https:\\\/\\\/www.eggo.be\\\/nl\\\/keuken\\\/landelijke-keukens\\\/de-keuken-van-laura-en-bram\\\/\",\"name\":\"De keuken van Laura en Bram - Eggo\",\"isPartOf\":{\"@id\":\"https:\\\/\\\/www.eggo.be\\\/nl\\\/#website\"},\"primaryImageOfPage\":{\"@id\":\"https:\\\/\\\/www.eggo.be\\\/nl\\\/keuken\\\/landelijke-keukens\\\/de-keuken-van-laura-en-bram\\\/#primaryimage\"},\"image\":{\"@id\":\"https:\\\/\\\/www.eggo.be\\\/nl\\\/keuken\\\/landelijke-keukens\\\/de-keuken-van-laura-en-bram\\\/#primaryimage\"},\"thumbnailUrl\":\"https:\\\/\\\/www.eggo.be\\\/wp-content\\\/uploads\\\/2025\\\/04\\\/miysis_3d_Eggo_1402_final-scaled.jpg\",\"datePublished\":\"2025-04-02T19:27:10+00:00\",\"dateModified\":\"2025-06-05T12:54:38+00:00\",\"breadcrumb\":{\"@id\":\"https:\\\/\\\/www.eggo.be\\\/nl\\\/keuken\\\/landelijke-keukens\\\/de-keuken-van-laura-en-bram\\\/#breadcrumb\"},\"inLanguage\":\"nl-NL\",\"potentialAction\":[{\"@type\":\"ReadAction\",\"target\":[\"https:\\\/\\\/www.eggo.be\\\/nl\\\/keuken\\\/landelijke-keukens\\\/de-keuken-van-laura-en-bram\\\/\"]}]},{\"@type\":\"ImageObject\",\"inLanguage\":\"nl-NL\",\"@id\":\"https:\\\/\\\/www.eggo.be\\\/nl\\\/keuken\\\/landelijke-keukens\\\/de-keuken-van-laura-en-bram\\\/#primaryimage\",\"url\":\"https:\\\/\\\/www.eggo.be\\\/wp-content\\\/uploads\\\/2025\\\/04\\\/miysis_3d_Eggo_1402_final-scaled.jpg\",\"contentUrl\":\"https:\\\/\\\/www.eggo.be\\\/wp-content\\\/uploads\\\/2025\\\/04\\\/miysis_3d_Eggo_1402_final-scaled.jpg\",\"width\":2048,\"height\":1152,\"caption\":\"1402_BLEU\"},{\"@type\":\"BreadcrumbList\",\"@id\":\"https:\\\/\\\/www.eggo.be\\\/nl\\\/keuken\\\/landelijke-keukens\\\/de-keuken-van-laura-en-bram\\\/#breadcrumb\",\"itemListElement\":[{\"@type\":\"ListItem\",\"position\":1,\"name\":\"Home\",\"item\":\"https:\\\/\\\/www.eggo.be\\\/nl\\\/\"},{\"@type\":\"ListItem\",\"position\":2,\"name\":\"Keuken\",\"item\":\"https:\\\/\\\/www.eggo.be\\\/nl\\\/keuken\\\/\"},{\"@type\":\"ListItem\",\"position\":3,\"name\":\"De keuken van Laura en Bram\"}]},{\"@type\":\"WebSite\",\"@id\":\"https:\\\/\\\/www.eggo.be\\\/nl\\\/#website\",\"url\":\"https:\\\/\\\/www.eggo.be\\\/nl\\\/\",\"name\":\"\u00e8ggo\",\"description\":\"\",\"publisher\":{\"@id\":\"https:\\\/\\\/www.eggo.be\\\/nl\\\/#organization\"},\"potentialAction\":[{\"@type\":\"SearchAction\",\"target\":{\"@type\":\"EntryPoint\",\"urlTemplate\":\"https:\\\/\\\/www.eggo.be\\\/nl\\\/?s={search_term_string}\"},\"query-input\":{\"@type\":\"PropertyValueSpecification\",\"valueRequired\":true,\"valueName\":\"search_term_string\"}}],\"inLanguage\":\"nl-NL\"},{\"@type\":[\"Organization\",\"Place\"],\"@id\":\"https:\\\/\\\/www.eggo.be\\\/nl\\\/#organization\",\"name\":\"\u00e8ggo\",\"alternateName\":\"eggo\",\"url\":\"https:\\\/\\\/www.eggo.be\\\/nl\\\/\",\"logo\":{\"@id\":\"https:\\\/\\\/www.eggo.be\\\/nl\\\/keuken\\\/landelijke-keukens\\\/de-keuken-van-laura-en-bram\\\/#local-main-organization-logo\"},\"image\":{\"@id\":\"https:\\\/\\\/www.eggo.be\\\/nl\\\/keuken\\\/landelijke-keukens\\\/de-keuken-van-laura-en-bram\\\/#local-main-organization-logo\"},\"sameAs\":[\"https:\\\/\\\/www.facebook.com\\\/eggokitchen\",\"https:\\\/\\\/www.linkedin.com\\\/company\\\/eggo\\\/\"],\"description\":\"Des cuisines et meubles de rangement de qualit\u00e9 \u00e0 des prix avantageux ! D\u00e9couvrez nos mod\u00e8les et prenez rendez-vous en ligne dans votre showroom \u00e8ggo.\",\"telephone\":[],\"openingHoursSpecification\":[{\"@type\":\"OpeningHoursSpecification\",\"dayOfWeek\":[\"Monday\",\"Tuesday\",\"Wednesday\",\"Thursday\",\"Friday\",\"Saturday\",\"Sunday\"],\"opens\":\"09:00\",\"closes\":\"17:00\"}]},{\"@type\":\"ImageObject\",\"inLanguage\":\"nl-NL\",\"@id\":\"https:\\\/\\\/www.eggo.be\\\/nl\\\/keuken\\\/landelijke-keukens\\\/de-keuken-van-laura-en-bram\\\/#local-main-organization-logo\",\"url\":\"https:\\\/\\\/www.eggo.be\\\/wp-content\\\/uploads\\\/2025\\\/01\\\/Logo.png\",\"contentUrl\":\"https:\\\/\\\/www.eggo.be\\\/wp-content\\\/uploads\\\/2025\\\/01\\\/Logo.png\",\"width\":88,\"height\":88,\"caption\":\"\u00e8ggo\"}]}<\/script>\n<!-- \/ Yoast SEO Premium plugin. -->","yoast_head_json":{"title":"De keuken van Laura en Bram - Eggo","robots":{"index":"index","follow":"follow","max-snippet":"max-snippet:-1","max-image-preview":"max-image-preview:large","max-video-preview":"max-video-preview:-1"},"canonical":"https:\/\/www.eggo.be\/nl\/keuken\/landelijke-keukens\/de-keuken-van-laura-en-bram\/","og_locale":"nl_NL","og_type":"article","og_title":"De keuken van Laura en Bram","og_url":"https:\/\/www.eggo.be\/nl\/keuken\/landelijke-keukens\/de-keuken-van-laura-en-bram\/","og_site_name":"Eggo","article_publisher":"https:\/\/www.facebook.com\/eggokitchen","article_modified_time":"2025-06-05T12:54:38+00:00","og_image":[{"width":2048,"height":1152,"url":"https:\/\/www.eggo.be\/wp-content\/uploads\/2025\/04\/miysis_3d_Eggo_1402_final-scaled.jpg","type":"image\/jpeg"}],"twitter_card":"summary_large_image","twitter_misc":{"Geschatte leestijd":"1 minuut"},"schema":{"@context":"https:\/\/schema.org","@graph":[{"@type":"WebPage","@id":"https:\/\/www.eggo.be\/nl\/keuken\/landelijke-keukens\/de-keuken-van-laura-en-bram\/","url":"https:\/\/www.eggo.be\/nl\/keuken\/landelijke-keukens\/de-keuken-van-laura-en-bram\/","name":"De keuken van Laura en Bram - Eggo","isPartOf":{"@id":"https:\/\/www.eggo.be\/nl\/#website"},"primaryImageOfPage":{"@id":"https:\/\/www.eggo.be\/nl\/keuken\/landelijke-keukens\/de-keuken-van-laura-en-bram\/#primaryimage"},"image":{"@id":"https:\/\/www.eggo.be\/nl\/keuken\/landelijke-keukens\/de-keuken-van-laura-en-bram\/#primaryimage"},"thumbnailUrl":"https:\/\/www.eggo.be\/wp-content\/uploads\/2025\/04\/miysis_3d_Eggo_1402_final-scaled.jpg","datePublished":"2025-04-02T19:27:10+00:00","dateModified":"2025-06-05T12:54:38+00:00","breadcrumb":{"@id":"https:\/\/www.eggo.be\/nl\/keuken\/landelijke-keukens\/de-keuken-van-laura-en-bram\/#breadcrumb"},"inLanguage":"nl-NL","potentialAction":[{"@type":"ReadAction","target":["https:\/\/www.eggo.be\/nl\/keuken\/landelijke-keukens\/de-keuken-van-laura-en-bram\/"]}]},{"@type":"ImageObject","inLanguage":"nl-NL","@id":"https:\/\/www.eggo.be\/nl\/keuken\/landelijke-keukens\/de-keuken-van-laura-en-bram\/#primaryimage","url":"https:\/\/www.eggo.be\/wp-content\/uploads\/2025\/04\/miysis_3d_Eggo_1402_final-scaled.jpg","contentUrl":"https:\/\/www.eggo.be\/wp-content\/uploads\/2025\/04\/miysis_3d_Eggo_1402_final-scaled.jpg","width":2048,"height":1152,"caption":"1402_BLEU"},{"@type":"BreadcrumbList","@id":"https:\/\/www.eggo.be\/nl\/keuken\/landelijke-keukens\/de-keuken-van-laura-en-bram\/#breadcrumb","itemListElement":[{"@type":"ListItem","position":1,"name":"Home","item":"https:\/\/www.eggo.be\/nl\/"},{"@type":"ListItem","position":2,"name":"Keuken","item":"https:\/\/www.eggo.be\/nl\/keuken\/"},{"@type":"ListItem","position":3,"name":"De keuken van Laura en Bram"}]},{"@type":"WebSite","@id":"https:\/\/www.eggo.be\/nl\/#website","url":"https:\/\/www.eggo.be\/nl\/","name":"\u00e8ggo","description":"","publisher":{"@id":"https:\/\/www.eggo.be\/nl\/#organization"},"potentialAction":[{"@type":"SearchAction","target":{"@type":"EntryPoint","urlTemplate":"https:\/\/www.eggo.be\/nl\/?s={search_term_string}"},"query-input":{"@type":"PropertyValueSpecification","valueRequired":true,"valueName":"search_term_string"}}],"inLanguage":"nl-NL"},{"@type":["Organization","Place"],"@id":"https:\/\/www.eggo.be\/nl\/#organization","name":"\u00e8ggo","alternateName":"eggo","url":"https:\/\/www.eggo.be\/nl\/","logo":{"@id":"https:\/\/www.eggo.be\/nl\/keuken\/landelijke-keukens\/de-keuken-van-laura-en-bram\/#local-main-organization-logo"},"image":{"@id":"https:\/\/www.eggo.be\/nl\/keuken\/landelijke-keukens\/de-keuken-van-laura-en-bram\/#local-main-organization-logo"},"sameAs":["https:\/\/www.facebook.com\/eggokitchen","https:\/\/www.linkedin.com\/company\/eggo\/"],"description":"Des cuisines et meubles de rangement de qualit\u00e9 \u00e0 des prix avantageux ! D\u00e9couvrez nos mod\u00e8les et prenez rendez-vous en ligne dans votre showroom \u00e8ggo.","telephone":[],"openingHoursSpecification":[{"@type":"OpeningHoursSpecification","dayOfWeek":["Monday","Tuesday","Wednesday","Thursday","Friday","Saturday","Sunday"],"opens":"09:00","closes":"17:00"}]},{"@type":"ImageObject","inLanguage":"nl-NL","@id":"https:\/\/www.eggo.be\/nl\/keuken\/landelijke-keukens\/de-keuken-van-laura-en-bram\/#local-main-organization-logo","url":"https:\/\/www.eggo.be\/wp-content\/uploads\/2025\/01\/Logo.png","contentUrl":"https:\/\/www.eggo.be\/wp-content\/uploads\/2025\/01\/Logo.png","width":88,"height":88,"caption":"\u00e8ggo"}]}},"custom_meta":{"colors":[{"color":"#275866","name":"Unnamed Color","layouts":[{"name":"Unnamed Layout","layout_style_icon":"","layout_image":"","hotspots":[]},{"name":"Unnamed Layout","layout_style_icon":"","layout_image":"https:\/\/www.eggo.be\/wp-content\/uploads\/2025\/04\/miysis_3d_Eggo_1402_final-scaled-1.jpg","hotspots":[]}]},{"color":"#939679","name":"Unnamed Color","layouts":[{"name":"Unnamed Layout","layout_style_icon":"","layout_image":"https:\/\/www.eggo.be\/wp-content\/uploads\/2025\/04\/miysis_3d_eggo_1402_Variante-02-Cascada-roseau_wip02-scaled-1.jpg","hotspots":[{"_state":"expanded","tooltip_details":{"tooltip_image":""}}]}]},{"color":"#efecea","name":"Unnamed Color","layouts":[{"name":"Unnamed Layout","layout_style_icon":"","layout_image":"https:\/\/www.eggo.be\/wp-content\/uploads\/2025\/04\/miysis_3d_eggo_1402_Variante-02-Cascada-blanc_wip03-scaled.jpg","hotspots":[{"_state":"collapsed","tooltip_details":{"tooltip_image":""}}]}]}]},"meta_box":{"normal_price":"","price_tva_6":"","price_tva_21":"","discounted_price":"","discounted_price_tva_6":"15090.00","discounted_price_tva_21":"17270.98","text_information_side_panel":"","included_in_price_side_panel":"","included_price_items":[{"included_icon":["23576"],"included_text":"Meubels","included_price":"13.473 \u20ac","included_price_21":"15.422 \u20ac"},{"included_icon":["2044"],"included_text":"Toestellen en sanitair","included_price":"1\u202f617 \u20ac","included_price_21":"1\u202f849 \u20ac"}],"show_secondary_items":"1","secondary_included_title":"Optioneel - Kwaliteitsservice van \u00e8ggo","included_price_items_secondary":[{"included_icon_secondary":["8961"],"included_text_secondary":"Opmeting, levering en installatie: wij zorgen voor alles ","included_price_21_secondary":"1.860\u20ac"}],"banner_short_description":"<strong>De cottage keuken waar Laure als een blok voor viel<\/strong>\r\n<br>Met haar tijdloze charme veroverde deze cottage keuken het hart van Laure van bij de eerste aanblik. Het opbergmeubel voor borden, praktisch en decoratief tegelijk, doet denken aan de stijlvolle keukens van weleer. Verzorgde details zoals de mooi vormgegeven kroonlijsten en de subtiele afwerking versterken het landelijke, warme en authentieke karakter nog. Een verfijnde sfeer, die bewijst dat design zowel betaalbaar als functioneel kan zijn.","banner_pdf_url":"","promotion_title":"Profiteer van onze condities","post_promotion_description":"\u00c8ggo, het Belgische merk voor betaalbaar design !","promotion_discount":"","linked_promotion":[],"linked_partners":[],"linked_showroom":[],"exhibition_selected":"0","exhibition_more_information_title":"","exhibition_model_detail_title":"","your_advantage":"","promotion_toggle":"0","small_featured_promotion_toggle":"0","promotion_icon":[],"promotion_description":"","promotion_period":"","promotion_link":"","promotion_bg_color":"#ffffff","promotion_text_color":"#fe5000","custom_colors":[{"color":"#275866","layouts":[{"_state":"collapsed"},{"layout_image":["24802"]}],"_state":"collapsed"},{"color":"#939679","layouts":[{"layout_image":["24808"],"hotspots":[{"_state":"expanded"}],"_state":"expanded"}],"_state":"collapsed"},{"color":"#efecea","layouts":[{"layout_image":["37012"],"hotspots":[{"_state":"collapsed"}]}],"_state":"collapsed"}],"featured_image_hotspots":[],"read_more_content":"","override_widget_settings":"0","show_post_expanded":"0","show_post_title":"0","show_like":"0","show_configuration":"0","show_price":"0","show_old_price":"0","show_eggo_category":"0","show_popup":"0","show_promotion":"0","show_hotspots":"0","responsive_height":"500","responsive_height_tablet":"500","responsive_height_mobile":"500","show_direction_vertical":"0","show_direction_vertical_tablet":"0","show_direction_vertical_mobile":"0","popup_title":"Une cuisine qui vous ressemble","popup_excerpt":"Il y a toujours une cuisine \u00e8ggo au design bien pens\u00e9 pour accueillir toute la famille","popup_cta_text":"D\u00e9couvrir nos cuisines","popup_cta_link":"https:\/\/www.eggo.be\/fr\/cuisine\/","post_title_position_center":"0","title_position_x":"18","title_position_y":"18","title_font_size":"18","hotspots":[{"hotspot_position_x":"50","hotspot_position_y":"50","_state":"expanded"}]},"_links":{"self":[{"href":"https:\/\/www.eggo.be\/nl\/wp-json\/wp\/v2\/cuisines\/29108","targetHints":{"allow":["GET"]}}],"collection":[{"href":"https:\/\/www.eggo.be\/nl\/wp-json\/wp\/v2\/cuisines"}],"about":[{"href":"https:\/\/www.eggo.be\/nl\/wp-json\/wp\/v2\/types\/cuisines"}],"replies":[{"embeddable":true,"href":"https:\/\/www.eggo.be\/nl\/wp-json\/wp\/v2\/comments?post=29108"}],"version-history":[{"count":2,"href":"https:\/\/www.eggo.be\/nl\/wp-json\/wp\/v2\/cuisines\/29108\/revisions"}],"predecessor-version":[{"id":37184,"href":"https:\/\/www.eggo.be\/nl\/wp-json\/wp\/v2\/cuisines\/29108\/revisions\/37184"}],"wp:featuredmedia":[{"embeddable":true,"href":"https:\/\/www.eggo.be\/nl\/wp-json\/wp\/v2\/media\/18577"}],"wp:attachment":[{"href":"https:\/\/www.eggo.be\/nl\/wp-json\/wp\/v2\/media?parent=29108"}],"wp:term":[{"taxonomy":"cuisines_category","embeddable":true,"href":"https:\/\/www.eggo.be\/nl\/wp-json\/wp\/v2\/cuisines_category?post=29108"},{"taxonomy":"cuisines_tag","embeddable":true,"href":"https:\/\/www.eggo.be\/nl\/wp-json\/wp\/v2\/cuisines_tag?post=29108"},{"taxonomy":"post_type_filter","embeddable":true,"href":"https:\/\/www.eggo.be\/nl\/wp-json\/wp\/v2\/post_type_filter?post=29108"},{"taxonomy":"eggo_style_tags","embeddable":true,"href":"https:\/\/www.eggo.be\/nl\/wp-json\/wp\/v2\/eggo_style_tags?post=29108"},{"taxonomy":"eggo_color_tags","embeddable":true,"href":"https:\/\/www.eggo.be\/nl\/wp-json\/wp\/v2\/eggo_color_tags?post=29108"},{"taxonomy":"eggo_material_and_finishes_tags","embeddable":true,"href":"https:\/\/www.eggo.be\/nl\/wp-json\/wp\/v2\/eggo_material_and_finishes_tags?post=29108"},{"taxonomy":"eggo_price_range_tags","embeddable":true,"href":"https:\/\/www.eggo.be\/nl\/wp-json\/wp\/v2\/eggo_price_range_tags?post=29108"},{"taxonomy":"eggo_price_range_tags_21","embeddable":true,"href":"https:\/\/www.eggo.be\/nl\/wp-json\/wp\/v2\/eggo_price_range_tags_21?post=29108"}],"curies":[{"name":"wp","href":"https:\/\/api.w.org\/{rel}","templated":true}]}}