{"id":40277,"date":"2025-08-21T11:48:16","date_gmt":"2025-08-21T11:48:16","guid":{"rendered":"https:\/\/www.eggo.be\/?post_type=cuisines&#038;p=40277"},"modified":"2026-03-09T12:43:37","modified_gmt":"2026-03-09T12:43:37","slug":"de-keuken-van-tony-2","status":"publish","type":"cuisines","link":"https:\/\/www.eggo.be\/nl\/keuken\/moderne-keuken\/de-keuken-van-tony-2\/","title":{"rendered":"De keuken van Tony"},"content":{"rendered":"","protected":false},"excerpt":{"rendered":"","protected":false},"featured_media":45314,"comment_status":"closed","ping_status":"closed","template":"","cuisines_category":[160],"cuisines_tag":[],"post_type_filter":[143,162],"eggo_style_tags":[],"eggo_color_tags":[219,218],"eggo_material_and_finishes_tags":[],"eggo_price_range_tags":[215],"eggo_price_range_tags_21":[238],"class_list":["post-40277","cuisines","type-cuisines","status-publish","has-post-thumbnail","hentry","cuisines_category-moderne-keuken","post_type_filter-cuisine","post_type_filter-keuken","eggo_color_tags-hout","eggo_color_tags-wit","eggo_price_range_tags-minder-dan-e6-000","eggo_price_range_tags_21-tussen-e6-000-en-e8-000"],"yoast_head":"<!-- This site is optimized with the Yoast SEO Premium plugin v26.2 (Yoast SEO v27.4) - https:\/\/yoast.com\/product\/yoast-seo-premium-wordpress\/ -->\n<title>De keuken van Tony - Eggo<\/title>\n<meta name=\"description\" content=\"Bekijk de keuken van Barbara: een stijlvolle en functionele keuken op maat, ontworpen voor optimaal gebruiksgemak en esthetiek.\" \/>\n<meta name=\"robots\" content=\"index, follow, max-snippet:-1, max-image-preview:large, max-video-preview:-1\" \/>\n<link rel=\"canonical\" href=\"https:\/\/www.eggo.be\/nl\/keuken\/moderne-keuken\/de-keuken-van-tony-2\/\" \/>\n<meta property=\"og:locale\" content=\"nl_NL\" \/>\n<meta property=\"og:type\" content=\"article\" \/>\n<meta property=\"og:title\" content=\"De keuken van Tony\" \/>\n<meta property=\"og:description\" content=\"Bekijk de keuken van Barbara: een stijlvolle en functionele keuken op maat, ontworpen voor optimaal gebruiksgemak en esthetiek.\" \/>\n<meta property=\"og:url\" content=\"https:\/\/www.eggo.be\/nl\/keuken\/moderne-keuken\/de-keuken-van-tony-2\/\" \/>\n<meta property=\"og:site_name\" content=\"Eggo\" \/>\n<meta property=\"article:publisher\" content=\"https:\/\/www.facebook.com\/eggokitchen\" \/>\n<meta property=\"article:modified_time\" content=\"2026-03-09T12:43:37+00:00\" \/>\n<meta property=\"og:image\" content=\"https:\/\/www.eggo.be\/wp-content\/uploads\/2025\/08\/WEB_miysis_3d_eggo_25105NS_wip4-Grande.jpeg\" \/>\n\t<meta property=\"og:image:width\" content=\"1280\" \/>\n\t<meta property=\"og:image:height\" content=\"800\" \/>\n\t<meta property=\"og:image:type\" content=\"image\/jpeg\" \/>\n<meta name=\"twitter:card\" content=\"summary_large_image\" \/>\n<meta name=\"twitter:label1\" content=\"Geschatte leestijd\" \/>\n\t<meta name=\"twitter:data1\" content=\"1 minuut\" \/>\n<script type=\"application\/ld+json\" class=\"yoast-schema-graph\">{\"@context\":\"https:\\\/\\\/schema.org\",\"@graph\":[{\"@type\":\"WebPage\",\"@id\":\"https:\\\/\\\/www.eggo.be\\\/nl\\\/keuken\\\/moderne-keuken\\\/de-keuken-van-tony-2\\\/\",\"url\":\"https:\\\/\\\/www.eggo.be\\\/nl\\\/keuken\\\/moderne-keuken\\\/de-keuken-van-tony-2\\\/\",\"name\":\"De keuken van Tony - Eggo\",\"isPartOf\":{\"@id\":\"https:\\\/\\\/www.eggo.be\\\/nl\\\/#website\"},\"primaryImageOfPage\":{\"@id\":\"https:\\\/\\\/www.eggo.be\\\/nl\\\/keuken\\\/moderne-keuken\\\/de-keuken-van-tony-2\\\/#primaryimage\"},\"image\":{\"@id\":\"https:\\\/\\\/www.eggo.be\\\/nl\\\/keuken\\\/moderne-keuken\\\/de-keuken-van-tony-2\\\/#primaryimage\"},\"thumbnailUrl\":\"https:\\\/\\\/www.eggo.be\\\/wp-content\\\/uploads\\\/2025\\\/08\\\/WEB_miysis_3d_eggo_25105NS_wip4-Grande.jpeg\",\"datePublished\":\"2025-08-21T11:48:16+00:00\",\"dateModified\":\"2026-03-09T12:43:37+00:00\",\"description\":\"Bekijk de keuken van Barbara: een stijlvolle en functionele keuken op maat, ontworpen voor optimaal gebruiksgemak en esthetiek.\",\"breadcrumb\":{\"@id\":\"https:\\\/\\\/www.eggo.be\\\/nl\\\/keuken\\\/moderne-keuken\\\/de-keuken-van-tony-2\\\/#breadcrumb\"},\"inLanguage\":\"nl-NL\",\"potentialAction\":[{\"@type\":\"ReadAction\",\"target\":[\"https:\\\/\\\/www.eggo.be\\\/nl\\\/keuken\\\/moderne-keuken\\\/de-keuken-van-tony-2\\\/\"]}]},{\"@type\":\"ImageObject\",\"inLanguage\":\"nl-NL\",\"@id\":\"https:\\\/\\\/www.eggo.be\\\/nl\\\/keuken\\\/moderne-keuken\\\/de-keuken-van-tony-2\\\/#primaryimage\",\"url\":\"https:\\\/\\\/www.eggo.be\\\/wp-content\\\/uploads\\\/2025\\\/08\\\/WEB_miysis_3d_eggo_25105NS_wip4-Grande.jpeg\",\"contentUrl\":\"https:\\\/\\\/www.eggo.be\\\/wp-content\\\/uploads\\\/2025\\\/08\\\/WEB_miysis_3d_eggo_25105NS_wip4-Grande.jpeg\",\"width\":1280,\"height\":800,\"caption\":\"La cuisine de l'appartement Air b&b de Sophie et Alain con\u00e7ue avec la collection Smart d'\u00e8ggo\"},{\"@type\":\"BreadcrumbList\",\"@id\":\"https:\\\/\\\/www.eggo.be\\\/nl\\\/keuken\\\/moderne-keuken\\\/de-keuken-van-tony-2\\\/#breadcrumb\",\"itemListElement\":[{\"@type\":\"ListItem\",\"position\":1,\"name\":\"Home\",\"item\":\"https:\\\/\\\/www.eggo.be\\\/nl\\\/\"},{\"@type\":\"ListItem\",\"position\":2,\"name\":\"Keuken\",\"item\":\"https:\\\/\\\/www.eggo.be\\\/nl\\\/keuken\\\/\"},{\"@type\":\"ListItem\",\"position\":3,\"name\":\"De keuken van Tony\"}]},{\"@type\":\"WebSite\",\"@id\":\"https:\\\/\\\/www.eggo.be\\\/nl\\\/#website\",\"url\":\"https:\\\/\\\/www.eggo.be\\\/nl\\\/\",\"name\":\"\u00e8ggo\",\"description\":\"\",\"publisher\":{\"@id\":\"https:\\\/\\\/www.eggo.be\\\/nl\\\/#organization\"},\"potentialAction\":[{\"@type\":\"SearchAction\",\"target\":{\"@type\":\"EntryPoint\",\"urlTemplate\":\"https:\\\/\\\/www.eggo.be\\\/nl\\\/?s={search_term_string}\"},\"query-input\":{\"@type\":\"PropertyValueSpecification\",\"valueRequired\":true,\"valueName\":\"search_term_string\"}}],\"inLanguage\":\"nl-NL\"},{\"@type\":[\"Organization\",\"Place\"],\"@id\":\"https:\\\/\\\/www.eggo.be\\\/nl\\\/#organization\",\"name\":\"\u00e8ggo\",\"alternateName\":\"eggo\",\"url\":\"https:\\\/\\\/www.eggo.be\\\/nl\\\/\",\"logo\":{\"@id\":\"https:\\\/\\\/www.eggo.be\\\/nl\\\/keuken\\\/moderne-keuken\\\/de-keuken-van-tony-2\\\/#local-main-organization-logo\"},\"image\":{\"@id\":\"https:\\\/\\\/www.eggo.be\\\/nl\\\/keuken\\\/moderne-keuken\\\/de-keuken-van-tony-2\\\/#local-main-organization-logo\"},\"sameAs\":[\"https:\\\/\\\/www.facebook.com\\\/eggokitchen\",\"https:\\\/\\\/www.linkedin.com\\\/company\\\/eggo\\\/\"],\"description\":\"Des cuisines et meubles de rangement de qualit\u00e9 \u00e0 des prix avantageux ! D\u00e9couvrez nos mod\u00e8les et prenez rendez-vous en ligne dans votre showroom \u00e8ggo.\",\"telephone\":[],\"openingHoursSpecification\":[{\"@type\":\"OpeningHoursSpecification\",\"dayOfWeek\":[\"Monday\",\"Tuesday\",\"Wednesday\",\"Thursday\",\"Friday\",\"Saturday\",\"Sunday\"],\"opens\":\"09:00\",\"closes\":\"17:00\"}]},{\"@type\":\"ImageObject\",\"inLanguage\":\"nl-NL\",\"@id\":\"https:\\\/\\\/www.eggo.be\\\/nl\\\/keuken\\\/moderne-keuken\\\/de-keuken-van-tony-2\\\/#local-main-organization-logo\",\"url\":\"https:\\\/\\\/www.eggo.be\\\/wp-content\\\/uploads\\\/2025\\\/01\\\/Logo.png\",\"contentUrl\":\"https:\\\/\\\/www.eggo.be\\\/wp-content\\\/uploads\\\/2025\\\/01\\\/Logo.png\",\"width\":88,\"height\":88,\"caption\":\"\u00e8ggo\"}]}<\/script>\n<!-- \/ Yoast SEO Premium plugin. -->","yoast_head_json":{"title":"De keuken van Tony - Eggo","description":"Bekijk de keuken van Barbara: een stijlvolle en functionele keuken op maat, ontworpen voor optimaal gebruiksgemak en esthetiek.","robots":{"index":"index","follow":"follow","max-snippet":"max-snippet:-1","max-image-preview":"max-image-preview:large","max-video-preview":"max-video-preview:-1"},"canonical":"https:\/\/www.eggo.be\/nl\/keuken\/moderne-keuken\/de-keuken-van-tony-2\/","og_locale":"nl_NL","og_type":"article","og_title":"De keuken van Tony","og_description":"Bekijk de keuken van Barbara: een stijlvolle en functionele keuken op maat, ontworpen voor optimaal gebruiksgemak en esthetiek.","og_url":"https:\/\/www.eggo.be\/nl\/keuken\/moderne-keuken\/de-keuken-van-tony-2\/","og_site_name":"Eggo","article_publisher":"https:\/\/www.facebook.com\/eggokitchen","article_modified_time":"2026-03-09T12:43:37+00:00","og_image":[{"width":1280,"height":800,"url":"https:\/\/www.eggo.be\/wp-content\/uploads\/2025\/08\/WEB_miysis_3d_eggo_25105NS_wip4-Grande.jpeg","type":"image\/jpeg"}],"twitter_card":"summary_large_image","twitter_misc":{"Geschatte leestijd":"1 minuut"},"schema":{"@context":"https:\/\/schema.org","@graph":[{"@type":"WebPage","@id":"https:\/\/www.eggo.be\/nl\/keuken\/moderne-keuken\/de-keuken-van-tony-2\/","url":"https:\/\/www.eggo.be\/nl\/keuken\/moderne-keuken\/de-keuken-van-tony-2\/","name":"De keuken van Tony - Eggo","isPartOf":{"@id":"https:\/\/www.eggo.be\/nl\/#website"},"primaryImageOfPage":{"@id":"https:\/\/www.eggo.be\/nl\/keuken\/moderne-keuken\/de-keuken-van-tony-2\/#primaryimage"},"image":{"@id":"https:\/\/www.eggo.be\/nl\/keuken\/moderne-keuken\/de-keuken-van-tony-2\/#primaryimage"},"thumbnailUrl":"https:\/\/www.eggo.be\/wp-content\/uploads\/2025\/08\/WEB_miysis_3d_eggo_25105NS_wip4-Grande.jpeg","datePublished":"2025-08-21T11:48:16+00:00","dateModified":"2026-03-09T12:43:37+00:00","description":"Bekijk de keuken van Barbara: een stijlvolle en functionele keuken op maat, ontworpen voor optimaal gebruiksgemak en esthetiek.","breadcrumb":{"@id":"https:\/\/www.eggo.be\/nl\/keuken\/moderne-keuken\/de-keuken-van-tony-2\/#breadcrumb"},"inLanguage":"nl-NL","potentialAction":[{"@type":"ReadAction","target":["https:\/\/www.eggo.be\/nl\/keuken\/moderne-keuken\/de-keuken-van-tony-2\/"]}]},{"@type":"ImageObject","inLanguage":"nl-NL","@id":"https:\/\/www.eggo.be\/nl\/keuken\/moderne-keuken\/de-keuken-van-tony-2\/#primaryimage","url":"https:\/\/www.eggo.be\/wp-content\/uploads\/2025\/08\/WEB_miysis_3d_eggo_25105NS_wip4-Grande.jpeg","contentUrl":"https:\/\/www.eggo.be\/wp-content\/uploads\/2025\/08\/WEB_miysis_3d_eggo_25105NS_wip4-Grande.jpeg","width":1280,"height":800,"caption":"La cuisine de l'appartement Air b&b de Sophie et Alain con\u00e7ue avec la collection Smart d'\u00e8ggo"},{"@type":"BreadcrumbList","@id":"https:\/\/www.eggo.be\/nl\/keuken\/moderne-keuken\/de-keuken-van-tony-2\/#breadcrumb","itemListElement":[{"@type":"ListItem","position":1,"name":"Home","item":"https:\/\/www.eggo.be\/nl\/"},{"@type":"ListItem","position":2,"name":"Keuken","item":"https:\/\/www.eggo.be\/nl\/keuken\/"},{"@type":"ListItem","position":3,"name":"De keuken van Tony"}]},{"@type":"WebSite","@id":"https:\/\/www.eggo.be\/nl\/#website","url":"https:\/\/www.eggo.be\/nl\/","name":"\u00e8ggo","description":"","publisher":{"@id":"https:\/\/www.eggo.be\/nl\/#organization"},"potentialAction":[{"@type":"SearchAction","target":{"@type":"EntryPoint","urlTemplate":"https:\/\/www.eggo.be\/nl\/?s={search_term_string}"},"query-input":{"@type":"PropertyValueSpecification","valueRequired":true,"valueName":"search_term_string"}}],"inLanguage":"nl-NL"},{"@type":["Organization","Place"],"@id":"https:\/\/www.eggo.be\/nl\/#organization","name":"\u00e8ggo","alternateName":"eggo","url":"https:\/\/www.eggo.be\/nl\/","logo":{"@id":"https:\/\/www.eggo.be\/nl\/keuken\/moderne-keuken\/de-keuken-van-tony-2\/#local-main-organization-logo"},"image":{"@id":"https:\/\/www.eggo.be\/nl\/keuken\/moderne-keuken\/de-keuken-van-tony-2\/#local-main-organization-logo"},"sameAs":["https:\/\/www.facebook.com\/eggokitchen","https:\/\/www.linkedin.com\/company\/eggo\/"],"description":"Des cuisines et meubles de rangement de qualit\u00e9 \u00e0 des prix avantageux ! D\u00e9couvrez nos mod\u00e8les et prenez rendez-vous en ligne dans votre showroom \u00e8ggo.","telephone":[],"openingHoursSpecification":[{"@type":"OpeningHoursSpecification","dayOfWeek":["Monday","Tuesday","Wednesday","Thursday","Friday","Saturday","Sunday"],"opens":"09:00","closes":"17:00"}]},{"@type":"ImageObject","inLanguage":"nl-NL","@id":"https:\/\/www.eggo.be\/nl\/keuken\/moderne-keuken\/de-keuken-van-tony-2\/#local-main-organization-logo","url":"https:\/\/www.eggo.be\/wp-content\/uploads\/2025\/01\/Logo.png","contentUrl":"https:\/\/www.eggo.be\/wp-content\/uploads\/2025\/01\/Logo.png","width":88,"height":88,"caption":"\u00e8ggo"}]}},"custom_meta":{"colors":[{"color":"#000000","name":"Unnamed Color","layouts":[{"name":"Unnamed Layout","layout_style_icon":"","layout_image":"","hotspots":[{"_state":"expanded","tooltip_details":{"tooltip_image":""}}]}]}]},"meta_box":{"normal_price":"","price_tva_6":"","price_tva_21":"","discounted_price":"","discounted_price_tva_6":"5390","discounted_price_tva_21":"6218","text_information_side_panel":"","included_in_price_side_panel":"","included_price_items":[{"included_icon":["23576"],"included_text":"Meubels","included_price":"3.323 \u20ac","included_price_21":"3.793 \u20ac"},{"included_icon":["2044"],"included_text":"Toestellen en sanitair","included_price":"2.067 \u20ac","included_price_21":"2.424 \u20ac"}],"show_secondary_items":"1","secondary_included_title":"Optioneel - Kwaliteitsservice van \u00e8ggo","included_price_items_secondary":[{"included_icon_secondary":["8961"],"included_text_secondary":"Opmeting, levering en installatie: wij zorgen voor alles","included_price_21_secondary":"1.129 \u20ac"}],"banner_short_description":"<strong>Een slimme keuken: de ruimte gekozen door Sophie en Alain<\/strong><br>\r\nAlain en Sophie hebben gekozen voor een functionele keuken met een kookeiland waar je je goed voelt. Het palet van lichte tinten zorgt voor helderheid en moderniteit. Het centrale eiland met trendy afgeronde hoeken zorgt voor een vloeiende en ergonomische bewegingsvrijheid. De hangende kasten maken het geheel af en geven het een eigentijdse toets. Dit alles in een toegankelijk ontwerp dat stijl en functionaliteit combineert.","banner_pdf_url":"","promotion_title":"Profiteer van onze condities","post_promotion_description":"\u00c8ggo, het Belgische merk voor betaalbaar design !","promotion_discount":"","linked_promotion":[],"linked_partners":[],"linked_showroom":[],"exhibition_selected":"0","exhibition_more_information_title":"","exhibition_model_detail_title":"","your_advantage":"","promotion_toggle":"0","small_featured_promotion_toggle":"0","promotion_icon":[],"promotion_description":"","promotion_period":"","promotion_link":"","promotion_bg_color":"#ffffff","promotion_text_color":"#fe5000","custom_colors":[{"layouts":[{"hotspots":[{"_state":"expanded"}],"_state":"expanded"}],"_state":"empty"}],"featured_image_hotspots":[],"read_more_content":"","override_widget_settings":"0","show_post_expanded":"0","show_post_title":"0","show_like":"0","show_configuration":"0","show_price":"0","show_old_price":"0","show_eggo_category":"0","show_popup":"0","show_promotion":"0","show_hotspots":"0","responsive_height":"500","responsive_height_tablet":"500","responsive_height_mobile":"500","show_direction_vertical":"0","show_direction_vertical_tablet":"0","show_direction_vertical_mobile":"0","popup_title":"Une cuisine qui vous ressemble","popup_excerpt":"Il y a toujours une cuisine \u00e8ggo au design bien pens\u00e9 pour accueillir toute la famille","popup_cta_text":"D\u00e9couvrir nos cuisines","popup_cta_link":"https:\/\/www.eggo.be\/fr\/cuisine\/","post_title_position_center":"0","title_position_x":"18","title_position_y":"18","title_font_size":"18","hotspots":[{"hotspot_position_x":"50","hotspot_position_y":"50","_state":"expanded"}]},"_links":{"self":[{"href":"https:\/\/www.eggo.be\/nl\/wp-json\/wp\/v2\/cuisines\/40277","targetHints":{"allow":["GET"]}}],"collection":[{"href":"https:\/\/www.eggo.be\/nl\/wp-json\/wp\/v2\/cuisines"}],"about":[{"href":"https:\/\/www.eggo.be\/nl\/wp-json\/wp\/v2\/types\/cuisines"}],"replies":[{"embeddable":true,"href":"https:\/\/www.eggo.be\/nl\/wp-json\/wp\/v2\/comments?post=40277"}],"version-history":[{"count":1,"href":"https:\/\/www.eggo.be\/nl\/wp-json\/wp\/v2\/cuisines\/40277\/revisions"}],"predecessor-version":[{"id":40280,"href":"https:\/\/www.eggo.be\/nl\/wp-json\/wp\/v2\/cuisines\/40277\/revisions\/40280"}],"wp:featuredmedia":[{"embeddable":true,"href":"https:\/\/www.eggo.be\/nl\/wp-json\/wp\/v2\/media\/45314"}],"wp:attachment":[{"href":"https:\/\/www.eggo.be\/nl\/wp-json\/wp\/v2\/media?parent=40277"}],"wp:term":[{"taxonomy":"cuisines_category","embeddable":true,"href":"https:\/\/www.eggo.be\/nl\/wp-json\/wp\/v2\/cuisines_category?post=40277"},{"taxonomy":"cuisines_tag","embeddable":true,"href":"https:\/\/www.eggo.be\/nl\/wp-json\/wp\/v2\/cuisines_tag?post=40277"},{"taxonomy":"post_type_filter","embeddable":true,"href":"https:\/\/www.eggo.be\/nl\/wp-json\/wp\/v2\/post_type_filter?post=40277"},{"taxonomy":"eggo_style_tags","embeddable":true,"href":"https:\/\/www.eggo.be\/nl\/wp-json\/wp\/v2\/eggo_style_tags?post=40277"},{"taxonomy":"eggo_color_tags","embeddable":true,"href":"https:\/\/www.eggo.be\/nl\/wp-json\/wp\/v2\/eggo_color_tags?post=40277"},{"taxonomy":"eggo_material_and_finishes_tags","embeddable":true,"href":"https:\/\/www.eggo.be\/nl\/wp-json\/wp\/v2\/eggo_material_and_finishes_tags?post=40277"},{"taxonomy":"eggo_price_range_tags","embeddable":true,"href":"https:\/\/www.eggo.be\/nl\/wp-json\/wp\/v2\/eggo_price_range_tags?post=40277"},{"taxonomy":"eggo_price_range_tags_21","embeddable":true,"href":"https:\/\/www.eggo.be\/nl\/wp-json\/wp\/v2\/eggo_price_range_tags_21?post=40277"}],"curies":[{"name":"wp","href":"https:\/\/api.w.org\/{rel}","templated":true}]}}