{"id":16384,"date":"2025-03-30T22:40:22","date_gmt":"2025-03-30T22:40:22","guid":{"rendered":"https:\/\/www.eggo.be\/testimonials\/de-keuken-van-naima-en-moussa\/"},"modified":"2025-04-22T08:24:09","modified_gmt":"2025-04-22T08:24:09","slug":"de-keuken-van-naima-en-moussa","status":"publish","type":"testimonials","link":"https:\/\/www.eggo.be\/nl\/getuigenis\/de-keuken-van-naima-en-moussa\/","title":{"rendered":"De keuken van Naima en Moussa"},"content":{"rendered":"\t\t<div data-elementor-type=\"wp-post\" data-elementor-id=\"16384\" class=\"elementor elementor-16384 elementor-15727\" data-elementor-post-type=\"testimonials\">\n\t\t\t\t<div class=\"elementor-element elementor-element-b0c2613 e-flex e-con-boxed e-con e-parent\" data-id=\"b0c2613\" data-element_type=\"container\" data-e-type=\"container\" data-settings=\"{&quot;background_background&quot;:&quot;classic&quot;}\">\n\t\t\t\t\t<div class=\"e-con-inner\">\n\t\t<div class=\"elementor-element elementor-element-e3a8c98 e-con-full e-flex e-con e-child\" data-id=\"e3a8c98\" data-element_type=\"container\" data-e-type=\"container\">\n\t\t\t\t<div class=\"elementor-element elementor-element-43553c6 elementor-widget elementor-widget-heading\" data-id=\"43553c6\" data-element_type=\"widget\" data-e-type=\"widget\" data-widget_type=\"heading.default\">\n\t\t\t\t<div class=\"elementor-widget-container\">\n\t\t\t\t\t<h2 class=\"elementor-heading-title elementor-size-default\">Wat wilden ze graag?<\/h2>\t\t\t\t<\/div>\n\t\t\t\t<\/div>\n\t\t\t\t<div class=\"elementor-element elementor-element-feadd4b elementor-widget elementor-widget-text-editor\" data-id=\"feadd4b\" data-element_type=\"widget\" data-e-type=\"widget\" data-widget_type=\"text-editor.default\">\n\t\t\t\t<div class=\"elementor-widget-container\">\n\t\t\t\t\t\t\t\t\t<p>Dit jonge koppel uit Antwerpen kocht onlangs een huis in het rustige Borsbeek. Ze droomden vooral van een grote keuken met veel ruimte, want die hadden ze echt te kort in hun oude appartement.<\/p>\n<p>Naima is gek op koken en bakken, en de keuken is voor haar het hart van het huis, de belangrijkste ruimte, waar ze enorm veel tijd doorbrengt. Wat Naima en Moussa wilden, is een aangename keuken met industri\u00eble look en veel ruimte om lekkere gerechtjes in klaar te maken. Ze hadden ook een voorkeur voor natuurlijke toetsen met ruwe materialen.<\/p>\n\t\t\t\t\t\t\t\t<\/div>\n\t\t\t\t<\/div>\n\t\t\t\t<\/div>\n\t\t\t\t\t<\/div>\n\t\t\t\t<\/div>\n\t\t<div class=\"elementor-element elementor-element-ce4793c e-flex e-con-boxed e-con e-parent\" data-id=\"ce4793c\" data-element_type=\"container\" data-e-type=\"container\">\n\t\t\t\t\t<div class=\"e-con-inner\">\n\t\t<div class=\"elementor-element elementor-element-72f1879 e-con-full e-flex e-con e-child\" data-id=\"72f1879\" data-element_type=\"container\" data-e-type=\"container\" data-settings=\"{&quot;background_background&quot;:&quot;classic&quot;,&quot;background_motion_fx_motion_fx_scrolling&quot;:&quot;yes&quot;,&quot;background_motion_fx_translateX_effect&quot;:&quot;yes&quot;,&quot;background_motion_fx_translateX_direction&quot;:&quot;negative&quot;,&quot;background_motion_fx_translateX_speed&quot;:{&quot;unit&quot;:&quot;px&quot;,&quot;size&quot;:4,&quot;sizes&quot;:[]},&quot;background_motion_fx_translateX_affectedRange&quot;:{&quot;unit&quot;:&quot;%&quot;,&quot;size&quot;:&quot;&quot;,&quot;sizes&quot;:{&quot;start&quot;:0,&quot;end&quot;:100}},&quot;background_motion_fx_devices&quot;:[&quot;desktop&quot;,&quot;tablet&quot;,&quot;mobile&quot;]}\">\n\t\t\t\t<div class=\"elementor-element elementor-element-5d8a52b elementor-widget elementor-widget-heading\" data-id=\"5d8a52b\" data-element_type=\"widget\" data-e-type=\"widget\" data-widget_type=\"heading.default\">\n\t\t\t\t<div class=\"elementor-widget-container\">\n\t\t\t\t\t<h2 class=\"elementor-heading-title elementor-size-default\">Het resultaat?<\/h2>\t\t\t\t<\/div>\n\t\t\t\t<\/div>\n\t\t\t\t<div class=\"elementor-element elementor-element-7295f4b elementor-widget elementor-widget-text-editor\" data-id=\"7295f4b\" data-element_type=\"widget\" data-e-type=\"widget\" data-widget_type=\"text-editor.default\">\n\t\t\t\t<div class=\"elementor-widget-container\">\n\t\t\t\t\t\t\t\t\t<p>natuurlijke toetsen. Zonder\u00a0<a href=\"\/nl\/keuken\/meubelen\/\">bovenkasten<\/a>\u00a0blijft het geheel licht. De houten tafel zorgt voor dat vleugje ruwe natuur waar ze zo van houden. De afwerking en de elektro van deze keuken zijn voor Naima echte bondgenoten: een makkelijk te onderhouden en krasbestendig werkblad, en een fornuis met 3 ovens van het merk SMEG.<\/p>\t\t\t\t\t\t\t\t<\/div>\n\t\t\t\t<\/div>\n\t\t\t\t<\/div>\n\t\t<div class=\"elementor-element elementor-element-94b7a37 e-con-full e-flex e-con e-child\" data-id=\"94b7a37\" data-element_type=\"container\" data-e-type=\"container\" data-settings=\"{&quot;background_motion_fx_translateX_effect&quot;:&quot;yes&quot;,&quot;background_motion_fx_translateX_direction&quot;:&quot;negative&quot;,&quot;background_motion_fx_translateX_speed&quot;:{&quot;unit&quot;:&quot;px&quot;,&quot;size&quot;:4,&quot;sizes&quot;:[]},&quot;background_motion_fx_translateX_affectedRange&quot;:{&quot;unit&quot;:&quot;%&quot;,&quot;size&quot;:&quot;&quot;,&quot;sizes&quot;:{&quot;start&quot;:0,&quot;end&quot;:100}},&quot;background_motion_fx_devices&quot;:[&quot;desktop&quot;,&quot;tablet&quot;,&quot;mobile&quot;]}\">\n\t\t\t\t<div class=\"elementor-element elementor-element-dc99cb3 elementor-arrows-position-outside large-custom-arrows elementor-widget elementor-widget-image-carousel\" data-id=\"dc99cb3\" data-element_type=\"widget\" data-e-type=\"widget\" data-settings=\"{&quot;slides_to_show&quot;:&quot;1&quot;,&quot;slides_to_show_tablet&quot;:&quot;2&quot;,&quot;slides_to_show_mobile&quot;:&quot;1&quot;,&quot;navigation&quot;:&quot;arrows&quot;,&quot;autoplay&quot;:&quot;yes&quot;,&quot;pause_on_hover&quot;:&quot;yes&quot;,&quot;pause_on_interaction&quot;:&quot;yes&quot;,&quot;autoplay_speed&quot;:5000,&quot;infinite&quot;:&quot;yes&quot;,&quot;effect&quot;:&quot;slide&quot;,&quot;speed&quot;:500,&quot;image_spacing_custom_tablet&quot;:{&quot;unit&quot;:&quot;px&quot;,&quot;size&quot;:&quot;&quot;,&quot;sizes&quot;:[]}}\" data-widget_type=\"image-carousel.default\">\n\t\t\t\t<div class=\"elementor-widget-container\">\n\t\t\t\t\t\t\t<div class=\"elementor-image-carousel-wrapper swiper\" role=\"region\" aria-roledescription=\"carousel\" aria-label=\"Carrousel d\u2019images\" dir=\"ltr\">\n\t\t\t<div class=\"elementor-image-carousel swiper-wrapper swiper-image-stretch\" aria-live=\"off\">\n\t\t\t\t\t\t\t\t<div class=\"swiper-slide\" role=\"group\" aria-roledescription=\"slide\" aria-label=\"1 van 5\"><figure class=\"swiper-slide-inner\"><img decoding=\"async\" class=\"swiper-slide-image\" src=\"https:\/\/www.eggo.be\/wp-content\/uploads\/elementor\/thumbs\/051-rmfzvdez6j7s5rajrm9fqe8lniwrexpx7c45qrfitc.jpg\" alt=\"05(1)\" \/><\/figure><\/div><div class=\"swiper-slide\" role=\"group\" aria-roledescription=\"slide\" aria-label=\"2 van 5\"><figure class=\"swiper-slide-inner\"><img decoding=\"async\" class=\"swiper-slide-image\" src=\"https:\/\/www.eggo.be\/wp-content\/uploads\/elementor\/thumbs\/021-1-rmfzvx5l61ysxkhvkcslor9a4m7gwkwaa1tctkm96o.jpg\" alt=\"02(1)\" \/><\/figure><\/div><div class=\"swiper-slide\" role=\"group\" aria-roledescription=\"slide\" aria-label=\"3 van 5\"><figure class=\"swiper-slide-inner\"><img decoding=\"async\" class=\"swiper-slide-image\" src=\"https:\/\/www.eggo.be\/wp-content\/uploads\/elementor\/thumbs\/031-1-rmfzvte8eptnn4nc6b63es7fr2q01shcxj7ewgrtvk.jpg\" alt=\"03(1)\" \/><\/figure><\/div><div class=\"swiper-slide\" role=\"group\" aria-roledescription=\"slide\" aria-label=\"4 van 5\"><figure class=\"swiper-slide-inner\"><img decoding=\"async\" class=\"swiper-slide-image\" src=\"https:\/\/www.eggo.be\/wp-content\/uploads\/elementor\/thumbs\/041-1-rmfzvjzuidgsf10zp73tpuktt80bwtg1k8ok3p5rls.jpg\" alt=\"04(1)\" \/><\/figure><\/div><div class=\"swiper-slide\" role=\"group\" aria-roledescription=\"slide\" aria-label=\"5 van 5\"><figure class=\"swiper-slide-inner\"><img decoding=\"async\" class=\"swiper-slide-image\" src=\"https:\/\/www.eggo.be\/wp-content\/uploads\/elementor\/thumbs\/051-rmfzvdez6j7s5rajrm9fqe8lniwrexpx7c45qrfitc.jpg\" alt=\"05(1)\" \/><\/figure><\/div>\t\t\t<\/div>\n\t\t\t\t\t\t\t\t\t\t\t\t<div class=\"elementor-swiper-button elementor-swiper-button-prev\" role=\"button\" tabindex=\"0\">\n\t\t\t\t\t\t<svg xmlns=\"http:\/\/www.w3.org\/2000\/svg\" width=\"30\" height=\"30\" viewBox=\"0 0 30 30\" fill=\"none\"><path d=\"M7.35205 13.167L17.1861 3.33295L14.5934 0.740234L0.333323 15.0003L14.5934 29.2602L17.1861 26.6675L7.35205 16.8336H29.6667V13.167H7.35205Z\" fill=\"#6E6809\"><\/path><\/svg>\t\t\t\t\t<\/div>\n\t\t\t\t\t<div class=\"elementor-swiper-button elementor-swiper-button-next\" role=\"button\" tabindex=\"0\">\n\t\t\t\t\t\t<svg xmlns=\"http:\/\/www.w3.org\/2000\/svg\" width=\"30\" height=\"30\" viewBox=\"0 0 30 30\" fill=\"none\"><path d=\"M22.648 13.167L12.814 3.33295L15.4067 0.740234L29.6667 15.0003L15.4067 29.2602L12.814 26.6675L22.648 16.8336H0.333374V13.167H22.648Z\" fill=\"#6E6809\"><\/path><\/svg>\t\t\t\t\t<\/div>\n\t\t\t\t\n\t\t\t\t\t\t\t\t\t<\/div>\n\t\t\t\t\t\t<\/div>\n\t\t\t\t<\/div>\n\t\t\t\t<\/div>\n\t\t\t\t\t<\/div>\n\t\t\t\t<\/div>\n\t\t\t\t<\/div>\n\t\t","protected":false},"excerpt":{"rendered":"<p>Wat wilden ze graag? Dit jonge koppel uit Antwerpen kocht onlangs een huis in het rustige Borsbeek. Ze droomden vooral van een grote keuken met veel ruimte, want die hadden ze echt te kort in hun oude appartement. Naima is gek op koken en bakken, en de keuken is voor haar het hart van het [&hellip;]<\/p>\n","protected":false},"featured_media":15729,"comment_status":"open","ping_status":"closed","template":"","testimonials_category":[153],"testimonials_tag":[],"class_list":["post-16384","testimonials","type-testimonials","status-publish","has-post-thumbnail","hentry","testimonials_category-cuisine-nl"],"yoast_head":"<!-- This site is optimized with the Yoast SEO Premium plugin v26.2 (Yoast SEO v27.4) - https:\/\/yoast.com\/product\/yoast-seo-premium-wordpress\/ -->\n<title>De keuken van Naima en Moussa - Eggo<\/title>\n<meta name=\"robots\" content=\"index, follow, max-snippet:-1, max-image-preview:large, max-video-preview:-1\" \/>\n<link rel=\"canonical\" href=\"https:\/\/www.eggo.be\/nl\/getuigenis\/de-keuken-van-naima-en-moussa\/\" \/>\n<meta property=\"og:locale\" content=\"nl_NL\" \/>\n<meta property=\"og:type\" content=\"article\" \/>\n<meta property=\"og:title\" content=\"De keuken van Naima en Moussa\" \/>\n<meta property=\"og:description\" content=\"Wat wilden ze graag? Dit jonge koppel uit Antwerpen kocht onlangs een huis in het rustige Borsbeek. Ze droomden vooral van een grote keuken met veel ruimte, want die hadden ze echt te kort in hun oude appartement. Naima is gek op koken en bakken, en de keuken is voor haar het hart van het [&hellip;]\" \/>\n<meta property=\"og:url\" content=\"https:\/\/www.eggo.be\/nl\/getuigenis\/de-keuken-van-naima-en-moussa\/\" \/>\n<meta property=\"og:site_name\" content=\"Eggo\" \/>\n<meta property=\"article:publisher\" content=\"https:\/\/www.facebook.com\/eggokitchen\" \/>\n<meta property=\"article:modified_time\" content=\"2025-04-22T08:24:09+00:00\" \/>\n<meta property=\"og:image\" content=\"https:\/\/www.eggo.be\/wp-content\/uploads\/2025\/03\/header_v2-1-1.jpg\" \/>\n\t<meta property=\"og:image:width\" content=\"760\" \/>\n\t<meta property=\"og:image:height\" content=\"521\" \/>\n\t<meta property=\"og:image:type\" content=\"image\/jpeg\" \/>\n<meta name=\"twitter:card\" content=\"summary_large_image\" \/>\n<meta name=\"twitter:label1\" content=\"Geschatte leestijd\" \/>\n\t<meta name=\"twitter:data1\" content=\"3 minuten\" \/>\n<script type=\"application\/ld+json\" class=\"yoast-schema-graph\">{\"@context\":\"https:\\\/\\\/schema.org\",\"@graph\":[{\"@type\":\"WebPage\",\"@id\":\"https:\\\/\\\/www.eggo.be\\\/nl\\\/getuigenis\\\/de-keuken-van-naima-en-moussa\\\/\",\"url\":\"https:\\\/\\\/www.eggo.be\\\/nl\\\/getuigenis\\\/de-keuken-van-naima-en-moussa\\\/\",\"name\":\"De keuken van Naima en Moussa - Eggo\",\"isPartOf\":{\"@id\":\"https:\\\/\\\/www.eggo.be\\\/nl\\\/#website\"},\"primaryImageOfPage\":{\"@id\":\"https:\\\/\\\/www.eggo.be\\\/nl\\\/getuigenis\\\/de-keuken-van-naima-en-moussa\\\/#primaryimage\"},\"image\":{\"@id\":\"https:\\\/\\\/www.eggo.be\\\/nl\\\/getuigenis\\\/de-keuken-van-naima-en-moussa\\\/#primaryimage\"},\"thumbnailUrl\":\"https:\\\/\\\/www.eggo.be\\\/wp-content\\\/uploads\\\/2025\\\/03\\\/header_v2-1-1.jpg\",\"datePublished\":\"2025-03-30T22:40:22+00:00\",\"dateModified\":\"2025-04-22T08:24:09+00:00\",\"breadcrumb\":{\"@id\":\"https:\\\/\\\/www.eggo.be\\\/nl\\\/getuigenis\\\/de-keuken-van-naima-en-moussa\\\/#breadcrumb\"},\"inLanguage\":\"nl-NL\",\"potentialAction\":[{\"@type\":\"ReadAction\",\"target\":[\"https:\\\/\\\/www.eggo.be\\\/nl\\\/getuigenis\\\/de-keuken-van-naima-en-moussa\\\/\"]}]},{\"@type\":\"ImageObject\",\"inLanguage\":\"nl-NL\",\"@id\":\"https:\\\/\\\/www.eggo.be\\\/nl\\\/getuigenis\\\/de-keuken-van-naima-en-moussa\\\/#primaryimage\",\"url\":\"https:\\\/\\\/www.eggo.be\\\/wp-content\\\/uploads\\\/2025\\\/03\\\/header_v2-1-1.jpg\",\"contentUrl\":\"https:\\\/\\\/www.eggo.be\\\/wp-content\\\/uploads\\\/2025\\\/03\\\/header_v2-1-1.jpg\",\"width\":760,\"height\":521},{\"@type\":\"BreadcrumbList\",\"@id\":\"https:\\\/\\\/www.eggo.be\\\/nl\\\/getuigenis\\\/de-keuken-van-naima-en-moussa\\\/#breadcrumb\",\"itemListElement\":[{\"@type\":\"ListItem\",\"position\":1,\"name\":\"Home\",\"item\":\"https:\\\/\\\/www.eggo.be\\\/nl\\\/\"},{\"@type\":\"ListItem\",\"position\":2,\"name\":\"Testimonials\",\"item\":\"https:\\\/\\\/www.eggo.be\\\/nl\\\/getuigenis\\\/\"},{\"@type\":\"ListItem\",\"position\":3,\"name\":\"De keuken van Naima en Moussa\"}]},{\"@type\":\"WebSite\",\"@id\":\"https:\\\/\\\/www.eggo.be\\\/nl\\\/#website\",\"url\":\"https:\\\/\\\/www.eggo.be\\\/nl\\\/\",\"name\":\"\u00e8ggo\",\"description\":\"\",\"publisher\":{\"@id\":\"https:\\\/\\\/www.eggo.be\\\/nl\\\/#organization\"},\"potentialAction\":[{\"@type\":\"SearchAction\",\"target\":{\"@type\":\"EntryPoint\",\"urlTemplate\":\"https:\\\/\\\/www.eggo.be\\\/nl\\\/?s={search_term_string}\"},\"query-input\":{\"@type\":\"PropertyValueSpecification\",\"valueRequired\":true,\"valueName\":\"search_term_string\"}}],\"inLanguage\":\"nl-NL\"},{\"@type\":[\"Organization\",\"Place\"],\"@id\":\"https:\\\/\\\/www.eggo.be\\\/nl\\\/#organization\",\"name\":\"\u00e8ggo\",\"alternateName\":\"eggo\",\"url\":\"https:\\\/\\\/www.eggo.be\\\/nl\\\/\",\"logo\":{\"@id\":\"https:\\\/\\\/www.eggo.be\\\/nl\\\/getuigenis\\\/de-keuken-van-naima-en-moussa\\\/#local-main-organization-logo\"},\"image\":{\"@id\":\"https:\\\/\\\/www.eggo.be\\\/nl\\\/getuigenis\\\/de-keuken-van-naima-en-moussa\\\/#local-main-organization-logo\"},\"sameAs\":[\"https:\\\/\\\/www.facebook.com\\\/eggokitchen\",\"https:\\\/\\\/www.linkedin.com\\\/company\\\/eggo\\\/\"],\"description\":\"Des cuisines et meubles de rangement de qualit\u00e9 \u00e0 des prix avantageux ! D\u00e9couvrez nos mod\u00e8les et prenez rendez-vous en ligne dans votre showroom \u00e8ggo.\",\"telephone\":[],\"openingHoursSpecification\":[{\"@type\":\"OpeningHoursSpecification\",\"dayOfWeek\":[\"Monday\",\"Tuesday\",\"Wednesday\",\"Thursday\",\"Friday\",\"Saturday\",\"Sunday\"],\"opens\":\"09:00\",\"closes\":\"17:00\"}]},{\"@type\":\"ImageObject\",\"inLanguage\":\"nl-NL\",\"@id\":\"https:\\\/\\\/www.eggo.be\\\/nl\\\/getuigenis\\\/de-keuken-van-naima-en-moussa\\\/#local-main-organization-logo\",\"url\":\"https:\\\/\\\/www.eggo.be\\\/wp-content\\\/uploads\\\/2025\\\/01\\\/Logo.png\",\"contentUrl\":\"https:\\\/\\\/www.eggo.be\\\/wp-content\\\/uploads\\\/2025\\\/01\\\/Logo.png\",\"width\":88,\"height\":88,\"caption\":\"\u00e8ggo\"}]}<\/script>\n<!-- \/ Yoast SEO Premium plugin. -->","yoast_head_json":{"title":"De keuken van Naima en Moussa - Eggo","robots":{"index":"index","follow":"follow","max-snippet":"max-snippet:-1","max-image-preview":"max-image-preview:large","max-video-preview":"max-video-preview:-1"},"canonical":"https:\/\/www.eggo.be\/nl\/getuigenis\/de-keuken-van-naima-en-moussa\/","og_locale":"nl_NL","og_type":"article","og_title":"De keuken van Naima en Moussa","og_description":"Wat wilden ze graag? Dit jonge koppel uit Antwerpen kocht onlangs een huis in het rustige Borsbeek. Ze droomden vooral van een grote keuken met veel ruimte, want die hadden ze echt te kort in hun oude appartement. Naima is gek op koken en bakken, en de keuken is voor haar het hart van het [&hellip;]","og_url":"https:\/\/www.eggo.be\/nl\/getuigenis\/de-keuken-van-naima-en-moussa\/","og_site_name":"Eggo","article_publisher":"https:\/\/www.facebook.com\/eggokitchen","article_modified_time":"2025-04-22T08:24:09+00:00","og_image":[{"width":760,"height":521,"url":"https:\/\/www.eggo.be\/wp-content\/uploads\/2025\/03\/header_v2-1-1.jpg","type":"image\/jpeg"}],"twitter_card":"summary_large_image","twitter_misc":{"Geschatte leestijd":"3 minuten"},"schema":{"@context":"https:\/\/schema.org","@graph":[{"@type":"WebPage","@id":"https:\/\/www.eggo.be\/nl\/getuigenis\/de-keuken-van-naima-en-moussa\/","url":"https:\/\/www.eggo.be\/nl\/getuigenis\/de-keuken-van-naima-en-moussa\/","name":"De keuken van Naima en Moussa - Eggo","isPartOf":{"@id":"https:\/\/www.eggo.be\/nl\/#website"},"primaryImageOfPage":{"@id":"https:\/\/www.eggo.be\/nl\/getuigenis\/de-keuken-van-naima-en-moussa\/#primaryimage"},"image":{"@id":"https:\/\/www.eggo.be\/nl\/getuigenis\/de-keuken-van-naima-en-moussa\/#primaryimage"},"thumbnailUrl":"https:\/\/www.eggo.be\/wp-content\/uploads\/2025\/03\/header_v2-1-1.jpg","datePublished":"2025-03-30T22:40:22+00:00","dateModified":"2025-04-22T08:24:09+00:00","breadcrumb":{"@id":"https:\/\/www.eggo.be\/nl\/getuigenis\/de-keuken-van-naima-en-moussa\/#breadcrumb"},"inLanguage":"nl-NL","potentialAction":[{"@type":"ReadAction","target":["https:\/\/www.eggo.be\/nl\/getuigenis\/de-keuken-van-naima-en-moussa\/"]}]},{"@type":"ImageObject","inLanguage":"nl-NL","@id":"https:\/\/www.eggo.be\/nl\/getuigenis\/de-keuken-van-naima-en-moussa\/#primaryimage","url":"https:\/\/www.eggo.be\/wp-content\/uploads\/2025\/03\/header_v2-1-1.jpg","contentUrl":"https:\/\/www.eggo.be\/wp-content\/uploads\/2025\/03\/header_v2-1-1.jpg","width":760,"height":521},{"@type":"BreadcrumbList","@id":"https:\/\/www.eggo.be\/nl\/getuigenis\/de-keuken-van-naima-en-moussa\/#breadcrumb","itemListElement":[{"@type":"ListItem","position":1,"name":"Home","item":"https:\/\/www.eggo.be\/nl\/"},{"@type":"ListItem","position":2,"name":"Testimonials","item":"https:\/\/www.eggo.be\/nl\/getuigenis\/"},{"@type":"ListItem","position":3,"name":"De keuken van Naima en Moussa"}]},{"@type":"WebSite","@id":"https:\/\/www.eggo.be\/nl\/#website","url":"https:\/\/www.eggo.be\/nl\/","name":"\u00e8ggo","description":"","publisher":{"@id":"https:\/\/www.eggo.be\/nl\/#organization"},"potentialAction":[{"@type":"SearchAction","target":{"@type":"EntryPoint","urlTemplate":"https:\/\/www.eggo.be\/nl\/?s={search_term_string}"},"query-input":{"@type":"PropertyValueSpecification","valueRequired":true,"valueName":"search_term_string"}}],"inLanguage":"nl-NL"},{"@type":["Organization","Place"],"@id":"https:\/\/www.eggo.be\/nl\/#organization","name":"\u00e8ggo","alternateName":"eggo","url":"https:\/\/www.eggo.be\/nl\/","logo":{"@id":"https:\/\/www.eggo.be\/nl\/getuigenis\/de-keuken-van-naima-en-moussa\/#local-main-organization-logo"},"image":{"@id":"https:\/\/www.eggo.be\/nl\/getuigenis\/de-keuken-van-naima-en-moussa\/#local-main-organization-logo"},"sameAs":["https:\/\/www.facebook.com\/eggokitchen","https:\/\/www.linkedin.com\/company\/eggo\/"],"description":"Des cuisines et meubles de rangement de qualit\u00e9 \u00e0 des prix avantageux ! D\u00e9couvrez nos mod\u00e8les et prenez rendez-vous en ligne dans votre showroom \u00e8ggo.","telephone":[],"openingHoursSpecification":[{"@type":"OpeningHoursSpecification","dayOfWeek":["Monday","Tuesday","Wednesday","Thursday","Friday","Saturday","Sunday"],"opens":"09:00","closes":"17:00"}]},{"@type":"ImageObject","inLanguage":"nl-NL","@id":"https:\/\/www.eggo.be\/nl\/getuigenis\/de-keuken-van-naima-en-moussa\/#local-main-organization-logo","url":"https:\/\/www.eggo.be\/wp-content\/uploads\/2025\/01\/Logo.png","contentUrl":"https:\/\/www.eggo.be\/wp-content\/uploads\/2025\/01\/Logo.png","width":88,"height":88,"caption":"\u00e8ggo"}]}},"meta_box":{"newly_labeled":"0","promotion_toggle":"0","small_featured_promotion_toggle":"0","promotion_icon":[],"promotion_description":"","promotion_period":"","promotion_link":"","promotion_bg_color":"#ffffff","promotion_text_color":"#fe5000","read_more_content":"","testimonial_text":"Het is dankzij het programma \u201cEen frisse start met vtwonen\u201d, waar \u00e8ggo partner van is, dat <b>Moussa en Naima<\/b> de <b>nieuwe keuken van hun dromen<\/b> hebben kunnen realiseren! Lees hieronder meer over dit mooie project.","author_name":"","testimonial_text_box_toggle":"0","testimonial_promotion_toggle":"0"},"_links":{"self":[{"href":"https:\/\/www.eggo.be\/nl\/wp-json\/wp\/v2\/testimonials\/16384","targetHints":{"allow":["GET"]}}],"collection":[{"href":"https:\/\/www.eggo.be\/nl\/wp-json\/wp\/v2\/testimonials"}],"about":[{"href":"https:\/\/www.eggo.be\/nl\/wp-json\/wp\/v2\/types\/testimonials"}],"replies":[{"embeddable":true,"href":"https:\/\/www.eggo.be\/nl\/wp-json\/wp\/v2\/comments?post=16384"}],"version-history":[{"count":8,"href":"https:\/\/www.eggo.be\/nl\/wp-json\/wp\/v2\/testimonials\/16384\/revisions"}],"predecessor-version":[{"id":32843,"href":"https:\/\/www.eggo.be\/nl\/wp-json\/wp\/v2\/testimonials\/16384\/revisions\/32843"}],"wp:featuredmedia":[{"embeddable":true,"href":"https:\/\/www.eggo.be\/nl\/wp-json\/wp\/v2\/media\/15729"}],"wp:attachment":[{"href":"https:\/\/www.eggo.be\/nl\/wp-json\/wp\/v2\/media?parent=16384"}],"wp:term":[{"taxonomy":"testimonials_category","embeddable":true,"href":"https:\/\/www.eggo.be\/nl\/wp-json\/wp\/v2\/testimonials_category?post=16384"},{"taxonomy":"testimonials_tag","embeddable":true,"href":"https:\/\/www.eggo.be\/nl\/wp-json\/wp\/v2\/testimonials_tag?post=16384"}],"curies":[{"name":"wp","href":"https:\/\/api.w.org\/{rel}","templated":true}]}}